{"id":916,"date":"2025-06-01T10:23:18","date_gmt":"2025-06-01T10:23:18","guid":{"rendered":"https:\/\/beiradouro.pt\/vp\/?page_id=916"},"modified":"2025-06-13T11:14:27","modified_gmt":"2025-06-13T11:14:27","slug":"noticias","status":"publish","type":"page","link":"https:\/\/beiradouro.pt\/vp\/noticias\/","title":{"rendered":"NOTIC\u00cdAS"},"content":{"rendered":"\t\t<div data-elementor-type=\"wp-page\" data-elementor-id=\"916\" class=\"elementor elementor-916\">\n\t\t\t\t<div class=\"aux-parallax-section elementor-element elementor-element-8ccc239 e-flex e-con-boxed e-con e-parent\" data-id=\"8ccc239\" data-element_type=\"container\" data-e-type=\"container\">\n\t\t\t\t\t<div class=\"e-con-inner\">\n\t\t\t\t<div class=\"elementor-element elementor-element-31efc95 elementor-widget elementor-widget-aux_recent_posts\" data-id=\"31efc95\" data-element_type=\"widget\" data-e-type=\"widget\" data-settings=\"{&quot;columns&quot;:&quot;4&quot;,&quot;columns_tablet&quot;:&quot;inherit&quot;,&quot;columns_mobile&quot;:&quot;1&quot;}\" data-widget_type=\"aux_recent_posts.default\">\n\t\t\t\t<div class=\"elementor-widget-container\">\n\t\t\t\t\t<script>auxinNS(\"auxin.content.loadmore.aue958da9f\"); auxin.content.loadmore.aue958da9f={\"nonce\":\"00a2cc6cc0\",\"args\":{\"title\":\"\",\"subtitle\":\"\",\"cat\":[\"19\"],\"num\":\"8\",\"only_posts__in\":\"\",\"include\":\"\",\"exclude\":\"\",\"offset\":\"\",\"paged\":\"\",\"post_type\":\"post\",\"taxonomy_name\":\"category\",\"order_by\":\"date\",\"order\":\"DESC\",\"exclude_without_media\":\"no\",\"exclude_custom_post_formats\":\"no\",\"exclude_quote_link\":null,\"include_post_formats_in\":\"\",\"exclude_post_formats_in\":[],\"size\":\"\",\"display_title\":\"yes\",\"words_num\":\"\",\"show_media\":\"yes\",\"display_like\":\"yes\",\"display_comments\":\"yes\",\"display_categories\":\"yes\",\"max_taxonomy_num\":\"1\",\"show_badge\":\"no\",\"content_layout\":\"default\",\"excerpt_len\":\"160\",\"excerpt_length\":\"\",\"show_excerpt\":\"yes\",\"show_content\":\"yes\",\"show_info\":\"yes\",\"show_format_icon\":\"no\",\"show_date\":\"yes\",\"ignore_formats\":\"no\",\"post_info_position\":\"after-title\",\"author_or_readmore\":\"readmore\",\"image_aspect_ratio\":\"0.75\",\"meta_info_position\":\"after-content\",\"desktop_cnum\":\"4\",\"tablet_cnum\":\"inherit\",\"phone_cnum\":\"1\",\"preview_mode\":\"grid\",\"grid_table_hover\":\"bgimage-bgcolor\",\"tag\":\"\",\"display_author_footer\":null,\"display_author_header\":\"yes\",\"preloadable\":\"no\",\"preload_preview\":null,\"preload_bgcolor\":null,\"extra_classes\":\"\",\"extra_column_classes\":\"\",\"custom_el_id\":\"\",\"carousel_space\":null,\"carousel_autoplay\":null,\"carousel_autoplay_delay\":null,\"carousel_navigation\":null,\"carousel_navigation_control\":null,\"carousel_nav_control_pos\":null,\"carousel_nav_control_skin\":null,\"carousel_loop\":null,\"request_from\":\"\",\"template_part_file\":\"theme-parts\\\/entry\\\/post-column\",\"extra_template_path\":\"\",\"universal_id\":\"aue958da9f\",\"reset_query\":true,\"wp_query_args\":[],\"custom_wp_query\":\"\",\"loadmore_type\":\"next\",\"loadmore_per_page\":\"8\",\"content\":null,\"skip_wrappers\":true,\"content_width\":1600,\"inview_transition\":\"none\",\"inview_duration\":\"\",\"inview_delay\":\"\",\"inview_repeat\":\"no\",\"inview_offset\":\"\",\"called_from\":\"\"},\"handler\":\"aux_recent_posts\",\"per_page\":\"8\"};<\/script><section class=\"widget-container aux-ajax-type-next aux-widget-recent-posts aux-parent-aue958da9f\"><div data-element-id=\"aue958da9f\" class=\"aux-match-height aux-row aux-de-col4 aux-tb-col4 aux-mb-col1 aux-total-8 aux-ajax-view  \"><div class=\"aux-col aux-ajax-item post-1299\">\n                        <article class=\"post column-entry post-1299 type-post status-publish format-standard has-post-thumbnail hentry category-noticias\">\n                                                        <div class=\"entry-media\"><div class=\"aux-media-frame aux-media-image aux-image-mask\"><a href=\"https:\/\/beiradouro.pt\/vp\/2026\/03\/24\/projeto-a-que-cheira-o-douro-reconhecido-a-nivel-europeu\/\"><img decoding=\"async\" src=\"https:\/\/beiradouro.pt\/vp\/wp-content\/uploads\/2026\/03\/Tomate-coracao-Boi-370x278.jpg\" class=\"aux-attachment aux-featured-image attachment-370x277.5 aux-attachment-id-1300 \" alt=\"Tomate cora\u00e7\u00e3o Boi\" srcset=\"https:\/\/beiradouro.pt\/vp\/wp-content\/uploads\/2026\/03\/Tomate-coracao-Boi-150x113.jpg 150w,https:\/\/beiradouro.pt\/vp\/wp-content\/uploads\/2026\/03\/Tomate-coracao-Boi-300x225.jpg 300w,https:\/\/beiradouro.pt\/vp\/wp-content\/uploads\/2026\/03\/Tomate-coracao-Boi-370x278.jpg 370w,https:\/\/beiradouro.pt\/vp\/wp-content\/uploads\/2026\/03\/Tomate-coracao-Boi-482x361.jpg 482w\" data-ratio=\"1.33\" data-original-w=\"492\" sizes=\"(max-width:479px) 480px,(max-width:767px) 768px,(max-width:1023px) 1024px,370px\" \/><\/a><\/div><\/div>\n                            \n                            <div class=\"entry-main\">\n                                                        \n                                <header class=\"entry-header\">\n                                \n                                    <h4 class=\"entry-title\">\n                                        <a href=\"https:\/\/beiradouro.pt\/vp\/2026\/03\/24\/projeto-a-que-cheira-o-douro-reconhecido-a-nivel-europeu\/\">\n                                            Projeto &#8220;A que cheira o Douro&#8221; reconhecido a n\u00edvel europeu.                                        <\/a>\n                                    <\/h4>\n                                                                    <div class=\"entry-format\">\n                                        <a href=\"https:\/\/beiradouro.pt\/vp\/2026\/03\/24\/projeto-a-que-cheira-o-douro-reconhecido-a-nivel-europeu\/\">\n                                            <div class=\"post-format format-\"> <\/div>\n                                        <\/a>\n                                    <\/div>\n                                <\/header>\n                                                            \n                                <div class=\"entry-info\">\n                                                                    <div class=\"entry-date\">\n                                        <a href=\"https:\/\/beiradouro.pt\/vp\/2026\/03\/24\/projeto-a-que-cheira-o-douro-reconhecido-a-nivel-europeu\/\">\n                                            <time datetime=\"2026-03-24T15:07:07+00:00\" title=\"2026-03-24T15:07:07+00:00\" >Mar\u00e7o 24, 2026<\/time>\n                                        <\/a>\n                                    <\/div>\n                                                                                                    <span class=\"entry-meta-sep meta-sep\">by<\/span>\n                                    <span class=\"author vcard\">\n                                        <a href=\"https:\/\/beiradouro.pt\/vp\/author\/beiradouro\/\" rel=\"author\" title=\"View all posts by Beiradouro\" >\n                                            Beiradouro                                        <\/a>\n                                    <\/span>\n                                                                                                    <span class=\"entry-tax \">\n                                        <a href=\"https:\/\/beiradouro.pt\/vp\/category\/noticias\/\" title=\"View all posts in NOTICIAS\" rel=\"category\" >NOTICIAS<\/a>                                    <\/span>\n                                                                                                                                            <\/div>\n                            \n                                                            <div class=\"entry-content\">\n                                                                            <p>\nO projeto \"A que cheira o Douro\" desenvolvido em parceria pelos GAL Beira Douro, Douro Hist\u00f3rico, e Douro Superior, foi reconhecido e partilhado pela EUCAP NET ...<\/p><div class=\"clear\"><\/div>                                <\/div>\n                                                                                        <footer class=\"entry-meta aux-after-content\">\n                                                                        <div class=\"readmore\">\n                                        <a href=\"https:\/\/beiradouro.pt\/vp\/2026\/03\/24\/projeto-a-que-cheira-o-douro-reconhecido-a-nivel-europeu\/\" class=\"aux-read-more\"><span class=\"aux-read-more-text\">Read More<\/span><\/a>\n                                    <\/div>\n                                                                    <\/footer>\n                            \n                            <\/div>\n\n                        <\/article>\n<\/div><div class=\"aux-col aux-ajax-item post-1283\">\n                        <article class=\"post column-entry post-1283 type-post status-publish format-standard has-post-thumbnail hentry category-noticias\">\n                                                        <div class=\"entry-media\"><div class=\"aux-media-frame aux-media-image aux-image-mask\"><a href=\"https:\/\/beiradouro.pt\/vp\/2026\/03\/24\/sessao-de-boas-praticas-inovacoes-no-turismo-e-enoturismo\/\"><img decoding=\"async\" src=\"https:\/\/beiradouro.pt\/vp\/wp-content\/uploads\/2025\/12\/Douro-Empreendedor1-370x278.png\" class=\"aux-attachment aux-featured-image attachment-370x277.5 aux-attachment-id-1227 \" alt=\"Douro Empreendedor1\" srcset=\"https:\/\/beiradouro.pt\/vp\/wp-content\/uploads\/2025\/12\/Douro-Empreendedor1-150x113.png 150w,https:\/\/beiradouro.pt\/vp\/wp-content\/uploads\/2025\/12\/Douro-Empreendedor1-300x225.png 300w,https:\/\/beiradouro.pt\/vp\/wp-content\/uploads\/2025\/12\/Douro-Empreendedor1-768x576.png 768w,https:\/\/beiradouro.pt\/vp\/wp-content\/uploads\/2025\/12\/Douro-Empreendedor1-370x278.png 370w,https:\/\/beiradouro.pt\/vp\/wp-content\/uploads\/2025\/12\/Douro-Empreendedor1-960x720.png 960w\" data-ratio=\"1.33\" data-original-w=\"970\" sizes=\"(max-width:479px) 480px,(max-width:767px) 768px,(max-width:1023px) 1024px,370px\" \/><\/a><\/div><\/div>\n                            \n                            <div class=\"entry-main\">\n                                                        \n                                <header class=\"entry-header\">\n                                \n                                    <h4 class=\"entry-title\">\n                                        <a href=\"https:\/\/beiradouro.pt\/vp\/2026\/03\/24\/sessao-de-boas-praticas-inovacoes-no-turismo-e-enoturismo\/\">\n                                            Sess\u00e3o de Boas Pr\u00e1ticas \u201cInova\u00e7\u00f5es no Turismo e Enoturismo\u201d                                        <\/a>\n                                    <\/h4>\n                                                                    <div class=\"entry-format\">\n                                        <a href=\"https:\/\/beiradouro.pt\/vp\/2026\/03\/24\/sessao-de-boas-praticas-inovacoes-no-turismo-e-enoturismo\/\">\n                                            <div class=\"post-format format-\"> <\/div>\n                                        <\/a>\n                                    <\/div>\n                                <\/header>\n                                                            \n                                <div class=\"entry-info\">\n                                                                    <div class=\"entry-date\">\n                                        <a href=\"https:\/\/beiradouro.pt\/vp\/2026\/03\/24\/sessao-de-boas-praticas-inovacoes-no-turismo-e-enoturismo\/\">\n                                            <time datetime=\"2026-03-24T12:32:03+00:00\" title=\"2026-03-24T12:32:03+00:00\" >Mar\u00e7o 24, 2026<\/time>\n                                        <\/a>\n                                    <\/div>\n                                                                                                    <span class=\"entry-meta-sep meta-sep\">by<\/span>\n                                    <span class=\"author vcard\">\n                                        <a href=\"https:\/\/beiradouro.pt\/vp\/author\/beiradouro\/\" rel=\"author\" title=\"View all posts by Beiradouro\" >\n                                            Beiradouro                                        <\/a>\n                                    <\/span>\n                                                                                                    <span class=\"entry-tax \">\n                                        <a href=\"https:\/\/beiradouro.pt\/vp\/category\/noticias\/\" title=\"View all posts in NOTICIAS\" rel=\"category\" >NOTICIAS<\/a>                                    <\/span>\n                                                                                                                                            <\/div>\n                            \n                                                            <div class=\"entry-content\">\n                                                                            <p>\nRealizou-se no passado dia 17 de mar\u00e7o, a Sess\u00e3o de Boas Pr\u00e1ticas \"Inova\u00e7\u00f5es no Turismo e Enoturismo\", dinamizado pela\u00a0Beira Douro - Associa\u00e7\u00e3o de Desenvolvime ...<\/p><div class=\"clear\"><\/div>                                <\/div>\n                                                                                        <footer class=\"entry-meta aux-after-content\">\n                                                                        <div class=\"readmore\">\n                                        <a href=\"https:\/\/beiradouro.pt\/vp\/2026\/03\/24\/sessao-de-boas-praticas-inovacoes-no-turismo-e-enoturismo\/\" class=\"aux-read-more\"><span class=\"aux-read-more-text\">Read More<\/span><\/a>\n                                    <\/div>\n                                                                    <\/footer>\n                            \n                            <\/div>\n\n                        <\/article>\n<\/div><div class=\"aux-col aux-ajax-item post-1302\">\n                        <article class=\"post column-entry post-1302 type-post status-publish format-standard has-post-thumbnail hentry category-noticias\">\n                                                        <div class=\"entry-media\"><div class=\"aux-media-frame aux-media-image aux-image-mask\"><a href=\"https:\/\/beiradouro.pt\/vp\/2026\/03\/06\/intercambio-de-experiencias-leader-segovia-espanha\/\"><img decoding=\"async\" src=\"https:\/\/beiradouro.pt\/vp\/wp-content\/uploads\/2026\/03\/Logo-LEADER1-370x278.jpg\" class=\"aux-attachment aux-featured-image attachment-370x277.5 aux-attachment-id-1303 \" alt=\"Logo LEADER1\" srcset=\"https:\/\/beiradouro.pt\/vp\/wp-content\/uploads\/2026\/03\/Logo-LEADER1-150x113.jpg 150w,https:\/\/beiradouro.pt\/vp\/wp-content\/uploads\/2026\/03\/Logo-LEADER1-300x225.jpg 300w,https:\/\/beiradouro.pt\/vp\/wp-content\/uploads\/2026\/03\/Logo-LEADER1-768x576.jpg 768w,https:\/\/beiradouro.pt\/vp\/wp-content\/uploads\/2026\/03\/Logo-LEADER1-1024x768.jpg 1024w,https:\/\/beiradouro.pt\/vp\/wp-content\/uploads\/2026\/03\/Logo-LEADER1-370x278.jpg 370w,https:\/\/beiradouro.pt\/vp\/wp-content\/uploads\/2026\/03\/Logo-LEADER1-1590x1192.jpg 1590w\" data-ratio=\"1.33\" data-original-w=\"1600\" sizes=\"(max-width:479px) 480px,(max-width:767px) 768px,(max-width:1023px) 1024px,370px\" \/><\/a><\/div><\/div>\n                            \n                            <div class=\"entry-main\">\n                                                        \n                                <header class=\"entry-header\">\n                                \n                                    <h4 class=\"entry-title\">\n                                        <a href=\"https:\/\/beiradouro.pt\/vp\/2026\/03\/06\/intercambio-de-experiencias-leader-segovia-espanha\/\">\n                                            INTERC\u00c2MBIO DE EXPERI\u00caNCIAS LEADER &#8211; Seg\u00f3via, Espanha .                                        <\/a>\n                                    <\/h4>\n                                                                    <div class=\"entry-format\">\n                                        <a href=\"https:\/\/beiradouro.pt\/vp\/2026\/03\/06\/intercambio-de-experiencias-leader-segovia-espanha\/\">\n                                            <div class=\"post-format format-\"> <\/div>\n                                        <\/a>\n                                    <\/div>\n                                <\/header>\n                                                            \n                                <div class=\"entry-info\">\n                                                                    <div class=\"entry-date\">\n                                        <a href=\"https:\/\/beiradouro.pt\/vp\/2026\/03\/06\/intercambio-de-experiencias-leader-segovia-espanha\/\">\n                                            <time datetime=\"2026-03-06T15:26:21+00:00\" title=\"2026-03-06T15:26:21+00:00\" >Mar\u00e7o 6, 2026<\/time>\n                                        <\/a>\n                                    <\/div>\n                                                                                                    <span class=\"entry-meta-sep meta-sep\">by<\/span>\n                                    <span class=\"author vcard\">\n                                        <a href=\"https:\/\/beiradouro.pt\/vp\/author\/beiradouro\/\" rel=\"author\" title=\"View all posts by Beiradouro\" >\n                                            Beiradouro                                        <\/a>\n                                    <\/span>\n                                                                                                    <span class=\"entry-tax \">\n                                        <a href=\"https:\/\/beiradouro.pt\/vp\/category\/noticias\/\" title=\"View all posts in NOTICIAS\" rel=\"category\" >NOTICIAS<\/a>                                    <\/span>\n                                                                                                                                            <\/div>\n                            \n                                                            <div class=\"entry-content\">\n                                                                            <p>\nA Beira Douro esteve presente no passado dia 03 de mar\u00e7o de 2026, no encontro internacional de coopera\u00e7\u00e3o LEADER organizada pela Red PAC e pelo Ministerio de A ...<\/p><div class=\"clear\"><\/div>                                <\/div>\n                                                                                        <footer class=\"entry-meta aux-after-content\">\n                                                                        <div class=\"readmore\">\n                                        <a href=\"https:\/\/beiradouro.pt\/vp\/2026\/03\/06\/intercambio-de-experiencias-leader-segovia-espanha\/\" class=\"aux-read-more\"><span class=\"aux-read-more-text\">Read More<\/span><\/a>\n                                    <\/div>\n                                                                    <\/footer>\n                            \n                            <\/div>\n\n                        <\/article>\n<\/div><div class=\"aux-col aux-ajax-item post-1237\">\n                        <article class=\"post column-entry post-1237 type-post status-publish format-standard has-post-thumbnail hentry category-noticias\">\n                                                        <div class=\"entry-media\"><div class=\"aux-media-frame aux-media-image aux-image-mask\"><a href=\"https:\/\/beiradouro.pt\/vp\/2026\/01\/29\/acao-de-formacao-planeamento-de-pequenos-negocios\/\"><img decoding=\"async\" src=\"https:\/\/beiradouro.pt\/vp\/wp-content\/uploads\/2025\/12\/Douro-Empreendedor1-370x278.png\" class=\"aux-attachment aux-featured-image attachment-370x277.5 aux-attachment-id-1227 \" alt=\"Douro Empreendedor1\" srcset=\"https:\/\/beiradouro.pt\/vp\/wp-content\/uploads\/2025\/12\/Douro-Empreendedor1-150x113.png 150w,https:\/\/beiradouro.pt\/vp\/wp-content\/uploads\/2025\/12\/Douro-Empreendedor1-300x225.png 300w,https:\/\/beiradouro.pt\/vp\/wp-content\/uploads\/2025\/12\/Douro-Empreendedor1-768x576.png 768w,https:\/\/beiradouro.pt\/vp\/wp-content\/uploads\/2025\/12\/Douro-Empreendedor1-370x278.png 370w,https:\/\/beiradouro.pt\/vp\/wp-content\/uploads\/2025\/12\/Douro-Empreendedor1-960x720.png 960w\" data-ratio=\"1.33\" data-original-w=\"970\" sizes=\"(max-width:479px) 480px,(max-width:767px) 768px,(max-width:1023px) 1024px,370px\" \/><\/a><\/div><\/div>\n                            \n                            <div class=\"entry-main\">\n                                                        \n                                <header class=\"entry-header\">\n                                \n                                    <h4 class=\"entry-title\">\n                                        <a href=\"https:\/\/beiradouro.pt\/vp\/2026\/01\/29\/acao-de-formacao-planeamento-de-pequenos-negocios\/\">\n                                            A\u00e7\u00e3o de Forma\u00e7\u00e3o &#8211; Planeamento de Pequenos Neg\u00f3cios                                        <\/a>\n                                    <\/h4>\n                                                                    <div class=\"entry-format\">\n                                        <a href=\"https:\/\/beiradouro.pt\/vp\/2026\/01\/29\/acao-de-formacao-planeamento-de-pequenos-negocios\/\">\n                                            <div class=\"post-format format-\"> <\/div>\n                                        <\/a>\n                                    <\/div>\n                                <\/header>\n                                                            \n                                <div class=\"entry-info\">\n                                                                    <div class=\"entry-date\">\n                                        <a href=\"https:\/\/beiradouro.pt\/vp\/2026\/01\/29\/acao-de-formacao-planeamento-de-pequenos-negocios\/\">\n                                            <time datetime=\"2026-01-29T11:02:00+00:00\" title=\"2026-01-29T11:02:00+00:00\" >Janeiro 29, 2026<\/time>\n                                        <\/a>\n                                    <\/div>\n                                                                                                    <span class=\"entry-meta-sep meta-sep\">by<\/span>\n                                    <span class=\"author vcard\">\n                                        <a href=\"https:\/\/beiradouro.pt\/vp\/author\/beiradouro\/\" rel=\"author\" title=\"View all posts by Beiradouro\" >\n                                            Beiradouro                                        <\/a>\n                                    <\/span>\n                                                                                                    <span class=\"entry-tax \">\n                                        <a href=\"https:\/\/beiradouro.pt\/vp\/category\/noticias\/\" title=\"View all posts in NOTICIAS\" rel=\"category\" >NOTICIAS<\/a>                                    <\/span>\n                                                                                                                                            <\/div>\n                            \n                                                            <div class=\"entry-content\">\n                                                                            <p>\nNo pr\u00f3ximo dia&nbsp;11 de fevereiro, \u00e0s 10h, realiza-se a a\u00e7\u00e3o de forma\u00e7\u00e3o online&nbsp;\u201cPlaneamento de Pequenos Neg\u00f3cios\u201d, dinamizado pela&nbsp;Douro&nbsp;Supe ...<\/p><div class=\"clear\"><\/div>                                <\/div>\n                                                                                        <footer class=\"entry-meta aux-after-content\">\n                                                                        <div class=\"readmore\">\n                                        <a href=\"https:\/\/beiradouro.pt\/vp\/2026\/01\/29\/acao-de-formacao-planeamento-de-pequenos-negocios\/\" class=\"aux-read-more\"><span class=\"aux-read-more-text\">Read More<\/span><\/a>\n                                    <\/div>\n                                                                    <\/footer>\n                            \n                            <\/div>\n\n                        <\/article>\n<\/div><div class=\"aux-col aux-ajax-item post-1235\">\n                        <article class=\"post column-entry post-1235 type-post status-publish format-standard has-post-thumbnail hentry category-noticias\">\n                                                        <div class=\"entry-media\"><div class=\"aux-media-frame aux-media-image aux-image-mask\"><a href=\"https:\/\/beiradouro.pt\/vp\/2025\/12\/05\/aviso-da-d-1-1-1-1-com-elevada-procura\/\"><img decoding=\"async\" src=\"https:\/\/beiradouro.pt\/vp\/wp-content\/uploads\/2025\/09\/LogotipoPEPACHorizontal_cor2-370x278.png\" class=\"aux-attachment aux-featured-image attachment-370x277.5 aux-attachment-id-1107 \" alt=\"LogotipoPEPACHorizontal_cor2\" srcset=\"https:\/\/beiradouro.pt\/vp\/wp-content\/uploads\/2025\/09\/LogotipoPEPACHorizontal_cor2-150x113.png 150w,https:\/\/beiradouro.pt\/vp\/wp-content\/uploads\/2025\/09\/LogotipoPEPACHorizontal_cor2-300x225.png 300w,https:\/\/beiradouro.pt\/vp\/wp-content\/uploads\/2025\/09\/LogotipoPEPACHorizontal_cor2-768x576.png 768w,https:\/\/beiradouro.pt\/vp\/wp-content\/uploads\/2025\/09\/LogotipoPEPACHorizontal_cor2-1024x768.png 1024w,https:\/\/beiradouro.pt\/vp\/wp-content\/uploads\/2025\/09\/LogotipoPEPACHorizontal_cor2-370x278.png 370w,https:\/\/beiradouro.pt\/vp\/wp-content\/uploads\/2025\/09\/LogotipoPEPACHorizontal_cor2-2110x1582.png 2110w\" data-ratio=\"1.33\" data-original-w=\"2120\" sizes=\"(max-width:479px) 480px,(max-width:767px) 768px,(max-width:1023px) 1024px,370px\" \/><\/a><\/div><\/div>\n                            \n                            <div class=\"entry-main\">\n                                                        \n                                <header class=\"entry-header\">\n                                \n                                    <h4 class=\"entry-title\">\n                                        <a href=\"https:\/\/beiradouro.pt\/vp\/2025\/12\/05\/aviso-da-d-1-1-1-1-com-elevada-procura\/\">\n                                            Aviso Pequenos investimentos na explora\u00e7\u00e3o agr\u00edcola com elevada procura.                                        <\/a>\n                                    <\/h4>\n                                                                    <div class=\"entry-format\">\n                                        <a href=\"https:\/\/beiradouro.pt\/vp\/2025\/12\/05\/aviso-da-d-1-1-1-1-com-elevada-procura\/\">\n                                            <div class=\"post-format format-\"> <\/div>\n                                        <\/a>\n                                    <\/div>\n                                <\/header>\n                                                            \n                                <div class=\"entry-info\">\n                                                                    <div class=\"entry-date\">\n                                        <a href=\"https:\/\/beiradouro.pt\/vp\/2025\/12\/05\/aviso-da-d-1-1-1-1-com-elevada-procura\/\">\n                                            <time datetime=\"2025-12-05T10:48:00+00:00\" title=\"2025-12-05T10:48:00+00:00\" >Dezembro 5, 2025<\/time>\n                                        <\/a>\n                                    <\/div>\n                                                                                                    <span class=\"entry-meta-sep meta-sep\">by<\/span>\n                                    <span class=\"author vcard\">\n                                        <a href=\"https:\/\/beiradouro.pt\/vp\/author\/beiradouro\/\" rel=\"author\" title=\"View all posts by Beiradouro\" >\n                                            Beiradouro                                        <\/a>\n                                    <\/span>\n                                                                                                    <span class=\"entry-tax \">\n                                        <a href=\"https:\/\/beiradouro.pt\/vp\/category\/noticias\/\" title=\"View all posts in NOTICIAS\" rel=\"category\" >NOTICIAS<\/a>                                    <\/span>\n                                                                                                                                            <\/div>\n                            \n                                                            <div class=\"entry-content\">\n                                                                            <p>\nO encerramento do aviso de candidaturas \u00e0 Interven\u00e7\u00e3o D.1.1.1.1. - Pequenos investimentos na explora\u00e7\u00e3o agr\u00edcola, revelou uma elevada ades\u00e3o por parte do terri ...<\/p><div class=\"clear\"><\/div>                                <\/div>\n                                                                                        <footer class=\"entry-meta aux-after-content\">\n                                                                        <div class=\"readmore\">\n                                        <a href=\"https:\/\/beiradouro.pt\/vp\/2025\/12\/05\/aviso-da-d-1-1-1-1-com-elevada-procura\/\" class=\"aux-read-more\"><span class=\"aux-read-more-text\">Read More<\/span><\/a>\n                                    <\/div>\n                                                                    <\/footer>\n                            \n                            <\/div>\n\n                        <\/article>\n<\/div><div class=\"aux-col aux-ajax-item post-1225\">\n                        <article class=\"post column-entry post-1225 type-post status-publish format-standard has-post-thumbnail hentry category-noticias\">\n                                                        <div class=\"entry-media\"><div class=\"aux-media-frame aux-media-image aux-image-mask\"><a href=\"https:\/\/beiradouro.pt\/vp\/2025\/12\/02\/webinar-inteligencia-artificial\/\"><img decoding=\"async\" src=\"https:\/\/beiradouro.pt\/vp\/wp-content\/uploads\/2025\/12\/Douro-Empreendedor1-370x278.png\" class=\"aux-attachment aux-featured-image attachment-370x277.5 aux-attachment-id-1227 \" alt=\"Douro Empreendedor1\" srcset=\"https:\/\/beiradouro.pt\/vp\/wp-content\/uploads\/2025\/12\/Douro-Empreendedor1-150x113.png 150w,https:\/\/beiradouro.pt\/vp\/wp-content\/uploads\/2025\/12\/Douro-Empreendedor1-300x225.png 300w,https:\/\/beiradouro.pt\/vp\/wp-content\/uploads\/2025\/12\/Douro-Empreendedor1-768x576.png 768w,https:\/\/beiradouro.pt\/vp\/wp-content\/uploads\/2025\/12\/Douro-Empreendedor1-370x278.png 370w,https:\/\/beiradouro.pt\/vp\/wp-content\/uploads\/2025\/12\/Douro-Empreendedor1-960x720.png 960w\" data-ratio=\"1.33\" data-original-w=\"970\" sizes=\"(max-width:479px) 480px,(max-width:767px) 768px,(max-width:1023px) 1024px,370px\" \/><\/a><\/div><\/div>\n                            \n                            <div class=\"entry-main\">\n                                                        \n                                <header class=\"entry-header\">\n                                \n                                    <h4 class=\"entry-title\">\n                                        <a href=\"https:\/\/beiradouro.pt\/vp\/2025\/12\/02\/webinar-inteligencia-artificial\/\">\n                                            Webinar &#8211; Intelig\u00eancia Artificial                                        <\/a>\n                                    <\/h4>\n                                                                    <div class=\"entry-format\">\n                                        <a href=\"https:\/\/beiradouro.pt\/vp\/2025\/12\/02\/webinar-inteligencia-artificial\/\">\n                                            <div class=\"post-format format-\"> <\/div>\n                                        <\/a>\n                                    <\/div>\n                                <\/header>\n                                                            \n                                <div class=\"entry-info\">\n                                                                    <div class=\"entry-date\">\n                                        <a href=\"https:\/\/beiradouro.pt\/vp\/2025\/12\/02\/webinar-inteligencia-artificial\/\">\n                                            <time datetime=\"2025-12-02T15:00:17+00:00\" title=\"2025-12-02T15:00:17+00:00\" >Dezembro 2, 2025<\/time>\n                                        <\/a>\n                                    <\/div>\n                                                                                                    <span class=\"entry-meta-sep meta-sep\">by<\/span>\n                                    <span class=\"author vcard\">\n                                        <a href=\"https:\/\/beiradouro.pt\/vp\/author\/beiradouro\/\" rel=\"author\" title=\"View all posts by Beiradouro\" >\n                                            Beiradouro                                        <\/a>\n                                    <\/span>\n                                                                                                    <span class=\"entry-tax \">\n                                        <a href=\"https:\/\/beiradouro.pt\/vp\/category\/noticias\/\" title=\"View all posts in NOTICIAS\" rel=\"category\" >NOTICIAS<\/a>                                    <\/span>\n                                                                                                                                            <\/div>\n                            \n                                                            <div class=\"entry-content\">\n                                                                            <p>\nNo \u00e2mbito do projeto de Capacita\u00e7\u00e3o de Entidades Territoriais de Suporte \u00e0 Dinamiza\u00e7\u00e3o do Emprego e do Empreendedorismo, a Beira Douro ir\u00e1 realizar com o apoio ...<\/p><div class=\"clear\"><\/div>                                <\/div>\n                                                                                        <footer class=\"entry-meta aux-after-content\">\n                                                                        <div class=\"readmore\">\n                                        <a href=\"https:\/\/beiradouro.pt\/vp\/2025\/12\/02\/webinar-inteligencia-artificial\/\" class=\"aux-read-more\"><span class=\"aux-read-more-text\">Read More<\/span><\/a>\n                                    <\/div>\n                                                                    <\/footer>\n                            \n                            <\/div>\n\n                        <\/article>\n<\/div><div class=\"aux-col aux-ajax-item post-1126\">\n                        <article class=\"post column-entry post-1126 type-post status-publish format-standard has-post-thumbnail hentry category-noticias\">\n                                                        <div class=\"entry-media\"><div class=\"aux-media-frame aux-media-image aux-image-mask\"><a href=\"https:\/\/beiradouro.pt\/vp\/2025\/10\/30\/sessoes-divulgacao-norte2030\/\"><img decoding=\"async\" src=\"https:\/\/beiradouro.pt\/vp\/wp-content\/uploads\/2025\/10\/NORTE2030-370x278.jpg\" class=\"aux-attachment aux-featured-image attachment-370x277.5 aux-attachment-id-1214 \" alt=\"NORTE2030\" srcset=\"https:\/\/beiradouro.pt\/vp\/wp-content\/uploads\/2025\/10\/NORTE2030-150x113.jpg 150w,https:\/\/beiradouro.pt\/vp\/wp-content\/uploads\/2025\/10\/NORTE2030-300x225.jpg 300w,https:\/\/beiradouro.pt\/vp\/wp-content\/uploads\/2025\/10\/NORTE2030-370x278.jpg 370w,https:\/\/beiradouro.pt\/vp\/wp-content\/uploads\/2025\/10\/NORTE2030-665x498.jpg 665w\" data-ratio=\"1.33\" data-original-w=\"675\" sizes=\"(max-width:479px) 480px,(max-width:767px) 768px,(max-width:1023px) 1024px,370px\" \/><\/a><\/div><\/div>\n                            \n                            <div class=\"entry-main\">\n                                                        \n                                <header class=\"entry-header\">\n                                \n                                    <h4 class=\"entry-title\">\n                                        <a href=\"https:\/\/beiradouro.pt\/vp\/2025\/10\/30\/sessoes-divulgacao-norte2030\/\">\n                                            Sess\u00f5es Divulga\u00e7\u00e3o &#8211; NORTE2030                                        <\/a>\n                                    <\/h4>\n                                                                    <div class=\"entry-format\">\n                                        <a href=\"https:\/\/beiradouro.pt\/vp\/2025\/10\/30\/sessoes-divulgacao-norte2030\/\">\n                                            <div class=\"post-format format-\"> <\/div>\n                                        <\/a>\n                                    <\/div>\n                                <\/header>\n                                                            \n                                <div class=\"entry-info\">\n                                                                    <div class=\"entry-date\">\n                                        <a href=\"https:\/\/beiradouro.pt\/vp\/2025\/10\/30\/sessoes-divulgacao-norte2030\/\">\n                                            <time datetime=\"2025-10-30T08:51:33+00:00\" title=\"2025-10-30T08:51:33+00:00\" >Outubro 30, 2025<\/time>\n                                        <\/a>\n                                    <\/div>\n                                                                                                    <span class=\"entry-meta-sep meta-sep\">by<\/span>\n                                    <span class=\"author vcard\">\n                                        <a href=\"https:\/\/beiradouro.pt\/vp\/author\/beiradouro\/\" rel=\"author\" title=\"View all posts by Beiradouro\" >\n                                            Beiradouro                                        <\/a>\n                                    <\/span>\n                                                                                                    <span class=\"entry-tax \">\n                                        <a href=\"https:\/\/beiradouro.pt\/vp\/category\/noticias\/\" title=\"View all posts in NOTICIAS\" rel=\"category\" >NOTICIAS<\/a>                                    <\/span>\n                                                                                                                                            <\/div>\n                            \n                                                            <div class=\"entry-content\">\n                                                                            <p>\nNo \u00e2mbito do projeto de Capacita\u00e7\u00e3o de Entidades Territoriais de Suporte \u00e0 Dinamiza\u00e7\u00e3o do Emprego e do Empreendedorismo, a Beira Douro promoveu no seu territ\u00f3r ...<\/p><div class=\"clear\"><\/div>                                <\/div>\n                                                                                        <footer class=\"entry-meta aux-after-content\">\n                                                                        <div class=\"readmore\">\n                                        <a href=\"https:\/\/beiradouro.pt\/vp\/2025\/10\/30\/sessoes-divulgacao-norte2030\/\" class=\"aux-read-more\"><span class=\"aux-read-more-text\">Read More<\/span><\/a>\n                                    <\/div>\n                                                                    <\/footer>\n                            \n                            <\/div>\n\n                        <\/article>\n<\/div><div class=\"aux-col aux-ajax-item post-1215\">\n                        <article class=\"post column-entry post-1215 type-post status-publish format-standard has-post-thumbnail hentry category-noticias\">\n                                                        <div class=\"entry-media\"><div class=\"aux-media-frame aux-media-image aux-image-mask\"><a href=\"https:\/\/beiradouro.pt\/vp\/2025\/10\/28\/apresentada-execucao-pdr2020\/\"><img decoding=\"async\" src=\"https:\/\/beiradouro.pt\/vp\/wp-content\/uploads\/2025\/06\/pdr2020-1-370x278.jpg\" class=\"aux-attachment aux-featured-image attachment-370x277.5 aux-attachment-id-1023 \" alt=\"pdr2020\" srcset=\"https:\/\/beiradouro.pt\/vp\/wp-content\/uploads\/2025\/06\/pdr2020-1-150x113.jpg 150w,https:\/\/beiradouro.pt\/vp\/wp-content\/uploads\/2025\/06\/pdr2020-1-300x225.jpg 300w,https:\/\/beiradouro.pt\/vp\/wp-content\/uploads\/2025\/06\/pdr2020-1-370x278.jpg 370w,https:\/\/beiradouro.pt\/vp\/wp-content\/uploads\/2025\/06\/pdr2020-1-640x480.jpg 640w\" data-ratio=\"1.33\" data-original-w=\"650\" sizes=\"(max-width:479px) 480px,(max-width:767px) 768px,(max-width:1023px) 1024px,370px\" \/><\/a><\/div><\/div>\n                            \n                            <div class=\"entry-main\">\n                                                        \n                                <header class=\"entry-header\">\n                                \n                                    <h4 class=\"entry-title\">\n                                        <a href=\"https:\/\/beiradouro.pt\/vp\/2025\/10\/28\/apresentada-execucao-pdr2020\/\">\n                                            Apresentada Execu\u00e7\u00e3o PDR2020                                        <\/a>\n                                    <\/h4>\n                                                                    <div class=\"entry-format\">\n                                        <a href=\"https:\/\/beiradouro.pt\/vp\/2025\/10\/28\/apresentada-execucao-pdr2020\/\">\n                                            <div class=\"post-format format-\"> <\/div>\n                                        <\/a>\n                                    <\/div>\n                                <\/header>\n                                                            \n                                <div class=\"entry-info\">\n                                                                    <div class=\"entry-date\">\n                                        <a href=\"https:\/\/beiradouro.pt\/vp\/2025\/10\/28\/apresentada-execucao-pdr2020\/\">\n                                            <time datetime=\"2025-10-28T10:25:05+00:00\" title=\"2025-10-28T10:25:05+00:00\" >Outubro 28, 2025<\/time>\n                                        <\/a>\n                                    <\/div>\n                                                                                                    <span class=\"entry-meta-sep meta-sep\">by<\/span>\n                                    <span class=\"author vcard\">\n                                        <a href=\"https:\/\/beiradouro.pt\/vp\/author\/beiradouro\/\" rel=\"author\" title=\"View all posts by Beiradouro\" >\n                                            Beiradouro                                        <\/a>\n                                    <\/span>\n                                                                                                    <span class=\"entry-tax \">\n                                        <a href=\"https:\/\/beiradouro.pt\/vp\/category\/noticias\/\" title=\"View all posts in NOTICIAS\" rel=\"category\" >NOTICIAS<\/a>                                    <\/span>\n                                                                                                                                            <\/div>\n                            \n                                                            <div class=\"entry-content\">\n                                                                            <p>\nDecorreu, em Silves, a 23 de Outubro a 11\u00aa reuni\u00e3o de acompanhamento do PDR2020.Nessa reuni\u00e3o, foram apresentados dados estat\u00edsticos sobre a execu\u00e7\u00e3o das v\u00e1ria ...<\/p><div class=\"clear\"><\/div>                                <\/div>\n                                                                                        <footer class=\"entry-meta aux-after-content\">\n                                                                        <div class=\"readmore\">\n                                        <a href=\"https:\/\/beiradouro.pt\/vp\/2025\/10\/28\/apresentada-execucao-pdr2020\/\" class=\"aux-read-more\"><span class=\"aux-read-more-text\">Read More<\/span><\/a>\n                                    <\/div>\n                                                                    <\/footer>\n                            \n                            <\/div>\n\n                        <\/article>\n<\/div><\/div>\n        <div class=\"aux-ajax-controller\">\n            <nav class=\"aux-load-more center\">\n              <svg class=\"aux-circle\" width=\"100%\" height=\"100%\" viewBox=\"0 0 102 102\">\n                <circle class=\"aux-progress-bg\" r=\"50\" cx=\"51\" cy=\"51\" fill=\"none\" transform=\"rotate(-90 51 51)\"><\/circle>\n                <circle class=\"aux-progress\" r=\"50\" cx=\"51\" cy=\"51\" fill=\"none\" transform=\"rotate(-90 51 51)\"><\/circle>\n              <\/svg>\n              <div class=\"aux-label-text\">LOAD MORE<\/div>\n              <span class=\"aux-loading-label\">LOADING<\/span>\n            <\/nav>\n        <\/div><\/section><!-- widget-container -->\t\t\t\t<\/div>\n\t\t\t\t<\/div>\n\t\t\t\t\t<\/div>\n\t\t\t\t<\/div>\n\t\t\t\t<\/div>\n\t\t","protected":false},"excerpt":{"rendered":"<p>Portaria dos apoios LEADER Junho 1, 2025 by admin NOTICIAS | Edit Portaria n.\u00ba 247\/2025\/1, de 30 de maio Sum\u00e1rio:&nbsp;Estabelece o regime espec\u00edfico da tipologia D.1.1.1, \u00abImplementa\u00e7\u00e3o das estrat\u00e9gias\u00bb, inte grada na int &#8230; Read More Portaria n.\u00ba 247\/2025\/1, de 30 de maio v2 Junho 1, 2025 by admin NOTICIAS | Edit Portaria n.\u00ba 247\/2025\/1, [&hellip;]<\/p>\n","protected":false},"author":2,"featured_media":0,"parent":0,"menu_order":0,"comment_status":"closed","ping_status":"closed","template":"","meta":{"footnotes":""},"class_list":["post-916","page","type-page","status-publish","hentry"],"_links":{"self":[{"href":"https:\/\/beiradouro.pt\/vp\/wp-json\/wp\/v2\/pages\/916","targetHints":{"allow":["GET"]}}],"collection":[{"href":"https:\/\/beiradouro.pt\/vp\/wp-json\/wp\/v2\/pages"}],"about":[{"href":"https:\/\/beiradouro.pt\/vp\/wp-json\/wp\/v2\/types\/page"}],"author":[{"embeddable":true,"href":"https:\/\/beiradouro.pt\/vp\/wp-json\/wp\/v2\/users\/2"}],"replies":[{"embeddable":true,"href":"https:\/\/beiradouro.pt\/vp\/wp-json\/wp\/v2\/comments?post=916"}],"version-history":[{"count":6,"href":"https:\/\/beiradouro.pt\/vp\/wp-json\/wp\/v2\/pages\/916\/revisions"}],"predecessor-version":[{"id":979,"href":"https:\/\/beiradouro.pt\/vp\/wp-json\/wp\/v2\/pages\/916\/revisions\/979"}],"wp:attachment":[{"href":"https:\/\/beiradouro.pt\/vp\/wp-json\/wp\/v2\/media?parent=916"}],"curies":[{"name":"wp","href":"https:\/\/api.w.org\/{rel}","templated":true}]}}