{"id":578,"date":"2025-06-01T21:57:55","date_gmt":"2025-06-01T21:57:55","guid":{"rendered":"https:\/\/personal.pt\/vp\/?page_id=578"},"modified":"2025-11-13T10:12:58","modified_gmt":"2025-11-13T10:12:58","slug":"de-historias-de-sucesso","status":"publish","type":"page","link":"https:\/\/beiradouro.pt\/vp\/douro-empreendedor\/de-historias-de-sucesso\/","title":{"rendered":"Hist\u00f3rias de Sucesso"},"content":{"rendered":"\t\t<div data-elementor-type=\"wp-page\" data-elementor-id=\"578\" class=\"elementor elementor-578\">\n\t\t\t\t<div class=\"aux-parallax-section elementor-element elementor-element-d2c3364 e-flex e-con-boxed e-con e-parent\" data-id=\"d2c3364\" data-element_type=\"container\" data-e-type=\"container\">\n\t\t\t\t\t<div class=\"e-con-inner\">\n\t\t\t\t<div class=\"elementor-element elementor-element-9046a8a aux-appear-watch-animation aux-fade-in-up-1 elementor-widget elementor-widget-aux_modern_heading\" data-id=\"9046a8a\" data-element_type=\"widget\" data-e-type=\"widget\" data-widget_type=\"aux_modern_heading.default\">\n\t\t\t\t<div class=\"elementor-widget-container\">\n\t\t\t\t\t<section class=\"aux-widget-modern-heading\">\n            <div class=\"aux-widget-inner\"><h2 class=\"aux-modern-heading-primary\">A\u00c7\u00c3O 3.2 \u2013 CHANGE EXPERIENCES<\/h2><div class=\"aux-modern-heading-divider\"><\/div><div class=\"aux-modern-heading-description\"><p>Tem por objetivo compartilhar experi\u00eancias e metodologias pr\u00e1ticas que j\u00e1 demonstraram resultados positivos em contextos semelhantes, permitindo que os participantes adaptem e implementem essas estrat\u00e9gias nas suas realidades.<\/p><\/div><\/div>\n        <\/section>\t\t\t\t<\/div>\n\t\t\t\t<\/div>\n\t\t\t\t<div class=\"elementor-element elementor-element-38093af aux-appear-watch-animation aux-fade-in-up-1 elementor-widget elementor-widget-text-editor\" data-id=\"38093af\" data-element_type=\"widget\" data-e-type=\"widget\" data-widget_type=\"text-editor.default\">\n\t\t\t\t<div class=\"elementor-widget-container\">\n\t\t\t\t\t\t\t\t\t<p><strong>CE26.<\/strong> Desafios para o empreendedorismo e empreendedorismo jovem<\/p><p><em>\u00a0\u00a0\u00a0\u00a0\u00a0 Data prevista de Realiza\u00e7\u00e3o: 2\u00ba Trimestre 2026<\/em><\/p><p>\u00a0<\/p><p><strong>CE27.<\/strong> E-commerce e desafios da IA<\/p><p><em>\u00a0\u00a0\u00a0\u00a0\u00a0 Data prevista de Realiza\u00e7\u00e3o: 2\u00ba trimestre 2027<\/em><\/p><p><em>\u00a0<\/em><\/p><p><strong>CE28.<\/strong> Mulheres empreendedores na Lideran\u00e7a<\/p><p><em>\u00a0\u00a0\u00a0\u00a0\u00a0 Data prevista de Realiza\u00e7\u00e3o: 4\u00ba Trimestre 2027<\/em><\/p>\t\t\t\t\t\t\t\t<\/div>\n\t\t\t\t<\/div>\n\t\t\t\t<div class=\"elementor-element elementor-element-0a2a334 elementor-widget-divider--view-line_icon elementor-view-default elementor-widget-divider--element-align-center elementor-widget elementor-widget-divider\" data-id=\"0a2a334\" data-element_type=\"widget\" data-e-type=\"widget\" data-widget_type=\"divider.default\">\n\t\t\t\t<div class=\"elementor-widget-container\">\n\t\t\t\t\t\t\t<div class=\"elementor-divider\">\n\t\t\t<span class=\"elementor-divider-separator\">\n\t\t\t\t\t\t\t<div class=\"elementor-icon elementor-divider__element\">\n\t\t\t\t\t<i aria-hidden=\"true\" class=\"fas fa-square-full\"><\/i><\/div>\n\t\t\t\t\t\t<\/span>\n\t\t<\/div>\n\t\t\t\t\t\t<\/div>\n\t\t\t\t<\/div>\n\t\t\t\t\t<\/div>\n\t\t\t\t<\/div>\n\t\t\t\t<\/div>\n\t\t","protected":false},"excerpt":{"rendered":"<p>A\u00c7\u00c3O 3.2 \u2013 CHANGE EXPERIENCES Tem por objetivo compartilhar experi\u00eancias e metodologias pr\u00e1ticas que j\u00e1 demonstraram resultados positivos em contextos semelhantes, permitindo que os participantes adaptem e implementem essas estrat\u00e9gias nas suas realidades. CE26. Desafios para o empreendedorismo e empreendedorismo jovem \u00a0\u00a0\u00a0\u00a0\u00a0 Data prevista de Realiza\u00e7\u00e3o: 2\u00ba Trimestre 2026 \u00a0 CE27. E-commerce e desafios da [&hellip;]<\/p>\n","protected":false},"author":2,"featured_media":0,"parent":569,"menu_order":0,"comment_status":"closed","ping_status":"closed","template":"","meta":{"footnotes":""},"class_list":["post-578","page","type-page","status-publish","hentry"],"_links":{"self":[{"href":"https:\/\/beiradouro.pt\/vp\/wp-json\/wp\/v2\/pages\/578","targetHints":{"allow":["GET"]}}],"collection":[{"href":"https:\/\/beiradouro.pt\/vp\/wp-json\/wp\/v2\/pages"}],"about":[{"href":"https:\/\/beiradouro.pt\/vp\/wp-json\/wp\/v2\/types\/page"}],"author":[{"embeddable":true,"href":"https:\/\/beiradouro.pt\/vp\/wp-json\/wp\/v2\/users\/2"}],"replies":[{"embeddable":true,"href":"https:\/\/beiradouro.pt\/vp\/wp-json\/wp\/v2\/comments?post=578"}],"version-history":[{"count":7,"href":"https:\/\/beiradouro.pt\/vp\/wp-json\/wp\/v2\/pages\/578\/revisions"}],"predecessor-version":[{"id":1206,"href":"https:\/\/beiradouro.pt\/vp\/wp-json\/wp\/v2\/pages\/578\/revisions\/1206"}],"up":[{"embeddable":true,"href":"https:\/\/beiradouro.pt\/vp\/wp-json\/wp\/v2\/pages\/569"}],"wp:attachment":[{"href":"https:\/\/beiradouro.pt\/vp\/wp-json\/wp\/v2\/media?parent=578"}],"curies":[{"name":"wp","href":"https:\/\/api.w.org\/{rel}","templated":true}]}}