{"id":577,"date":"2025-06-01T21:57:17","date_gmt":"2025-06-01T21:57:17","guid":{"rendered":"https:\/\/personal.pt\/vp\/?page_id=577"},"modified":"2025-11-12T22:34:09","modified_gmt":"2025-11-12T22:34:09","slug":"de-eventos-e-networking","status":"publish","type":"page","link":"https:\/\/beiradouro.pt\/vp\/douro-empreendedor\/de-eventos-e-networking\/","title":{"rendered":"Eventos e Networking"},"content":{"rendered":"\t\t<div data-elementor-type=\"wp-page\" data-elementor-id=\"577\" class=\"elementor elementor-577\">\n\t\t\t\t<div class=\"aux-parallax-section elementor-element elementor-element-3dbfd12 e-flex e-con-boxed e-con e-parent\" data-id=\"3dbfd12\" data-element_type=\"container\" data-e-type=\"container\">\n\t\t\t\t\t<div class=\"e-con-inner\">\n\t\t\t\t<div class=\"elementor-element elementor-element-3253854 aux-appear-watch-animation aux-fade-in-up-1 elementor-widget elementor-widget-aux_modern_heading\" data-id=\"3253854\" data-element_type=\"widget\" data-e-type=\"widget\" data-widget_type=\"aux_modern_heading.default\">\n\t\t\t\t<div class=\"elementor-widget-container\">\n\t\t\t\t\t<section class=\"aux-widget-modern-heading\">\n            <div class=\"aux-widget-inner\"><h2 class=\"aux-modern-heading-primary\">A\u00c7\u00c3O 3.1 \u2013 PODCAST DOURO EMPREENDEDOR<\/h2><div class=\"aux-modern-heading-divider\"><\/div><div class=\"aux-modern-heading-description\"><p>Divulga\u00e7\u00e3o de entrevistas, debates e partilha de experi\u00eancias sobre empreendedorismo e inova\u00e7\u00e3o no Douro.<\/p><\/div><\/div>\n        <\/section>\t\t\t\t<\/div>\n\t\t\t\t<\/div>\n\t\t\t\t<div class=\"elementor-element elementor-element-7bc816e aux-appear-watch-animation aux-fade-in-up-1 elementor-widget elementor-widget-text-editor\" data-id=\"7bc816e\" data-element_type=\"widget\" data-e-type=\"widget\" data-widget_type=\"text-editor.default\">\n\t\t\t\t<div class=\"elementor-widget-container\">\n\t\t\t\t\t\t\t\t\t<p><strong>PC17. <\/strong>Iniciando um neg\u00f3cio no Douro<\/p><p>\u00a0<\/p><p><strong>PC18. <\/strong>Como financiar o seu neg\u00f3cio<\/p><p>\u00a0<\/p><p><strong>PC19. <\/strong>A digitaliza\u00e7\u00e3o no empreendedorismo<\/p><p>\u00a0<\/p><p><strong>PC20. <\/strong>Hist\u00f3rias de empreendedores do Douro<\/p><p>\u00a0<\/p><p><strong>PC21. <\/strong>Agricultura inteligente e novas tecnologias<\/p><p>\u00a0<\/p><p><strong>PC22. <\/strong>Empreender no interior<\/p><p>\u00a0<\/p><p><strong>PC23. <\/strong>As novas formas de trabalho<\/p><p>\u00a0<\/p><p><strong>PC24. <\/strong>Redes colaborativas para pequenos neg\u00f3cios<\/p><p>\u00a0<\/p><p><strong>PC25. <\/strong>Internacionaliza\u00e7\u00e3o a partir do Douro<\/p>\t\t\t\t\t\t\t\t<\/div>\n\t\t\t\t<\/div>\n\t\t\t\t<div class=\"elementor-element elementor-element-c970c90 elementor-widget-divider--view-line_icon elementor-view-default elementor-widget-divider--element-align-center elementor-widget elementor-widget-divider\" data-id=\"c970c90\" data-element_type=\"widget\" data-e-type=\"widget\" data-widget_type=\"divider.default\">\n\t\t\t\t<div class=\"elementor-widget-container\">\n\t\t\t\t\t\t\t<div class=\"elementor-divider\">\n\t\t\t<span class=\"elementor-divider-separator\">\n\t\t\t\t\t\t\t<div class=\"elementor-icon elementor-divider__element\">\n\t\t\t\t\t<i aria-hidden=\"true\" class=\"fas fa-square-full\"><\/i><\/div>\n\t\t\t\t\t\t<\/span>\n\t\t<\/div>\n\t\t\t\t\t\t<\/div>\n\t\t\t\t<\/div>\n\t\t\t\t\t<\/div>\n\t\t\t\t<\/div>\n\t\t<div class=\"aux-parallax-section elementor-element elementor-element-118b933 e-flex e-con-boxed e-con e-parent\" data-id=\"118b933\" data-element_type=\"container\" data-e-type=\"container\">\n\t\t\t\t\t<div class=\"e-con-inner\">\n\t\t\t\t<div class=\"elementor-element elementor-element-d33536a aux-appear-watch-animation aux-fade-in-up-1 elementor-widget elementor-widget-aux_modern_heading\" data-id=\"d33536a\" data-element_type=\"widget\" data-e-type=\"widget\" data-widget_type=\"aux_modern_heading.default\">\n\t\t\t\t<div class=\"elementor-widget-container\">\n\t\t\t\t\t<section class=\"aux-widget-modern-heading\">\n            <div class=\"aux-widget-inner\"><h2 class=\"aux-modern-heading-primary\">A\u00c7\u00c3O 3.3 \u2013 VISIONAR O DOURO 2030<\/h2><div class=\"aux-modern-heading-divider\"><\/div><div class=\"aux-modern-heading-description\"><p>Refletir sobre o futuro da economia e do empreendedorismo na regi\u00e3o, promovendo debates estrat\u00e9gicos que ajudem a definir uma vis\u00e3o conjunta do Douro at\u00e9 2030.<\/p><\/div><\/div>\n        <\/section>\t\t\t\t<\/div>\n\t\t\t\t<\/div>\n\t\t\t\t<div class=\"elementor-element elementor-element-e24aea4 aux-appear-watch-animation aux-fade-in-up-1 elementor-widget elementor-widget-text-editor\" data-id=\"e24aea4\" data-element_type=\"widget\" data-e-type=\"widget\" data-widget_type=\"text-editor.default\">\n\t\t\t\t<div class=\"elementor-widget-container\">\n\t\t\t\t\t\t\t\t\t<p><strong>V29. <\/strong>Emprego e Forma\u00e7\u00e3o Profissional<\/p><p><em>\u00a0\u00a0\u00a0 \u00a0Data prevista de Realiza\u00e7\u00e3o: 4\u00ba Trimestre 2027<\/em><\/p><p><em>\u00a0<\/em><\/p><p><strong>V30. <\/strong>Nova Economia no Douro<\/p><p><em>\u00a0\u00a0\u00a0 \u00a0Data prevista de Realiza\u00e7\u00e3o: 4\u00ba Trimestre 2027<\/em><\/p><p><em>\u00a0<\/em><\/p><p><strong>V31. <\/strong>Desenvolvimento Sustent\u00e1vel e Economia Verde<\/p><p><em>\u00a0\u00a0\u00a0 \u00a0Data prevista de Realiza\u00e7\u00e3o: 4\u00ba Trimestre 2027<\/em><\/p><p><em>\u00a0<\/em><\/p><p><strong>V32. <\/strong>Governan\u00e7a e Planeamento Estrat\u00e9gico<\/p><p><em>\u00a0\u00a0\u00a0 \u00a0Data prevista de Realiza\u00e7\u00e3o: 4\u00ba Trimestre 2027<\/em><\/p>\t\t\t\t\t\t\t\t<\/div>\n\t\t\t\t<\/div>\n\t\t\t\t<div class=\"elementor-element elementor-element-6afb10b elementor-widget-divider--view-line_icon elementor-view-default elementor-widget-divider--element-align-center elementor-widget elementor-widget-divider\" data-id=\"6afb10b\" data-element_type=\"widget\" data-e-type=\"widget\" data-widget_type=\"divider.default\">\n\t\t\t\t<div class=\"elementor-widget-container\">\n\t\t\t\t\t\t\t<div class=\"elementor-divider\">\n\t\t\t<span class=\"elementor-divider-separator\">\n\t\t\t\t\t\t\t<div class=\"elementor-icon elementor-divider__element\">\n\t\t\t\t\t<i aria-hidden=\"true\" class=\"fas fa-square-full\"><\/i><\/div>\n\t\t\t\t\t\t<\/span>\n\t\t<\/div>\n\t\t\t\t\t\t<\/div>\n\t\t\t\t<\/div>\n\t\t\t\t\t<\/div>\n\t\t\t\t<\/div>\n\t\t\t\t<\/div>\n\t\t","protected":false},"excerpt":{"rendered":"<p>A\u00c7\u00c3O 3.1 \u2013 PODCAST DOURO EMPREENDEDOR Divulga\u00e7\u00e3o de entrevistas, debates e partilha de experi\u00eancias sobre empreendedorismo e inova\u00e7\u00e3o no Douro. PC17. Iniciando um neg\u00f3cio no Douro \u00a0 PC18. Como financiar o seu neg\u00f3cio \u00a0 PC19. A digitaliza\u00e7\u00e3o no empreendedorismo \u00a0 PC20. Hist\u00f3rias de empreendedores do Douro \u00a0 PC21. Agricultura inteligente e novas tecnologias \u00a0 PC22. [&hellip;]<\/p>\n","protected":false},"author":2,"featured_media":0,"parent":569,"menu_order":0,"comment_status":"closed","ping_status":"closed","template":"","meta":{"footnotes":""},"class_list":["post-577","page","type-page","status-publish","hentry"],"_links":{"self":[{"href":"https:\/\/beiradouro.pt\/vp\/wp-json\/wp\/v2\/pages\/577","targetHints":{"allow":["GET"]}}],"collection":[{"href":"https:\/\/beiradouro.pt\/vp\/wp-json\/wp\/v2\/pages"}],"about":[{"href":"https:\/\/beiradouro.pt\/vp\/wp-json\/wp\/v2\/types\/page"}],"author":[{"embeddable":true,"href":"https:\/\/beiradouro.pt\/vp\/wp-json\/wp\/v2\/users\/2"}],"replies":[{"embeddable":true,"href":"https:\/\/beiradouro.pt\/vp\/wp-json\/wp\/v2\/comments?post=577"}],"version-history":[{"count":4,"href":"https:\/\/beiradouro.pt\/vp\/wp-json\/wp\/v2\/pages\/577\/revisions"}],"predecessor-version":[{"id":1179,"href":"https:\/\/beiradouro.pt\/vp\/wp-json\/wp\/v2\/pages\/577\/revisions\/1179"}],"up":[{"embeddable":true,"href":"https:\/\/beiradouro.pt\/vp\/wp-json\/wp\/v2\/pages\/569"}],"wp:attachment":[{"href":"https:\/\/beiradouro.pt\/vp\/wp-json\/wp\/v2\/media?parent=577"}],"curies":[{"name":"wp","href":"https:\/\/api.w.org\/{rel}","templated":true}]}}