{"id":575,"date":"2025-06-01T21:56:19","date_gmt":"2025-06-01T21:56:19","guid":{"rendered":"https:\/\/personal.pt\/vp\/?page_id=575"},"modified":"2026-02-02T21:57:24","modified_gmt":"2026-02-02T21:57:24","slug":"de-formacao-e-capacitacao","status":"publish","type":"page","link":"https:\/\/beiradouro.pt\/vp\/douro-empreendedor\/de-formacao-e-capacitacao\/","title":{"rendered":"Forma\u00e7\u00e3o e Capacita\u00e7\u00e3o"},"content":{"rendered":"\t\t<div data-elementor-type=\"wp-page\" data-elementor-id=\"575\" class=\"elementor elementor-575\">\n\t\t\t\t<div class=\"aux-parallax-section elementor-element elementor-element-6d9a8e6 e-flex e-con-boxed e-con e-parent\" data-id=\"6d9a8e6\" data-element_type=\"container\" data-e-type=\"container\">\n\t\t\t\t\t<div class=\"e-con-inner\">\n\t\t\t\t<div class=\"elementor-element elementor-element-76c23ef aux-appear-watch-animation aux-fade-in-up-1 elementor-widget elementor-widget-aux_modern_heading\" data-id=\"76c23ef\" data-element_type=\"widget\" data-e-type=\"widget\" data-widget_type=\"aux_modern_heading.default\">\n\t\t\t\t<div class=\"elementor-widget-container\">\n\t\t\t\t\t<section class=\"aux-widget-modern-heading\">\n            <div class=\"aux-widget-inner\"><h2 class=\"aux-modern-heading-primary\">A\u00c7\u00c3O 2.2 \u2013 WORKSHOPS TEM\u00c1TICOS<\/h2><div class=\"aux-modern-heading-divider\"><\/div><div class=\"aux-modern-heading-description\"><p>Realiza\u00e7\u00e3o de workshops interativos tendo como objetivo o desenvolvimento de compet\u00eancias empreendedoras e de gest\u00e3o.<\/p><\/div><\/div>\n        <\/section>\t\t\t\t<\/div>\n\t\t\t\t<\/div>\n\t\t\t\t<div class=\"elementor-element elementor-element-e824abe aux-appear-watch-animation aux-fade-in-up-1 elementor-widget elementor-widget-text-editor\" data-id=\"e824abe\" data-element_type=\"widget\" data-e-type=\"widget\" data-widget_type=\"text-editor.default\">\n\t\t\t\t<div class=\"elementor-widget-container\">\n\t\t\t\t\t\t\t\t\t<p><strong>W1. Tecnologias e moderniza\u00e7\u00e3o de neg\u00f3cios<\/strong><br \/><strong><em>\u00a0\u00a0\u00a0\u00a0\u00a0\u00a0 \u00a0\u00a0 Data de Realiza\u00e7\u00e3o: 10 dezembro 2025<\/em><\/strong><\/p><p><em>\u00a0<\/em><\/p><p><strong>W2.<\/strong> Identifica\u00e7\u00e3o de Oportunidades de Neg\u00f3cio no Douro<\/p><p><em>\u00a0\u00a0\u00a0\u00a0\u00a0\u00a0 \u00a0\u00a0 Data prevista de Realiza\u00e7\u00e3o: 1\u00ba Trimestre 2026<\/em><\/p><p><em>\u00a0<\/em><\/p><p><strong>W3.<\/strong> Modelos de Neg\u00f3cio e Fontes de Financiamento<\/p><p><em>\u00a0\u00a0\u00a0\u00a0\u00a0\u00a0 \u00a0\u00a0 Data prevista de Realiza\u00e7\u00e3o: 2\u00ba Trimestre 2026<\/em><\/p><p><em>\u00a0<\/em><\/p><p><strong>W4.<\/strong> Sustentabilidade e Empreendedorismo Verde<\/p><p><em>\u00a0\u00a0\u00a0\u00a0\u00a0\u00a0 \u00a0\u00a0 Data prevista de Realiza\u00e7\u00e3o: 4\u00ba Trimestre 2026<\/em><\/p><p><em>\u00a0<\/em><\/p><p><strong>W5.<\/strong> Internacionaliza\u00e7\u00e3o e Exporta\u00e7\u00e3o de Produtos e Servi\u00e7os<\/p><p><em>\u00a0\u00a0\u00a0\u00a0\u00a0\u00a0 \u00a0\u00a0 Data prevista de Realiza\u00e7\u00e3o: 2\u00ba Trimestre 2027<\/em><\/p>\t\t\t\t\t\t\t\t<\/div>\n\t\t\t\t<\/div>\n\t\t\t\t<div class=\"elementor-element elementor-element-c78e62b elementor-widget-divider--view-line_icon elementor-view-default elementor-widget-divider--element-align-center elementor-widget elementor-widget-divider\" data-id=\"c78e62b\" data-element_type=\"widget\" data-e-type=\"widget\" data-widget_type=\"divider.default\">\n\t\t\t\t<div class=\"elementor-widget-container\">\n\t\t\t\t\t\t\t<div class=\"elementor-divider\">\n\t\t\t<span class=\"elementor-divider-separator\">\n\t\t\t\t\t\t\t<div class=\"elementor-icon elementor-divider__element\">\n\t\t\t\t\t<i aria-hidden=\"true\" class=\"fas fa-square-full\"><\/i><\/div>\n\t\t\t\t\t\t<\/span>\n\t\t<\/div>\n\t\t\t\t\t\t<\/div>\n\t\t\t\t<\/div>\n\t\t\t\t\t<\/div>\n\t\t\t\t<\/div>\n\t\t<div class=\"aux-parallax-section elementor-element elementor-element-3be09b6 e-flex e-con-boxed e-con e-parent\" data-id=\"3be09b6\" data-element_type=\"container\" data-e-type=\"container\">\n\t\t\t\t\t<div class=\"e-con-inner\">\n\t\t\t\t<div class=\"elementor-element elementor-element-61a92e9 aux-appear-watch-animation aux-fade-in-up-1 elementor-widget elementor-widget-aux_modern_heading\" data-id=\"61a92e9\" data-element_type=\"widget\" data-e-type=\"widget\" data-widget_type=\"aux_modern_heading.default\">\n\t\t\t\t<div class=\"elementor-widget-container\">\n\t\t\t\t\t<section class=\"aux-widget-modern-heading\">\n            <div class=\"aux-widget-inner\"><h2 class=\"aux-modern-heading-primary\">A\u00c7\u00c3O 2.3 \u2013 A\u00c7\u00d5ES FORMATIVAS DE CAPACITA\u00c7\u00c3O<\/h2><div class=\"aux-modern-heading-divider\"><\/div><div class=\"aux-modern-heading-description\"><p>Visa capacitar empreendedores em rela\u00e7\u00e3o \u00e0 execu\u00e7\u00e3o e monitoriza\u00e7\u00e3o de projetos assim como para uma gest\u00e3o eficiente.<\/p><\/div><\/div>\n        <\/section>\t\t\t\t<\/div>\n\t\t\t\t<\/div>\n\t\t\t\t<div class=\"elementor-element elementor-element-d2aebd1 aux-appear-watch-animation aux-fade-in-up-1 elementor-widget elementor-widget-text-editor\" data-id=\"d2aebd1\" data-element_type=\"widget\" data-e-type=\"widget\" data-widget_type=\"text-editor.default\">\n\t\t\t\t<div class=\"elementor-widget-container\">\n\t\t\t\t\t\t\t\t\t<p><strong>AF6. <\/strong>Planeamento de pequenos neg\u00f3cios<\/p><p><em>\u00a0\u00a0 \u00a0Data de Realiza\u00e7\u00e3o: 11 de fevereiro<\/em><\/p><p><em>\u00a0<\/em><\/p><p><strong>AF7. <\/strong>Inova\u00e7\u00e3o no empreendedorismo<\/p><p><em>\u00a0\u00a0 \u00a0Data prevista de Realiza\u00e7\u00e3o: 1\u00ba Trimestre 2026<\/em><\/p><p><em>\u00a0<\/em><\/p><p><strong>AF8. <\/strong>Marketing Digital e Instrumentos Digitais para Controlo de Gest\u00e3o<\/p><p><em>\u00a0\u00a0\u00a0 Data prevista de Realiza\u00e7\u00e3o: 3\u00ba Trimestre 2026<\/em><\/p><p><em>\u00a0<\/em><\/p><p><strong>AF9. <\/strong>Gest\u00e3o Financeira<\/p><p><em>\u00a0\u00a0 \u00a0Data prevista de Realiza\u00e7\u00e3o: 4\u00ba Trimestre 2026<\/em><\/p><p><em>\u00a0<\/em><\/p><p><strong>AF10. <\/strong>Gest\u00e3o de Projetos<\/p><p><em>\u00a0\u00a0\u00a0 \u00a0Data prevista de Realiza\u00e7\u00e3o: 1\u00ba Trimestre 2027<\/em><\/p><p><em>\u00a0<\/em><\/p><p><strong>AF11. <\/strong>Capta\u00e7\u00e3o de Investimento e Financiamento<\/p><p><em>\u00a0\u00a0\u00a0 \u00a0Data prevista de Realiza\u00e7\u00e3o: 1\u00ba Trimestre 2027<\/em><\/p>\t\t\t\t\t\t\t\t<\/div>\n\t\t\t\t<\/div>\n\t\t\t\t<div class=\"elementor-element elementor-element-035efd6 elementor-widget-divider--view-line_icon elementor-view-default elementor-widget-divider--element-align-center elementor-widget elementor-widget-divider\" data-id=\"035efd6\" data-element_type=\"widget\" data-e-type=\"widget\" data-widget_type=\"divider.default\">\n\t\t\t\t<div class=\"elementor-widget-container\">\n\t\t\t\t\t\t\t<div class=\"elementor-divider\">\n\t\t\t<span class=\"elementor-divider-separator\">\n\t\t\t\t\t\t\t<div class=\"elementor-icon elementor-divider__element\">\n\t\t\t\t\t<i aria-hidden=\"true\" class=\"fas fa-square-full\"><\/i><\/div>\n\t\t\t\t\t\t<\/span>\n\t\t<\/div>\n\t\t\t\t\t\t<\/div>\n\t\t\t\t<\/div>\n\t\t\t\t\t<\/div>\n\t\t\t\t<\/div>\n\t\t<div class=\"aux-parallax-section elementor-element elementor-element-d25dc3a e-flex e-con-boxed e-con e-parent\" data-id=\"d25dc3a\" data-element_type=\"container\" data-e-type=\"container\">\n\t\t\t\t\t<div class=\"e-con-inner\">\n\t\t\t\t<div class=\"elementor-element elementor-element-acef309 aux-appear-watch-animation aux-fade-in-up-1 elementor-widget elementor-widget-aux_modern_heading\" data-id=\"acef309\" data-element_type=\"widget\" data-e-type=\"widget\" data-widget_type=\"aux_modern_heading.default\">\n\t\t\t\t<div class=\"elementor-widget-container\">\n\t\t\t\t\t<section class=\"aux-widget-modern-heading\">\n            <div class=\"aux-widget-inner\"><h2 class=\"aux-modern-heading-primary\">A\u00c7\u00c3O 2.4 \u2013 A\u00c7\u00d5ES DE CAPACITA\u00c7\u00c3O DE BOAS PR\u00c1TICAS<\/h2><div class=\"aux-modern-heading-divider\"><\/div><div class=\"aux-modern-heading-description\"><p>Compartilhar experi\u00eancias e metodologias pr\u00e1ticas que j\u00e1 demonstraram resultados positivos em contextos semelhantes, permitindo que os participantes adaptem e implementem essas estrat\u00e9gias nas suas realidades.<\/p><\/div><\/div>\n        <\/section>\t\t\t\t<\/div>\n\t\t\t\t<\/div>\n\t\t\t\t<div class=\"elementor-element elementor-element-11b4c8d aux-appear-watch-animation aux-fade-in-up-1 elementor-widget elementor-widget-text-editor\" data-id=\"11b4c8d\" data-element_type=\"widget\" data-e-type=\"widget\" data-widget_type=\"text-editor.default\">\n\t\t\t\t<div class=\"elementor-widget-container\">\n\t\t\t\t\t\t\t\t\t<p><strong>BP12. <\/strong>Inova\u00e7\u00f5es no Turismo e Enoturismo.<\/p><p><em>\u00a0\u00a0\u00a0\u00a0\u00a0 Data prevista de Realiza\u00e7\u00e3o: 1\u00ba Trimestre 2026<\/em><\/p><p><strong><em>\u00a0<\/em><\/strong><\/p><p><strong>BP13. <\/strong>Casos de Empreendedorismo Feminino.<\/p><p><em>\u00a0\u00a0\u00a0\u00a0\u00a0 Data prevista de Realiza\u00e7\u00e3o: 1\u00ba Trimestre 2026<\/em><\/p><p><strong><em>\u00a0<\/em><\/strong><\/p><p><strong>BP14. <\/strong>Neg\u00f3cios de Impacto Social.<\/p><p><em>\u00a0\u00a0\u00a0\u00a0\u00a0 Data prevista de Realiza\u00e7\u00e3o: 2\u00ba Trimestre 2026<\/em><\/p><p><strong><em>\u00a0<\/em><\/strong><\/p><p><strong>BP15. <\/strong>Moderniza\u00e7\u00e3o de Neg\u00f3cios Tradicionais\/Familiares.<\/p><p><em>\u00a0\u00a0\u00a0\u00a0\u00a0 Data prevista de Realiza\u00e7\u00e3o: 1\u00ba Trimestre 2027<\/em><\/p><p><strong><em>\u00a0<\/em><\/strong><\/p><p><strong>BP16. <\/strong>Rede Colaborativa-Import\u00e2ncia da coopera\u00e7\u00e3o entre empreendedores.<\/p><p><em>\u00a0\u00a0\u00a0\u00a0\u00a0 Data prevista de Realiza\u00e7\u00e3o: 2\u00ba Trimestre 2027<\/em><\/p><p>\u00a0<\/p>\t\t\t\t\t\t\t\t<\/div>\n\t\t\t\t<\/div>\n\t\t\t\t<div class=\"elementor-element elementor-element-c2bf82f elementor-widget-divider--view-line_icon elementor-view-default elementor-widget-divider--element-align-center elementor-widget elementor-widget-divider\" data-id=\"c2bf82f\" data-element_type=\"widget\" data-e-type=\"widget\" data-widget_type=\"divider.default\">\n\t\t\t\t<div class=\"elementor-widget-container\">\n\t\t\t\t\t\t\t<div class=\"elementor-divider\">\n\t\t\t<span class=\"elementor-divider-separator\">\n\t\t\t\t\t\t\t<div class=\"elementor-icon elementor-divider__element\">\n\t\t\t\t\t<i aria-hidden=\"true\" class=\"fas fa-square-full\"><\/i><\/div>\n\t\t\t\t\t\t<\/span>\n\t\t<\/div>\n\t\t\t\t\t\t<\/div>\n\t\t\t\t<\/div>\n\t\t\t\t\t<\/div>\n\t\t\t\t<\/div>\n\t\t\t\t<\/div>\n\t\t","protected":false},"excerpt":{"rendered":"<p>A\u00c7\u00c3O 2.2 \u2013 WORKSHOPS TEM\u00c1TICOS Realiza\u00e7\u00e3o de workshops interativos tendo como objetivo o desenvolvimento de compet\u00eancias empreendedoras e de gest\u00e3o. W1. Tecnologias e moderniza\u00e7\u00e3o de neg\u00f3cios\u00a0\u00a0\u00a0\u00a0\u00a0\u00a0 \u00a0\u00a0 Data de Realiza\u00e7\u00e3o: 10 dezembro 2025 \u00a0 W2. Identifica\u00e7\u00e3o de Oportunidades de Neg\u00f3cio no Douro \u00a0\u00a0\u00a0\u00a0\u00a0\u00a0 \u00a0\u00a0 Data prevista de Realiza\u00e7\u00e3o: 1\u00ba Trimestre 2026 \u00a0 W3. Modelos de [&hellip;]<\/p>\n","protected":false},"author":2,"featured_media":0,"parent":569,"menu_order":0,"comment_status":"closed","ping_status":"closed","template":"","meta":{"footnotes":""},"class_list":["post-575","page","type-page","status-publish","hentry"],"_links":{"self":[{"href":"https:\/\/beiradouro.pt\/vp\/wp-json\/wp\/v2\/pages\/575","targetHints":{"allow":["GET"]}}],"collection":[{"href":"https:\/\/beiradouro.pt\/vp\/wp-json\/wp\/v2\/pages"}],"about":[{"href":"https:\/\/beiradouro.pt\/vp\/wp-json\/wp\/v2\/types\/page"}],"author":[{"embeddable":true,"href":"https:\/\/beiradouro.pt\/vp\/wp-json\/wp\/v2\/users\/2"}],"replies":[{"embeddable":true,"href":"https:\/\/beiradouro.pt\/vp\/wp-json\/wp\/v2\/comments?post=575"}],"version-history":[{"count":34,"href":"https:\/\/beiradouro.pt\/vp\/wp-json\/wp\/v2\/pages\/575\/revisions"}],"predecessor-version":[{"id":1268,"href":"https:\/\/beiradouro.pt\/vp\/wp-json\/wp\/v2\/pages\/575\/revisions\/1268"}],"up":[{"embeddable":true,"href":"https:\/\/beiradouro.pt\/vp\/wp-json\/wp\/v2\/pages\/569"}],"wp:attachment":[{"href":"https:\/\/beiradouro.pt\/vp\/wp-json\/wp\/v2\/media?parent=575"}],"curies":[{"name":"wp","href":"https:\/\/api.w.org\/{rel}","templated":true}]}}