{"id":573,"date":"2025-06-01T21:55:48","date_gmt":"2025-06-01T21:55:48","guid":{"rendered":"https:\/\/personal.pt\/vp\/?page_id=573"},"modified":"2025-06-13T10:55:16","modified_gmt":"2025-06-13T10:55:16","slug":"de-avisos-norte2030","status":"publish","type":"page","link":"https:\/\/beiradouro.pt\/vp\/douro-empreendedor\/de-avisos-norte2030\/","title":{"rendered":"Avisos NORTE2030"},"content":{"rendered":"\t\t<div data-elementor-type=\"wp-page\" data-elementor-id=\"573\" class=\"elementor elementor-573\">\n\t\t\t\t<div class=\"aux-parallax-section elementor-element elementor-element-5814e64 e-flex e-con-boxed e-con e-parent\" data-id=\"5814e64\" data-element_type=\"container\" data-e-type=\"container\">\n\t\t\t\t\t<div class=\"e-con-inner\">\n\t\t<div class=\"elementor-element elementor-element-e29153e e-con-full e-flex e-con e-child\" data-id=\"e29153e\" data-element_type=\"container\" data-e-type=\"container\">\n\t\t\t\t<div class=\"elementor-element elementor-element-6cf6d7a aux-appear-watch-animation aux-fade-in-up-1 elementor-widget elementor-widget-aux_modern_heading\" data-id=\"6cf6d7a\" data-element_type=\"widget\" data-e-type=\"widget\" data-widget_type=\"aux_modern_heading.default\">\n\t\t\t\t<div class=\"elementor-widget-container\">\n\t\t\t\t\t<section class=\"aux-widget-modern-heading\">\n            <div class=\"aux-widget-inner\"><h2 class=\"aux-modern-heading-primary\"><\/h2><h3 class=\"aux-modern-heading-secondary\"><span class=\"aux-head-before\">NORTE Mais Competitivo<\/span><\/h3><div class=\"aux-modern-heading-divider\"><\/div><\/div>\n        <\/section>\t\t\t\t<\/div>\n\t\t\t\t<\/div>\n\t\t\t\t<\/div>\n\t\t\t\t<div class=\"elementor-element elementor-element-86b6a01 aux-appear-watch-animation aux-fade-in-up-1 elementor-widget elementor-widget-text-editor\" data-id=\"86b6a01\" data-element_type=\"widget\" data-e-type=\"widget\" data-widget_type=\"text-editor.default\">\n\t\t\t\t<div class=\"elementor-widget-container\">\n\t\t\t\t\t\t\t\t\t<p><em>Uma Regi\u00e3o de futuro \u00e9 uma Regi\u00e3o competitiva. Para isso, o NORTE 2030 foca-se no desenvolvimento de compet\u00eancias para a especializa\u00e7\u00e3o inteligente, a transi\u00e7\u00e3o industrial e o empreendedorismo.<\/em><\/p>\t\t\t\t\t\t\t\t<\/div>\n\t\t\t\t<\/div>\n\t\t\t\t\t<\/div>\n\t\t\t\t<\/div>\n\t\t<div class=\"aux-parallax-section elementor-element elementor-element-d493d4b e-flex e-con-boxed e-con e-parent\" data-id=\"d493d4b\" data-element_type=\"container\" data-e-type=\"container\">\n\t\t\t\t\t<div class=\"e-con-inner\">\n\t\t\t\t<div class=\"elementor-element elementor-element-7b02c07 aux-appear-watch-animation aux-fade-in-up-1 elementor-widget elementor-widget-aux_modern_heading\" data-id=\"7b02c07\" data-element_type=\"widget\" data-e-type=\"widget\" data-widget_type=\"aux_modern_heading.default\">\n\t\t\t\t<div class=\"elementor-widget-container\">\n\t\t\t\t\t<section class=\"aux-widget-modern-heading\">\n            <div class=\"aux-widget-inner\"><h2 class=\"aux-modern-heading-primary\">SISTEMA DE INCENTIVOS DE BASE TERRITORIAL (IT) <br>- CIM DOURO | NORTE2030-2024-53 I<\/h2><div class=\"aux-modern-heading-divider\"><\/div><\/div>\n        <\/section>\t\t\t\t<\/div>\n\t\t\t\t<\/div>\n\t\t\t\t<div class=\"elementor-element elementor-element-8b5cfa4 aux-appear-watch-animation aux-fade-in-up-1 elementor-widget elementor-widget-text-editor\" data-id=\"8b5cfa4\" data-element_type=\"widget\" data-e-type=\"widget\" data-widget_type=\"text-editor.default\">\n\t\t\t\t<div class=\"elementor-widget-container\">\n\t\t\t\t\t\t\t\t\t<p class=\"space-lg-hor\"><strong>In\u00edcio: 30\/09\/2024 | Encerramento: 28\/02\/2025<\/strong><\/p><p class=\"space-lg-hor\"><a href=\"https:\/\/portugal2030.pt\/wp-json\/avisos\/download?container=siag-prod-container&amp;path=avisos%2F2024%2F9%2F807a3d4c-e7dd-411b-88bd-e8b5a90a480b%2F9142842c-7961-4772-ac67-9b244bd3ce08&amp;filename=Minuta_Declara%C3%A7%C3%A3oComplementar.docx\" target=\"_blank\" rel=\"noopener\">Minuta_Declara\u00e7\u00e3o Complementar.docx<\/a><\/p><p class=\"space-lg-hor\"><a href=\"https:\/\/portugal2030.pt\/wp-json\/avisos\/download?container=siag-prod-container&amp;path=avisos%2F2024%2F12%2F807a3d4c-e7dd-411b-88bd-e8b5a90a480b%2F75475c56-962a-4566-acfe-37b121eb0842&amp;filename=Anexo+A5_DOC.1_Modelo+MD+SIBT.docx\" target=\"_blank\" rel=\"noopener\">Anexo A5_DOC.1_Modelo Mem\u00f3ria descritiva.docx<\/a><\/p><p class=\"space-lg-hor\"><a href=\"https:\/\/portugal2030.pt\/wp-json\/avisos\/download?container=siag-prod-container&amp;path=avisos%2F2024%2F12%2F807a3d4c-e7dd-411b-88bd-e8b5a90a480b%2F1b11ef68-067e-4d7f-b2ab-c4f790051b00&amp;filename=Anexo+A6_DOC.19_Modelo+Or%C3%A7amento_VF.xlsx\" target=\"_blank\" rel=\"noopener\">Anexo A6_DOC.19_Modelo Or\u00e7amento_VF.xlsx<\/a><\/p><p class=\"space-lg-hor\"><a href=\"https:\/\/portugal2030.pt\/wp-json\/avisos\/download?container=siag-prod-container&amp;path=avisos%2F2024%2F12%2F807a3d4c-e7dd-411b-88bd-e8b5a90a480b%2Fd6b3065c-58f5-4af8-87f8-454174fd4dcb&amp;filename=Fundamenta%C3%A7%C3%A3o+Altera%C3%A7%C3%A3o+Avisos+SI+Base+Territorial.pdf\" target=\"_blank\" rel=\"noopener\">Fundamenta\u00e7\u00e3o Altera\u00e7\u00e3o Avisos SI Base Territorial.pdf<\/a><\/p><p class=\"space-lg-hor\"><a href=\"https:\/\/portugal2030.pt\/wp-json\/avisos\/download?container=siag-prod-container&amp;path=avisos%2F2024%2F12%2F807a3d4c-e7dd-411b-88bd-e8b5a90a480b%2F2ba1d6af-02d7-440c-89dc-554933d3eccf&amp;filename=FAQs.pdf\" target=\"_blank\" rel=\"noopener\">FAQs.pdf<\/a><\/p><p class=\"space-lg-hor\"><a href=\"https:\/\/portugal2030.pt\/wp-json\/avisos\/download?container=siag-prod-container&amp;path=avisos%2F2024%2F12%2F807a3d4c-e7dd-411b-88bd-e8b5a90a480b%2F6098ddda-e641-4359-9a11-3af8d2b2d681&amp;filename=NORTE2030-2024-53_Douro_Republica%C3%A7%C3%A3o.pdf\" target=\"_blank\" rel=\"noopener\">NORTE2030-2024-53_Douro_Republica\u00e7\u00e3o.pdf<\/a><\/p><p class=\"space-lg-hor\"><a href=\"https:\/\/portugal2030.pt\/wp-json\/avisos\/download?container=siag-prod-container&amp;path=avisos%2F2025%2F1%2F807a3d4c-e7dd-411b-88bd-e8b5a90a480b%2Fabb7e0ac-f74d-48dd-b877-f20e028cd5ff&amp;filename=Altera%C3%A7%C3%A3o+Aviso+2030-2024-53_Prorroga%C3%A7%C3%A3o+per%C3%ADodo+de+candidaturas.pdf\" target=\"_blank\" rel=\"noopener\">Altera\u00e7\u00e3o Aviso 2030-2024-53_Prorroga\u00e7\u00e3o do per\u00edodo de candidaturas.pdf<\/a><\/p>\t\t\t\t\t\t\t\t<\/div>\n\t\t\t\t<\/div>\n\t\t\t\t<div class=\"elementor-element elementor-element-7412370 elementor-widget-divider--view-line_icon elementor-view-default elementor-widget-divider--element-align-center elementor-widget elementor-widget-divider\" data-id=\"7412370\" data-element_type=\"widget\" data-e-type=\"widget\" data-widget_type=\"divider.default\">\n\t\t\t\t<div class=\"elementor-widget-container\">\n\t\t\t\t\t\t\t<div class=\"elementor-divider\">\n\t\t\t<span class=\"elementor-divider-separator\">\n\t\t\t\t\t\t\t<div class=\"elementor-icon elementor-divider__element\">\n\t\t\t\t\t<i aria-hidden=\"true\" class=\"fas fa-square-full\"><\/i><\/div>\n\t\t\t\t\t\t<\/span>\n\t\t<\/div>\n\t\t\t\t\t\t<\/div>\n\t\t\t\t<\/div>\n\t\t\t\t\t<\/div>\n\t\t\t\t<\/div>\n\t\t<div class=\"aux-parallax-section elementor-element elementor-element-b16702d e-flex e-con-boxed e-con e-parent\" data-id=\"b16702d\" data-element_type=\"container\" data-e-type=\"container\">\n\t\t\t\t\t<div class=\"e-con-inner\">\n\t\t<div class=\"elementor-element elementor-element-794a96c e-con-full e-flex e-con e-child\" data-id=\"794a96c\" data-element_type=\"container\" data-e-type=\"container\">\n\t\t\t\t<div class=\"elementor-element elementor-element-5734e53 aux-appear-watch-animation aux-fade-in-up-1 elementor-widget elementor-widget-aux_modern_heading\" data-id=\"5734e53\" data-element_type=\"widget\" data-e-type=\"widget\" data-widget_type=\"aux_modern_heading.default\">\n\t\t\t\t<div class=\"elementor-widget-container\">\n\t\t\t\t\t<section class=\"aux-widget-modern-heading\">\n            <div class=\"aux-widget-inner\"><h2 class=\"aux-modern-heading-primary\"><\/h2><h3 class=\"aux-modern-heading-secondary\"><span class=\"aux-head-before\">NORTE Mais Social<\/span><\/h3><div class=\"aux-modern-heading-divider\"><\/div><\/div>\n        <\/section>\t\t\t\t<\/div>\n\t\t\t\t<\/div>\n\t\t\t\t<\/div>\n\t\t\t\t<div class=\"elementor-element elementor-element-06f2865 aux-appear-watch-animation aux-fade-in-up-1 elementor-widget elementor-widget-text-editor\" data-id=\"06f2865\" data-element_type=\"widget\" data-e-type=\"widget\" data-widget_type=\"text-editor.default\">\n\t\t\t\t<div class=\"elementor-widget-container\">\n\t\t\t\t\t\t\t\t\t<p><em>A melhoria da qualidade de vida das pessoas \u00e9 a base do NORTE 2030. O acesso \u00e0 sa\u00fade e bem-estar, a educa\u00e7\u00e3o e o emprego, a valoriza\u00e7\u00e3o do patrim\u00f3nio, da cultura e do turismo sustent\u00e1vel, entre outros, constituem eixos fundamentais para este objetivo.<\/em><\/p>\t\t\t\t\t\t\t\t<\/div>\n\t\t\t\t<\/div>\n\t\t\t\t\t<\/div>\n\t\t\t\t<\/div>\n\t\t<div class=\"aux-parallax-section elementor-element elementor-element-afeca76 e-flex e-con-boxed e-con e-parent\" data-id=\"afeca76\" data-element_type=\"container\" data-e-type=\"container\">\n\t\t\t\t\t<div class=\"e-con-inner\">\n\t\t\t\t<div class=\"elementor-element elementor-element-457428c aux-appear-watch-animation aux-fade-in-up-1 elementor-widget elementor-widget-aux_modern_heading\" data-id=\"457428c\" data-element_type=\"widget\" data-e-type=\"widget\" data-widget_type=\"aux_modern_heading.default\">\n\t\t\t\t<div class=\"elementor-widget-container\">\n\t\t\t\t\t<section class=\"aux-widget-modern-heading\">\n            <div class=\"aux-widget-inner\"><h2 class=\"aux-modern-heading-primary\">APOIO \u00c0 CRIA\u00c7\u00c3O DE EMPREGO E MICROEMPREENDEDORISMO (IT) <br>- CIM DOURO | NORTE2030-2024-104<\/h2><div class=\"aux-modern-heading-divider\"><\/div><\/div>\n        <\/section>\t\t\t\t<\/div>\n\t\t\t\t<\/div>\n\t\t\t\t<div class=\"elementor-element elementor-element-b9593aa aux-appear-watch-animation aux-fade-in-up-1 elementor-widget elementor-widget-text-editor\" data-id=\"b9593aa\" data-element_type=\"widget\" data-e-type=\"widget\" data-widget_type=\"text-editor.default\">\n\t\t\t\t<div class=\"elementor-widget-container\">\n\t\t\t\t\t\t\t\t\t<p class=\"space-lg-hor\"><strong>In\u00edcio: 31\/12\/2024 | Encerramento: 31\/03\/2025<\/strong><\/p><p><a href=\"https:\/\/portugal2030.pt\/wp-json\/avisos\/download?container=siag-prod-container&amp;path=avisos%2F2024%2F12%2F9634ceaf-ed78-4257-8411-97c16b3ae938%2Fd3ab8405-e901-4fe5-b277-090eac0b4224&amp;filename=Simulador_emprego+e+empreendedorismo.xlsx\">Simulador_emprego e empreendedorismo.xlsx<\/a><\/p><p><a href=\"https:\/\/portugal2030.pt\/wp-json\/avisos\/download?container=siag-prod-container&amp;path=avisos%2F2024%2F12%2F9634ceaf-ed78-4257-8411-97c16b3ae938%2F588bcd9d-5667-4675-ada0-d9b65046cefe&amp;filename=Anexo+D.2+-+Or%C3%A7amento+anual_Modelo+Emprego+e+Empreendedorismo.xlsx\">Anexo D.2 &#8211; Or\u00e7amento anual_Modelo Emprego e Empreendedorismo.xlsx<\/a><\/p><p><a href=\"https:\/\/portugal2030.pt\/wp-json\/avisos\/download?container=siag-prod-container&amp;path=avisos%2F2024%2F12%2F9634ceaf-ed78-4257-8411-97c16b3ae938%2F8eea195d-88ce-4504-9600-38dc7534bc15&amp;filename=Anexo+D.3+-+Modelo+Declara%C3%A7%C3%A3o+complementar.docx\">Anexo D.3 &#8211; Modelo Declara\u00e7\u00e3o complementar.docx<\/a><\/p><p><a href=\"https:\/\/portugal2030.pt\/wp-json\/avisos\/download?container=siag-prod-container&amp;path=avisos%2F2025%2F3%2F9634ceaf-ed78-4257-8411-97c16b3ae938%2Fb4863d5d-d2ae-4ddd-beb5-205e1511427b&amp;filename=Aviso+NORTE2030-2024-104_Emprego+e+Empreendedorismo_CIM+Douro_mar2025.pdf\">Aviso NORTE2030-2024-104_Emprego e Empreendedorismo_CIM Douro_mar2025.pdf<\/a><\/p><p><a href=\"https:\/\/portugal2030.pt\/wp-json\/avisos\/download?container=siag-prod-container&amp;path=avisos%2F2025%2F3%2F9634ceaf-ed78-4257-8411-97c16b3ae938%2Ffc835f7d-1e14-4d2c-a331-5b7a17145cfd&amp;filename=Anexo+D.1+-+Simulador+da+estimativa+or%C3%A7amental_Emprego+e+Empreendedorismo_V2.xlsx\">Anexo D.1 &#8211; Simulador da estimativa or\u00e7amental_Emprego e Empreendedorismo_V2.xlsx<\/a><\/p><p><a href=\"https:\/\/portugal2030.pt\/wp-json\/avisos\/download?container=siag-prod-container&amp;path=avisos%2F2025%2F3%2F9634ceaf-ed78-4257-8411-97c16b3ae938%2Fd67aaa5b-9bf3-47ea-935e-2e81a52fbafe&amp;filename=Anexo+D.3+-+Modelo+Declara%C3%A7%C3%A3o+complementar_V2.docx\">Anexo D.3 &#8211; Modelo Declara\u00e7\u00e3o complementar_V2.docx<\/a><\/p><p><a href=\"https:\/\/portugal2030.pt\/wp-json\/avisos\/download?container=siag-prod-container&amp;path=avisos%2F2024%2F12%2F9634ceaf-ed78-4257-8411-97c16b3ae938%2Fbe2fca69-3434-4887-929a-ed064c7f344f&amp;filename=Aviso_Emprego+e+Empreendedorismo_CIM+Douro_30dez.pdf\">Aviso_Emprego e Empreendedorismo_CIM Douro_30 dez.pdf<\/a><\/p>\t\t\t\t\t\t\t\t<\/div>\n\t\t\t\t<\/div>\n\t\t\t\t<div class=\"elementor-element elementor-element-3fb4b38 elementor-widget-divider--view-line_icon elementor-view-default elementor-widget-divider--element-align-center elementor-widget elementor-widget-divider\" data-id=\"3fb4b38\" data-element_type=\"widget\" data-e-type=\"widget\" data-widget_type=\"divider.default\">\n\t\t\t\t<div class=\"elementor-widget-container\">\n\t\t\t\t\t\t\t<div class=\"elementor-divider\">\n\t\t\t<span class=\"elementor-divider-separator\">\n\t\t\t\t\t\t\t<div class=\"elementor-icon elementor-divider__element\">\n\t\t\t\t\t<i aria-hidden=\"true\" class=\"fas fa-square-full\"><\/i><\/div>\n\t\t\t\t\t\t<\/span>\n\t\t<\/div>\n\t\t\t\t\t\t<\/div>\n\t\t\t\t<\/div>\n\t\t\t\t\t<\/div>\n\t\t\t\t<\/div>\n\t\t\t\t<\/div>\n\t\t","protected":false},"excerpt":{"rendered":"<p>NORTE Mais Competitivo Uma Regi\u00e3o de futuro \u00e9 uma Regi\u00e3o competitiva. Para isso, o NORTE 2030 foca-se no desenvolvimento de compet\u00eancias para a especializa\u00e7\u00e3o inteligente, a transi\u00e7\u00e3o industrial e o empreendedorismo. SISTEMA DE INCENTIVOS DE BASE TERRITORIAL (IT) &#8211; CIM DOURO | NORTE2030-2024-53 I In\u00edcio: 30\/09\/2024 | Encerramento: 28\/02\/2025 Minuta_Declara\u00e7\u00e3o Complementar.docx Anexo A5_DOC.1_Modelo Mem\u00f3ria descritiva.docx [&hellip;]<\/p>\n","protected":false},"author":2,"featured_media":0,"parent":569,"menu_order":0,"comment_status":"closed","ping_status":"closed","template":"","meta":{"footnotes":""},"class_list":["post-573","page","type-page","status-publish","hentry"],"_links":{"self":[{"href":"https:\/\/beiradouro.pt\/vp\/wp-json\/wp\/v2\/pages\/573","targetHints":{"allow":["GET"]}}],"collection":[{"href":"https:\/\/beiradouro.pt\/vp\/wp-json\/wp\/v2\/pages"}],"about":[{"href":"https:\/\/beiradouro.pt\/vp\/wp-json\/wp\/v2\/types\/page"}],"author":[{"embeddable":true,"href":"https:\/\/beiradouro.pt\/vp\/wp-json\/wp\/v2\/users\/2"}],"replies":[{"embeddable":true,"href":"https:\/\/beiradouro.pt\/vp\/wp-json\/wp\/v2\/comments?post=573"}],"version-history":[{"count":8,"href":"https:\/\/beiradouro.pt\/vp\/wp-json\/wp\/v2\/pages\/573\/revisions"}],"predecessor-version":[{"id":971,"href":"https:\/\/beiradouro.pt\/vp\/wp-json\/wp\/v2\/pages\/573\/revisions\/971"}],"up":[{"embeddable":true,"href":"https:\/\/beiradouro.pt\/vp\/wp-json\/wp\/v2\/pages\/569"}],"wp:attachment":[{"href":"https:\/\/beiradouro.pt\/vp\/wp-json\/wp\/v2\/media?parent=573"}],"curies":[{"name":"wp","href":"https:\/\/api.w.org\/{rel}","templated":true}]}}