{"id":335,"date":"2025-06-01T14:18:46","date_gmt":"2025-06-01T14:18:46","guid":{"rendered":"https:\/\/personal.pt\/vp\/?page_id=335"},"modified":"2025-09-03T10:26:33","modified_gmt":"2025-09-03T10:26:33","slug":"equipa-tecnica","status":"publish","type":"page","link":"https:\/\/beiradouro.pt\/vp\/beira-douro\/equipa-tecnica\/","title":{"rendered":"Equipa T\u00e9cnica"},"content":{"rendered":"\t\t<div data-elementor-type=\"wp-page\" data-elementor-id=\"335\" class=\"elementor elementor-335\">\n\t\t\t\t<div class=\"aux-parallax-section elementor-element elementor-element-2dd2a4b e-flex e-con-boxed e-con e-parent\" data-id=\"2dd2a4b\" data-element_type=\"container\" data-e-type=\"container\">\n\t\t\t\t\t<div class=\"e-con-inner\">\n\t\t<div class=\"elementor-element elementor-element-119af62 e-con-full e-flex e-con e-child\" data-id=\"119af62\" data-element_type=\"container\" data-e-type=\"container\">\n\t\t\t\t<div class=\"elementor-element elementor-element-3a6db43 aux-appear-watch-animation aux-fade-in-right-1 elementor-widget elementor-widget-aux_staff\" data-id=\"3a6db43\" data-element_type=\"widget\" data-e-type=\"widget\" data-widget_type=\"aux_staff.default\">\n\t\t\t\t<div class=\"elementor-widget-container\">\n\t\t\t\t\t<section class=\"aux-wrap-style-simple widget-container aux-widget-staff aux-parent-au8277e4e5\">    <div class=\"aux-staff-container aux-staff-pos-left aux-staff-text-center aux-staff-text-dark \" >\n            <div class=\"aux-staff-content\">\n                        <h4 class=\"col-title\">Rui Oliveira<\/h4>\n                        <h5 class=\"col-subtitle\">Coordenador<\/h5>\n                        <div class=\"entry-content\">\n                                <a href=\"mailto:direccao@beiradouro.pt\">direccao@beiradouro.pt<\/a>            <\/div>\n                    <\/div>\n\n    <\/div>\n\n\n<\/section><!-- widget-container -->\t\t\t\t<\/div>\n\t\t\t\t<\/div>\n\t\t\t\t<\/div>\n\t\t<div class=\"elementor-element elementor-element-f3d5739 e-con-full e-flex e-con e-child\" data-id=\"f3d5739\" data-element_type=\"container\" data-e-type=\"container\">\n\t\t\t\t<div class=\"elementor-element elementor-element-d63610e aux-appear-watch-animation aux-fade-in-right-1 elementor-widget elementor-widget-aux_staff\" data-id=\"d63610e\" data-element_type=\"widget\" data-e-type=\"widget\" data-widget_type=\"aux_staff.default\">\n\t\t\t\t<div class=\"elementor-widget-container\">\n\t\t\t\t\t<section class=\"aux-wrap-style-simple widget-container aux-widget-staff aux-parent-au5860585c\">    <div class=\"aux-staff-container aux-staff-pos-left aux-staff-text-center aux-staff-text-dark \" >\n            <div class=\"aux-staff-content\">\n                        <h4 class=\"col-title\">S\u00edlvia Bernardo<\/h4>\n                        <h5 class=\"col-subtitle\">Gestora Financeira<\/h5>\n                        <div class=\"entry-content\">\n                                <a href=\"mailto:silvia@beiradouro.pt\">silvia@beiradouro.pt<\/a>            <\/div>\n                    <\/div>\n\n    <\/div>\n\n\n<\/section><!-- widget-container -->\t\t\t\t<\/div>\n\t\t\t\t<\/div>\n\t\t\t\t<\/div>\n\t\t<div class=\"elementor-element elementor-element-f883fc3 e-con-full e-flex e-con e-child\" data-id=\"f883fc3\" data-element_type=\"container\" data-e-type=\"container\">\n\t\t\t\t<div class=\"elementor-element elementor-element-186f713 aux-appear-watch-animation aux-fade-in-right-1 elementor-widget elementor-widget-aux_staff\" data-id=\"186f713\" data-element_type=\"widget\" data-e-type=\"widget\" data-widget_type=\"aux_staff.default\">\n\t\t\t\t<div class=\"elementor-widget-container\">\n\t\t\t\t\t<section class=\"aux-wrap-style-simple widget-container aux-widget-staff aux-parent-au34670247\">    <div class=\"aux-staff-container aux-staff-pos-left aux-staff-text-center aux-staff-text-dark \" >\n            <div class=\"aux-staff-content\">\n                        <h4 class=\"col-title\">Ant\u00f3nio Silva<\/h4>\n                        <h5 class=\"col-subtitle\">Gestor de Projecto<\/h5>\n                        <div class=\"entry-content\">\n                                <a href=\"mailto:antoniosilva@beiradouro.pt\">antoniosilva@beiradouro.pt<\/a>\n            <\/div>\n                    <\/div>\n\n    <\/div>\n\n\n<\/section><!-- widget-container -->\t\t\t\t<\/div>\n\t\t\t\t<\/div>\n\t\t\t\t<\/div>\n\t\t<div class=\"elementor-element elementor-element-35d7c35 e-con-full e-flex e-con e-child\" data-id=\"35d7c35\" data-element_type=\"container\" data-e-type=\"container\">\n\t\t\t\t<\/div>\n\t\t<div class=\"elementor-element elementor-element-5a33c1b e-con-full e-flex e-con e-child\" data-id=\"5a33c1b\" data-element_type=\"container\" data-e-type=\"container\">\n\t\t\t\t<div class=\"elementor-element elementor-element-71ac48f aux-appear-watch-animation aux-fade-in-right-1 elementor-widget elementor-widget-aux_staff\" data-id=\"71ac48f\" data-element_type=\"widget\" data-e-type=\"widget\" data-widget_type=\"aux_staff.default\">\n\t\t\t\t<div class=\"elementor-widget-container\">\n\t\t\t\t\t<section class=\"aux-wrap-style-simple widget-container aux-widget-staff aux-parent-au1943e3f6\">    <div class=\"aux-staff-container aux-staff-pos-left aux-staff-text-center aux-staff-text-dark \" >\n            <div class=\"aux-staff-content\">\n                        <h4 class=\"col-title\">Nat\u00e9rcia Ribeiro<\/h4>\n                        <h5 class=\"col-subtitle\">Gestora de Projecto<\/h5>\n                        <div class=\"entry-content\">\n                                <a href=\"mailto:naterciaribeiro@beiradouro.pt\">naterciaribeiro@beiradouro.pt<\/a>\n            <\/div>\n                    <\/div>\n\n    <\/div>\n\n\n<\/section><!-- widget-container -->\t\t\t\t<\/div>\n\t\t\t\t<\/div>\n\t\t\t\t<\/div>\n\t\t<div class=\"elementor-element elementor-element-e7cb7c3 e-con-full e-flex e-con e-child\" data-id=\"e7cb7c3\" data-element_type=\"container\" data-e-type=\"container\">\n\t\t\t\t<\/div>\n\t\t\t\t\t<\/div>\n\t\t\t\t<\/div>\n\t\t\t\t<\/div>\n\t\t","protected":false},"excerpt":{"rendered":"<p>Rui Oliveira Coordenador direccao@beiradouro.pt S\u00edlvia Bernardo Gestora Financeira silvia@beiradouro.pt Ant\u00f3nio Silva Gestor de Projecto antoniosilva@beiradouro.pt Nat\u00e9rcia Ribeiro Gestora de Projecto naterciaribeiro@beiradouro.pt<\/p>\n","protected":false},"author":2,"featured_media":0,"parent":301,"menu_order":0,"comment_status":"closed","ping_status":"closed","template":"","meta":{"footnotes":""},"class_list":["post-335","page","type-page","status-publish","hentry"],"_links":{"self":[{"href":"https:\/\/beiradouro.pt\/vp\/wp-json\/wp\/v2\/pages\/335","targetHints":{"allow":["GET"]}}],"collection":[{"href":"https:\/\/beiradouro.pt\/vp\/wp-json\/wp\/v2\/pages"}],"about":[{"href":"https:\/\/beiradouro.pt\/vp\/wp-json\/wp\/v2\/types\/page"}],"author":[{"embeddable":true,"href":"https:\/\/beiradouro.pt\/vp\/wp-json\/wp\/v2\/users\/2"}],"replies":[{"embeddable":true,"href":"https:\/\/beiradouro.pt\/vp\/wp-json\/wp\/v2\/comments?post=335"}],"version-history":[{"count":22,"href":"https:\/\/beiradouro.pt\/vp\/wp-json\/wp\/v2\/pages\/335\/revisions"}],"predecessor-version":[{"id":1101,"href":"https:\/\/beiradouro.pt\/vp\/wp-json\/wp\/v2\/pages\/335\/revisions\/1101"}],"up":[{"embeddable":true,"href":"https:\/\/beiradouro.pt\/vp\/wp-json\/wp\/v2\/pages\/301"}],"wp:attachment":[{"href":"https:\/\/beiradouro.pt\/vp\/wp-json\/wp\/v2\/media?parent=335"}],"curies":[{"name":"wp","href":"https:\/\/api.w.org\/{rel}","templated":true}]}}