{"id":333,"date":"2025-06-01T14:18:27","date_gmt":"2025-06-01T14:18:27","guid":{"rendered":"https:\/\/personal.pt\/vp\/?page_id=333"},"modified":"2025-06-11T02:07:35","modified_gmt":"2025-06-11T02:07:35","slug":"fichas-de-projetos-2020","status":"publish","type":"page","link":"https:\/\/beiradouro.pt\/vp\/dlbc-2020\/fichas-de-projetos-2020\/","title":{"rendered":"Fichas de Projetos"},"content":{"rendered":"\t\t<div data-elementor-type=\"wp-page\" data-elementor-id=\"333\" class=\"elementor elementor-333\">\n\t\t\t\t<div class=\"aux-parallax-section elementor-element elementor-element-339e3a7 e-flex e-con-boxed e-con e-parent\" data-id=\"339e3a7\" data-element_type=\"container\" data-e-type=\"container\">\n\t\t\t\t\t<div class=\"e-con-inner\">\n\t\t\t\t<div class=\"elementor-element elementor-element-07cf496 aux-appear-watch-animation aux-fade-in-up-1 elementor-widget elementor-widget-aux_modern_heading\" data-id=\"07cf496\" data-element_type=\"widget\" data-e-type=\"widget\" data-widget_type=\"aux_modern_heading.default\">\n\t\t\t\t<div class=\"elementor-widget-container\">\n\t\t\t\t\t<section class=\"aux-widget-modern-heading\">\n            <div class=\"aux-widget-inner\"><h2 class=\"aux-modern-heading-primary\">Funcionamento e anima\u00e7\u00e3o do GAL Beira Douro<\/h2><div class=\"aux-modern-heading-divider\"><\/div><\/div>\n        <\/section>\t\t\t\t<\/div>\n\t\t\t\t<\/div>\n\t\t\t\t<div class=\"elementor-element elementor-element-56414cc aux-appear-watch-animation aux-fade-in-up-1 elementor-widget elementor-widget-text-editor\" data-id=\"56414cc\" data-element_type=\"widget\" data-e-type=\"widget\" data-widget_type=\"text-editor.default\">\n\t\t\t\t<div class=\"elementor-widget-container\">\n\t\t\t\t\t\t\t\t\t<p><strong>Designa\u00e7\u00e3o:<\/strong> Funcionamento e anima\u00e7\u00e3o do GAL Beira Douro<\/p><p><strong>C\u00f3digo do Projeto:<\/strong> PDR2020-10.4.1-FEADER-015120<\/p><p><strong>Entidade Benefici\u00e1ria: <\/strong>Beira Douro \u2013 Associa\u00e7\u00e3o de Desenvolvimento do Vale do Douro<\/p><p><strong>Regi\u00e3o de interven\u00e7\u00e3o: <\/strong>A \u00e1rea geogr\u00e1fica correspondente ao territ\u00f3rio de interven\u00e7\u00e3o do GAL Beira Douro corresponde aos concelhos de Armamar, Lamego, Moimenta da Beira, Penedono, S\u00e3o Jo\u00e3o da Pesqueira, Sernancelhe, Tabua\u00e7o e Tarouca.<\/p><p><strong>Data de Aprova\u00e7\u00e3o: <\/strong>09\/03\/2016<\/p><p><strong>Data de In\u00edcio: <\/strong>27\/08\/2015<\/p><p><strong>Data de Conclus\u00e3o: <\/strong>31-12-2020<\/p><p><strong>Custo Eleg\u00edvel: <\/strong>1.084.880,01\u20ac<\/p><p><strong>Apoio Financeiro da Uni\u00e3o Europeia: <\/strong>867.904,01\u20ac<\/p><p><strong>Apoio Financeiro P\u00fablico Nacional: <\/strong>216.976,00\u20ac<\/p><p><strong>Objetivos \/ Atividades: <\/strong>Promover o desempenho das fun\u00e7\u00f5es do Grupo de A\u00e7\u00e3o Local relativas \u00e0 implementa\u00e7\u00e3o, gest\u00e3o, acompanhamento, anima\u00e7\u00e3o e avalia\u00e7\u00e3o da estrat\u00e9gia de desenvolvimento local na vertente Desenvolvimento Local de Base Comunit\u00e1ria rural do Douro Sul.<\/p><p><strong>Resultados:<\/strong> Implementa\u00e7\u00e3o DLBC Douro Sul<\/p>\t\t\t\t\t\t\t\t<\/div>\n\t\t\t\t<\/div>\n\t\t\t\t<div class=\"elementor-element elementor-element-c52ea7f elementor-widget-divider--view-line_icon elementor-view-default elementor-widget-divider--element-align-center elementor-widget elementor-widget-divider\" data-id=\"c52ea7f\" data-element_type=\"widget\" data-e-type=\"widget\" data-widget_type=\"divider.default\">\n\t\t\t\t<div class=\"elementor-widget-container\">\n\t\t\t\t\t\t\t<div class=\"elementor-divider\">\n\t\t\t<span class=\"elementor-divider-separator\">\n\t\t\t\t\t\t\t<div class=\"elementor-icon elementor-divider__element\">\n\t\t\t\t\t<i aria-hidden=\"true\" class=\"fas fa-square-full\"><\/i><\/div>\n\t\t\t\t\t\t<\/span>\n\t\t<\/div>\n\t\t\t\t\t\t<\/div>\n\t\t\t\t<\/div>\n\t\t\t\t\t<\/div>\n\t\t\t\t<\/div>\n\t\t<div class=\"aux-parallax-section elementor-element elementor-element-37cd31e e-flex e-con-boxed e-con e-parent\" data-id=\"37cd31e\" data-element_type=\"container\" data-e-type=\"container\">\n\t\t\t\t\t<div class=\"e-con-inner\">\n\t\t\t\t<div class=\"elementor-element elementor-element-210af4a aux-appear-watch-animation aux-fade-in-up-1 elementor-widget elementor-widget-aux_modern_heading\" data-id=\"210af4a\" data-element_type=\"widget\" data-e-type=\"widget\" data-widget_type=\"aux_modern_heading.default\">\n\t\t\t\t<div class=\"elementor-widget-container\">\n\t\t\t\t\t<section class=\"aux-widget-modern-heading\">\n            <div class=\"aux-widget-inner\"><h2 class=\"aux-modern-heading-primary\">Refor\u00e7o da capacita\u00e7\u00e3o de atores e redes de promo\u00e7\u00e3o de a\u00e7\u00f5es de desenvolvimento<\/h2><h3 class=\"aux-modern-heading-secondary\"><span class=\"aux-head-highlight\">ENCERRADO<\/span><\/h3><div class=\"aux-modern-heading-divider\"><\/div><\/div>\n        <\/section>\t\t\t\t<\/div>\n\t\t\t\t<\/div>\n\t\t\t\t<div class=\"elementor-element elementor-element-a1eca16 aux-appear-watch-animation aux-fade-in-up-1 elementor-widget elementor-widget-text-editor\" data-id=\"a1eca16\" data-element_type=\"widget\" data-e-type=\"widget\" data-widget_type=\"text-editor.default\">\n\t\t\t\t<div class=\"elementor-widget-container\">\n\t\t\t\t\t\t\t\t\t<p><strong>Designa\u00e7\u00e3o:<\/strong> Refor\u00e7o da capacita\u00e7\u00e3o de atores e redes de promo\u00e7\u00e3o de a\u00e7\u00f5es de desenvolvimento<\/p><p><strong>C\u00f3digo do Projeto: <\/strong>NORTE-09-5864-FSE-000011<\/p><p><strong>Entidade Benefici\u00e1ria: <\/strong>Beira Douro \u2013 Associa\u00e7\u00e3o de Desenvolvimento do Vale do Douro<\/p><p><strong>Regi\u00e3o de interven\u00e7\u00e3o: <\/strong>A \u00e1rea geogr\u00e1fica correspondente ao territ\u00f3rio de interven\u00e7\u00e3o do GAL Beira Douro corresponde aos concelhos de Armamar, Lamego, Moimenta da Beira, Penedono, S\u00e3o Jo\u00e3o da Pesqueira, Sernancelhe, Tabua\u00e7o e Tarouca.<\/p><p><strong>Data de aprova\u00e7\u00e3o: <\/strong>11-10-2018<\/p><p><strong>Data de in\u00edcio: <\/strong>02-05-2018<\/p><p><strong>Data de conclus\u00e3o: <\/strong>30-04-2022<\/p><p><strong>Custo total eleg\u00edvel: <\/strong>141.744,71\u20ac<\/p><p><strong>Apoio financeiro da Uni\u00e3o Europeia: <\/strong>120.483,00\u20ac<\/p><p><strong>Apoio financeiro p\u00fablico nacional: <\/strong>21.261,71\u20ac<\/p><p><strong>Objetivo principal: <\/strong>Promover a inclus\u00e3o social e combater a pobreza.<\/p><p><strong>Objetivo Tem\u00e1tico: <\/strong>Melhorar a capacidade institucional das autoridades p\u00fablicas e partes interessadas e a efici\u00eancia da administra\u00e7\u00e3o p\u00fablica. Prioridade de investimento: Cria\u00e7\u00e3o de capacidades para todos os agentes que operam no dom\u00ednio da educa\u00e7\u00e3o, da aprendizagem ao longo da vida, da forma\u00e7\u00e3o, do emprego e das pol\u00edticas sociais, inclusive atrav\u00e9s de pactos setoriais e territoriais de prepara\u00e7\u00e3o de reformas a n\u00edvel nacional, regional e local.<\/p>\t\t\t\t\t\t\t\t<\/div>\n\t\t\t\t<\/div>\n\t\t\t\t\t<\/div>\n\t\t\t\t<\/div>\n\t\t\t\t<\/div>\n\t\t","protected":false},"excerpt":{"rendered":"<p>Funcionamento e anima\u00e7\u00e3o do GAL Beira Douro Designa\u00e7\u00e3o: Funcionamento e anima\u00e7\u00e3o do GAL Beira Douro C\u00f3digo do Projeto: PDR2020-10.4.1-FEADER-015120 Entidade Benefici\u00e1ria: Beira Douro \u2013 Associa\u00e7\u00e3o de Desenvolvimento do Vale do Douro Regi\u00e3o de interven\u00e7\u00e3o: A \u00e1rea geogr\u00e1fica correspondente ao territ\u00f3rio de interven\u00e7\u00e3o do GAL Beira Douro corresponde aos concelhos de Armamar, Lamego, Moimenta da Beira, [&hellip;]<\/p>\n","protected":false},"author":2,"featured_media":0,"parent":595,"menu_order":0,"comment_status":"closed","ping_status":"closed","template":"","meta":{"footnotes":""},"class_list":["post-333","page","type-page","status-publish","hentry"],"_links":{"self":[{"href":"https:\/\/beiradouro.pt\/vp\/wp-json\/wp\/v2\/pages\/333","targetHints":{"allow":["GET"]}}],"collection":[{"href":"https:\/\/beiradouro.pt\/vp\/wp-json\/wp\/v2\/pages"}],"about":[{"href":"https:\/\/beiradouro.pt\/vp\/wp-json\/wp\/v2\/types\/page"}],"author":[{"embeddable":true,"href":"https:\/\/beiradouro.pt\/vp\/wp-json\/wp\/v2\/users\/2"}],"replies":[{"embeddable":true,"href":"https:\/\/beiradouro.pt\/vp\/wp-json\/wp\/v2\/comments?post=333"}],"version-history":[{"count":15,"href":"https:\/\/beiradouro.pt\/vp\/wp-json\/wp\/v2\/pages\/333\/revisions"}],"predecessor-version":[{"id":763,"href":"https:\/\/beiradouro.pt\/vp\/wp-json\/wp\/v2\/pages\/333\/revisions\/763"}],"up":[{"embeddable":true,"href":"https:\/\/beiradouro.pt\/vp\/wp-json\/wp\/v2\/pages\/595"}],"wp:attachment":[{"href":"https:\/\/beiradouro.pt\/vp\/wp-json\/wp\/v2\/media?parent=333"}],"curies":[{"name":"wp","href":"https:\/\/api.w.org\/{rel}","templated":true}]}}