{"id":327,"date":"2025-06-01T14:15:37","date_gmt":"2025-06-01T14:15:37","guid":{"rendered":"https:\/\/personal.pt\/vp\/?page_id=327"},"modified":"2025-06-13T10:49:25","modified_gmt":"2025-06-13T10:49:25","slug":"territorio","status":"publish","type":"page","link":"https:\/\/beiradouro.pt\/vp\/beira-douro\/territorio\/","title":{"rendered":"Territ\u00f3rio"},"content":{"rendered":"\t\t<div data-elementor-type=\"wp-page\" data-elementor-id=\"327\" class=\"elementor elementor-327\">\n\t\t\t\t<div class=\"aux-parallax-section elementor-element elementor-element-7899f1e e-flex e-con-boxed e-con e-parent\" data-id=\"7899f1e\" data-element_type=\"container\" data-e-type=\"container\">\n\t\t\t\t\t<div class=\"e-con-inner\">\n\t\t<div class=\"elementor-element elementor-element-7157665 e-con-full e-flex e-con e-child\" data-id=\"7157665\" data-element_type=\"container\" data-e-type=\"container\">\n\t\t\t\t<div class=\"elementor-element elementor-element-888ecd0 aux-appear-watch-animation aux-fade-in-up-1 elementor-widget elementor-widget-aux_modern_heading\" data-id=\"888ecd0\" data-element_type=\"widget\" data-e-type=\"widget\" data-widget_type=\"aux_modern_heading.default\">\n\t\t\t\t<div class=\"elementor-widget-container\">\n\t\t\t\t\t<section class=\"aux-widget-modern-heading\">\n            <div class=\"aux-widget-inner\"><h2 class=\"aux-modern-heading-primary\"><\/h2><h3 class=\"aux-modern-heading-secondary\"><span class=\"aux-head-before\">A Regi\u00e3o<\/span><\/h3><div class=\"aux-modern-heading-divider\"><\/div><div class=\"aux-modern-heading-description\"><p>A Beira Douro \u2013 Associa\u00e7\u00e3o de Desenvolvimento do Vale do Douro, interv\u00e9m sobre um territ\u00f3rio alargado, inserido na vertente Sul da NUT III Douro, composto por oito concelhos.<\/p><\/div><\/div>\n        <\/section>\t\t\t\t<\/div>\n\t\t\t\t<\/div>\n\t\t\t\t<\/div>\n\t\t\t\t\t<\/div>\n\t\t\t\t<\/div>\n\t\t<div class=\"aux-parallax-section elementor-element elementor-element-84f208c e-flex e-con-boxed e-con e-parent\" data-id=\"84f208c\" data-element_type=\"container\" data-e-type=\"container\" data-settings=\"{&quot;background_background&quot;:&quot;classic&quot;}\">\n\t\t\t\t\t<div class=\"e-con-inner\">\n\t\t<div class=\"elementor-element elementor-element-bcae368 e-con-full e-flex e-con e-child\" data-id=\"bcae368\" data-element_type=\"container\" data-e-type=\"container\">\n\t\t\t\t<div class=\"elementor-element elementor-element-550d504 aux-appear-watch-animation aux-fade-in-up-1 elementor-widget elementor-widget-aux_modern_heading\" data-id=\"550d504\" data-element_type=\"widget\" data-e-type=\"widget\" data-widget_type=\"aux_modern_heading.default\">\n\t\t\t\t<div class=\"elementor-widget-container\">\n\t\t\t\t\t<section class=\"aux-widget-modern-heading\">\n            <div class=\"aux-widget-inner\"><h2 class=\"aux-modern-heading-primary\">ARMAMAR<\/h2><div class=\"aux-modern-heading-divider\"><\/div><\/div>\n        <\/section>\t\t\t\t<\/div>\n\t\t\t\t<\/div>\n\t\t\t\t<div class=\"elementor-element elementor-element-43f3824 aux-appear-watch-animation aux-fade-in-up-1 elementor-widget elementor-widget-text-editor\" data-id=\"43f3824\" data-element_type=\"widget\" data-e-type=\"widget\" data-widget_type=\"text-editor.default\">\n\t\t\t\t<div class=\"elementor-widget-container\">\n\t\t\t\t\t\t\t\t\t<p>\u00c9 uma vila hist\u00f3rica, de origem goda, situada a cerca de 500 metros de altitude na encosta de um monte. Na sua hist\u00f3ria consta a passagem de D. Afonso Henriques (1\u00ba Rei de Portugal) e do seu aio D. Egas Moniz.<\/p><p>Os seus miradouros d\u00e3o para paisagens magn\u00edficas, onde h\u00e1 terrenos que se dividem entre pomares de ma\u00e7\u00e3 e vinhas. H\u00e1 tamb\u00e9m terrenos com medronheiros (fruto vermelho de sabor agridoce) que s\u00e3o, na sua maioria, transformados em \u00e1lcool.<\/p><p>A gastronomia \u00e9 rica, sendo o cabritinho assado o prato mais tradicional acompanhado por bons vinhos. O artesanato \u00e9 singular (latoaria, tecelagem, tanoaria, cestaria e cal\u00e7ado em madeira).<\/p>\t\t\t\t\t\t\t\t<\/div>\n\t\t\t\t<\/div>\n\t\t\t\t<div class=\"elementor-element elementor-element-c2dc9d3 aux-appear-watch-animation aux-fade-in-up-1 elementor-widget elementor-widget-aux_button\" data-id=\"c2dc9d3\" data-element_type=\"widget\" data-e-type=\"widget\" data-widget_type=\"aux_button.default\">\n\t\t\t\t<div class=\"elementor-widget-container\">\n\t\t\t\t\t<a  href=\"https:\/\/www.cm-armamar.pt\/\" target=\"_blank\"   class=\"aux-button aux-medium aux-black aux-curve aux-none aux-uppercase\" ><span class=\"aux-overlay\"><\/span><span class=\"aux-text\">P\u00e1gina do Munic\u00edpio<\/span><i aria-hidden=\"true\" class=\"aux-icon auxicon auxicon-link-external\"><\/i><\/a>\t\t\t\t<\/div>\n\t\t\t\t<\/div>\n\t\t\t\t<\/div>\n\t\t<div class=\"elementor-element elementor-element-dcda07c e-con-full e-flex e-con e-child\" data-id=\"dcda07c\" data-element_type=\"container\" data-e-type=\"container\">\n\t\t\t\t<div class=\"elementor-element elementor-element-d9ff911 aux-appear-watch-animation aux-fade-in-right-1 elementor-widget elementor-widget-aux_image\" data-id=\"d9ff911\" data-element_type=\"widget\" data-e-type=\"widget\" data-widget_type=\"aux_image.default\">\n\t\t\t\t<div class=\"elementor-widget-container\">\n\t\t\t\t\t<section class=\"widget-container aux-widget-image aux-alignnone aux-parent-au56f32c1d\">\n    <div class=\"aux-media-hint-frame \">\n        <div class=\"aux-media-image \" >\n        \n            \n\n            \n            <img fetchpriority=\"high\" decoding=\"async\" width=\"440\" height=\"444\" src=\"data:image\/gif;base64,R0lGODlhAQABAIAAAAAAAP\/\/\/yH5BAEAAAAALAAAAAABAAEAAAIBRAA7\" class=\"aux-attachment aux-featured-image aux-attachment-id-401 aux-preload aux-blank\" alt=\"Armamar\" data-ratio=\"0.99\" data-original-w=\"440\" data-src=\"https:\/\/beiradouro.pt\/vp\/wp-content\/uploads\/2025\/06\/armamar_team.jpg\" \/>            \n                <\/div>\n    <\/div>\n\n<\/section><!-- widget-container -->\t\t\t\t<\/div>\n\t\t\t\t<\/div>\n\t\t\t\t<\/div>\n\t\t\t\t\t<\/div>\n\t\t\t\t<\/div>\n\t\t<div class=\"aux-parallax-section elementor-element elementor-element-62121ed e-flex e-con-boxed e-con e-parent\" data-id=\"62121ed\" data-element_type=\"container\" data-e-type=\"container\">\n\t\t\t\t\t<div class=\"e-con-inner\">\n\t\t<div class=\"elementor-element elementor-element-47ebcad e-con-full e-flex e-con e-child\" data-id=\"47ebcad\" data-element_type=\"container\" data-e-type=\"container\">\n\t\t\t\t<div class=\"elementor-element elementor-element-6c19f57 elementor-widget elementor-widget-spacer\" data-id=\"6c19f57\" data-element_type=\"widget\" data-e-type=\"widget\" data-widget_type=\"spacer.default\">\n\t\t\t\t<div class=\"elementor-widget-container\">\n\t\t\t\t\t\t\t<div class=\"elementor-spacer\">\n\t\t\t<div class=\"elementor-spacer-inner\"><\/div>\n\t\t<\/div>\n\t\t\t\t\t\t<\/div>\n\t\t\t\t<\/div>\n\t\t\t\t<\/div>\n\t\t\t\t\t<\/div>\n\t\t\t\t<\/div>\n\t\t<div class=\"aux-parallax-section elementor-element elementor-element-3a4b55d e-flex e-con-boxed e-con e-parent\" data-id=\"3a4b55d\" data-element_type=\"container\" data-e-type=\"container\" data-settings=\"{&quot;background_background&quot;:&quot;classic&quot;}\">\n\t\t\t\t\t<div class=\"e-con-inner\">\n\t\t<div class=\"elementor-element elementor-element-f7c5186 e-con-full e-flex e-con e-child\" data-id=\"f7c5186\" data-element_type=\"container\" data-e-type=\"container\">\n\t\t\t\t<div class=\"elementor-element elementor-element-e40fda0 aux-appear-watch-animation aux-fade-in-right-1 elementor-widget elementor-widget-aux_image\" data-id=\"e40fda0\" data-element_type=\"widget\" data-e-type=\"widget\" data-widget_type=\"aux_image.default\">\n\t\t\t\t<div class=\"elementor-widget-container\">\n\t\t\t\t\t<section class=\"widget-container aux-widget-image aux-alignnone aux-parent-au5ca4105a\">\n    <div class=\"aux-media-hint-frame \">\n        <div class=\"aux-media-image \" >\n        \n            \n\n            \n            <img decoding=\"async\" width=\"440\" height=\"444\" src=\"data:image\/gif;base64,R0lGODlhAQABAIAAAAAAAP\/\/\/yH5BAEAAAAALAAAAAABAAEAAAIBRAA7\" class=\"aux-attachment aux-featured-image aux-attachment-id-400 aux-preload aux-blank\" alt=\"Lamego\" data-ratio=\"0.99\" data-original-w=\"440\" data-src=\"https:\/\/beiradouro.pt\/vp\/wp-content\/uploads\/2025\/06\/lamego_team.jpg\" \/>            \n                <\/div>\n    <\/div>\n\n<\/section><!-- widget-container -->\t\t\t\t<\/div>\n\t\t\t\t<\/div>\n\t\t\t\t<\/div>\n\t\t<div class=\"elementor-element elementor-element-7b54f4c e-con-full e-flex e-con e-child\" data-id=\"7b54f4c\" data-element_type=\"container\" data-e-type=\"container\">\n\t\t\t\t<div class=\"elementor-element elementor-element-339f2e7 aux-appear-watch-animation aux-fade-in-up-1 elementor-widget elementor-widget-aux_modern_heading\" data-id=\"339f2e7\" data-element_type=\"widget\" data-e-type=\"widget\" data-widget_type=\"aux_modern_heading.default\">\n\t\t\t\t<div class=\"elementor-widget-container\">\n\t\t\t\t\t<section class=\"aux-widget-modern-heading\">\n            <div class=\"aux-widget-inner\"><h2 class=\"aux-modern-heading-primary\">LAMEGO<\/h2><div class=\"aux-modern-heading-divider\"><\/div><\/div>\n        <\/section>\t\t\t\t<\/div>\n\t\t\t\t<\/div>\n\t\t\t\t<div class=\"elementor-element elementor-element-48f8565 aux-appear-watch-animation aux-fade-in-up-1 elementor-widget elementor-widget-text-editor\" data-id=\"48f8565\" data-element_type=\"widget\" data-e-type=\"widget\" data-widget_type=\"text-editor.default\">\n\t\t\t\t<div class=\"elementor-widget-container\">\n\t\t\t\t\t\t\t\t\t<p>Lamego \u00e9 uma cidade do Distrito de Viseu, com cerca de 10 796 habitantes. Foi uma das primeiras cidades a tornar-se sede de Bispado.<\/p><p>\u00c9 uma cidade hist\u00f3rica e monumental, pois possui in\u00fameros monumentos, igrejas e casas brasonadas.<\/p><p>A Romaria de Nossa Senhora dos Rem\u00e9dios, que decorre no m\u00eas de Setembro, traz \u00e0 cidade muitos visitantes. Durante a Romaria a cidade \u00e9 invadida por acontecimentos culturais e religiosos e muitas emo\u00e7\u00f5es: h\u00e1 prociss\u00f5es, desfiles, bandas de m\u00fasica, folclore e muitos foguetes.<\/p><p>A cidade oferece uma gastronomia deliciosa, onde est\u00e1 inserida a do\u00e7aria conventual. O artesanato \u00e9 rico e diversificado.<\/p>\t\t\t\t\t\t\t\t<\/div>\n\t\t\t\t<\/div>\n\t\t\t\t<div class=\"elementor-element elementor-element-523269a aux-appear-watch-animation aux-fade-in-up-1 elementor-widget elementor-widget-aux_button\" data-id=\"523269a\" data-element_type=\"widget\" data-e-type=\"widget\" data-widget_type=\"aux_button.default\">\n\t\t\t\t<div class=\"elementor-widget-container\">\n\t\t\t\t\t<a  href=\"https:\/\/www.cm-lamego.pt\/\" target=\"_blank\"   class=\"aux-button aux-medium aux-black aux-curve aux-none aux-uppercase\" ><span class=\"aux-overlay\"><\/span><span class=\"aux-text\">P\u00e1gina do Munic\u00edpio<\/span><i aria-hidden=\"true\" class=\"aux-icon auxicon auxicon-link-external\"><\/i><\/a>\t\t\t\t<\/div>\n\t\t\t\t<\/div>\n\t\t\t\t<\/div>\n\t\t\t\t\t<\/div>\n\t\t\t\t<\/div>\n\t\t<div class=\"aux-parallax-section elementor-element elementor-element-94d68e7 e-flex e-con-boxed e-con e-parent\" data-id=\"94d68e7\" data-element_type=\"container\" data-e-type=\"container\">\n\t\t\t\t\t<div class=\"e-con-inner\">\n\t\t<div class=\"elementor-element elementor-element-95ed2d8 e-con-full e-flex e-con e-child\" data-id=\"95ed2d8\" data-element_type=\"container\" data-e-type=\"container\">\n\t\t\t\t<div class=\"elementor-element elementor-element-510a30a elementor-widget elementor-widget-spacer\" data-id=\"510a30a\" data-element_type=\"widget\" data-e-type=\"widget\" data-widget_type=\"spacer.default\">\n\t\t\t\t<div class=\"elementor-widget-container\">\n\t\t\t\t\t\t\t<div class=\"elementor-spacer\">\n\t\t\t<div class=\"elementor-spacer-inner\"><\/div>\n\t\t<\/div>\n\t\t\t\t\t\t<\/div>\n\t\t\t\t<\/div>\n\t\t\t\t<\/div>\n\t\t\t\t\t<\/div>\n\t\t\t\t<\/div>\n\t\t<div class=\"aux-parallax-section elementor-element elementor-element-386eb3e e-flex e-con-boxed e-con e-parent\" data-id=\"386eb3e\" data-element_type=\"container\" data-e-type=\"container\" data-settings=\"{&quot;background_background&quot;:&quot;classic&quot;}\">\n\t\t\t\t\t<div class=\"e-con-inner\">\n\t\t<div class=\"elementor-element elementor-element-ee7a71d e-con-full e-flex e-con e-child\" data-id=\"ee7a71d\" data-element_type=\"container\" data-e-type=\"container\">\n\t\t\t\t<div class=\"elementor-element elementor-element-c0dbd42 aux-appear-watch-animation aux-fade-in-up-1 elementor-widget elementor-widget-aux_modern_heading\" data-id=\"c0dbd42\" data-element_type=\"widget\" data-e-type=\"widget\" data-widget_type=\"aux_modern_heading.default\">\n\t\t\t\t<div class=\"elementor-widget-container\">\n\t\t\t\t\t<section class=\"aux-widget-modern-heading\">\n            <div class=\"aux-widget-inner\"><h2 class=\"aux-modern-heading-primary\">MOIMENTA DA BEIRA<\/h2><div class=\"aux-modern-heading-divider\"><\/div><\/div>\n        <\/section>\t\t\t\t<\/div>\n\t\t\t\t<\/div>\n\t\t\t\t<div class=\"elementor-element elementor-element-1363e07 aux-appear-watch-animation aux-fade-in-up-1 elementor-widget elementor-widget-text-editor\" data-id=\"1363e07\" data-element_type=\"widget\" data-e-type=\"widget\" data-widget_type=\"text-editor.default\">\n\t\t\t\t<div class=\"elementor-widget-container\">\n\t\t\t\t\t\t\t\t\t<p>\u00c9 uma Vila do Distrito de Viseu. A Vila de Moimenta da Beira ter\u00e1 sido formada no s\u00e9culo XIII, por Egas Moniz, depois do repovoamento, feito pelo Conde D. Henrique, ap\u00f3s a Reconquista Crist\u00e3.<\/p><p>A sua paisagem montanhosa e gran\u00edtica em contrate com a zona ribeirinha da Albufeira do Vilar atraiu povos pr\u00e9-hist\u00f3ricos: civiliza\u00e7\u00f5es castrejas, romanos e \u00e1rabes.<\/p><p>Aqui \u00e9 poss\u00edvel encontrar muitos vest\u00edgios pr\u00e9-hist\u00f3ricos e praias fluviais que convidam a descontrair.<\/p><p>H\u00e1 pomares de ma\u00e7\u00e3 e campos de batatas e cereais; pastos verdes cobertos de gado e rebanhos de ovelhas.<\/p>\t\t\t\t\t\t\t\t<\/div>\n\t\t\t\t<\/div>\n\t\t\t\t<div class=\"elementor-element elementor-element-bc1beee aux-appear-watch-animation aux-fade-in-up-1 elementor-widget elementor-widget-aux_button\" data-id=\"bc1beee\" data-element_type=\"widget\" data-e-type=\"widget\" data-widget_type=\"aux_button.default\">\n\t\t\t\t<div class=\"elementor-widget-container\">\n\t\t\t\t\t<a  href=\"https:\/\/www.cm-moimenta.pt\/\" target=\"_blank\"   class=\"aux-button aux-medium aux-black aux-curve aux-none aux-uppercase\" ><span class=\"aux-overlay\"><\/span><span class=\"aux-text\">P\u00e1gina do Munic\u00edpio<\/span><i aria-hidden=\"true\" class=\"aux-icon auxicon auxicon-link-external\"><\/i><\/a>\t\t\t\t<\/div>\n\t\t\t\t<\/div>\n\t\t\t\t<\/div>\n\t\t<div class=\"elementor-element elementor-element-9d26874 e-con-full e-flex e-con e-child\" data-id=\"9d26874\" data-element_type=\"container\" data-e-type=\"container\">\n\t\t\t\t<div class=\"elementor-element elementor-element-5a5e71d aux-appear-watch-animation aux-fade-in-right-1 elementor-widget elementor-widget-aux_image\" data-id=\"5a5e71d\" data-element_type=\"widget\" data-e-type=\"widget\" data-widget_type=\"aux_image.default\">\n\t\t\t\t<div class=\"elementor-widget-container\">\n\t\t\t\t\t<section class=\"widget-container aux-widget-image aux-alignnone aux-parent-au480cd9c3\">\n    <div class=\"aux-media-hint-frame \">\n        <div class=\"aux-media-image \" >\n        \n            \n\n            \n            <img decoding=\"async\" width=\"440\" height=\"444\" src=\"data:image\/gif;base64,R0lGODlhAQABAIAAAAAAAP\/\/\/yH5BAEAAAAALAAAAAABAAEAAAIBRAA7\" class=\"aux-attachment aux-featured-image aux-attachment-id-398 aux-preload aux-blank\" alt=\"moimenta_team\" data-ratio=\"0.99\" data-original-w=\"440\" data-src=\"https:\/\/beiradouro.pt\/vp\/wp-content\/uploads\/2025\/06\/moimenta_team.jpg\" \/>            \n                <\/div>\n    <\/div>\n\n<\/section><!-- widget-container -->\t\t\t\t<\/div>\n\t\t\t\t<\/div>\n\t\t\t\t<\/div>\n\t\t\t\t\t<\/div>\n\t\t\t\t<\/div>\n\t\t<div class=\"aux-parallax-section elementor-element elementor-element-4ddfe75 e-flex e-con-boxed e-con e-parent\" data-id=\"4ddfe75\" data-element_type=\"container\" data-e-type=\"container\">\n\t\t\t\t\t<div class=\"e-con-inner\">\n\t\t<div class=\"elementor-element elementor-element-a8f3f2e e-con-full e-flex e-con e-child\" data-id=\"a8f3f2e\" data-element_type=\"container\" data-e-type=\"container\">\n\t\t\t\t<div class=\"elementor-element elementor-element-1c583ff elementor-widget elementor-widget-spacer\" data-id=\"1c583ff\" data-element_type=\"widget\" data-e-type=\"widget\" data-widget_type=\"spacer.default\">\n\t\t\t\t<div class=\"elementor-widget-container\">\n\t\t\t\t\t\t\t<div class=\"elementor-spacer\">\n\t\t\t<div class=\"elementor-spacer-inner\"><\/div>\n\t\t<\/div>\n\t\t\t\t\t\t<\/div>\n\t\t\t\t<\/div>\n\t\t\t\t<\/div>\n\t\t\t\t\t<\/div>\n\t\t\t\t<\/div>\n\t\t<div class=\"aux-parallax-section elementor-element elementor-element-bfff4f5 e-flex e-con-boxed e-con e-parent\" data-id=\"bfff4f5\" data-element_type=\"container\" data-e-type=\"container\" data-settings=\"{&quot;background_background&quot;:&quot;classic&quot;}\">\n\t\t\t\t\t<div class=\"e-con-inner\">\n\t\t<div class=\"elementor-element elementor-element-a95241e e-con-full e-flex e-con e-child\" data-id=\"a95241e\" data-element_type=\"container\" data-e-type=\"container\">\n\t\t\t\t<div class=\"elementor-element elementor-element-600b1ce aux-appear-watch-animation aux-fade-in-right-1 elementor-widget elementor-widget-aux_image\" data-id=\"600b1ce\" data-element_type=\"widget\" data-e-type=\"widget\" data-widget_type=\"aux_image.default\">\n\t\t\t\t<div class=\"elementor-widget-container\">\n\t\t\t\t\t<section class=\"widget-container aux-widget-image aux-alignnone aux-parent-aua5a9d3d8\">\n    <div class=\"aux-media-hint-frame \">\n        <div class=\"aux-media-image \" >\n        \n            \n\n            \n            <img loading=\"lazy\" decoding=\"async\" width=\"440\" height=\"444\" src=\"data:image\/gif;base64,R0lGODlhAQABAIAAAAAAAP\/\/\/yH5BAEAAAAALAAAAAABAAEAAAIBRAA7\" class=\"aux-attachment aux-featured-image aux-attachment-id-397 aux-preload aux-blank\" alt=\"penedono_team\" data-ratio=\"0.99\" data-original-w=\"440\" data-src=\"https:\/\/beiradouro.pt\/vp\/wp-content\/uploads\/2025\/06\/penedono_team.jpg\" \/>            \n                <\/div>\n    <\/div>\n\n<\/section><!-- widget-container -->\t\t\t\t<\/div>\n\t\t\t\t<\/div>\n\t\t\t\t<\/div>\n\t\t<div class=\"elementor-element elementor-element-6276cb5 e-con-full e-flex e-con e-child\" data-id=\"6276cb5\" data-element_type=\"container\" data-e-type=\"container\">\n\t\t\t\t<div class=\"elementor-element elementor-element-b0c5036 aux-appear-watch-animation aux-fade-in-up-1 elementor-widget elementor-widget-aux_modern_heading\" data-id=\"b0c5036\" data-element_type=\"widget\" data-e-type=\"widget\" data-widget_type=\"aux_modern_heading.default\">\n\t\t\t\t<div class=\"elementor-widget-container\">\n\t\t\t\t\t<section class=\"aux-widget-modern-heading\">\n            <div class=\"aux-widget-inner\"><h2 class=\"aux-modern-heading-primary\">PENEDONO\n<\/h2><div class=\"aux-modern-heading-divider\"><\/div><\/div>\n        <\/section>\t\t\t\t<\/div>\n\t\t\t\t<\/div>\n\t\t\t\t<div class=\"elementor-element elementor-element-1429f78 aux-appear-watch-animation aux-fade-in-up-1 elementor-widget elementor-widget-text-editor\" data-id=\"1429f78\" data-element_type=\"widget\" data-e-type=\"widget\" data-widget_type=\"text-editor.default\">\n\t\t\t\t<div class=\"elementor-widget-container\">\n\t\t\t\t\t\t\t\t\t<p>Penedono \u00e9 uma Vila do distrito de Viseu, com cerca de 1 100 habitantes. Domina a Vila o seu Castelo Medieval do s\u00e9culo XI. Reza a hist\u00f3ria que nesse mesmo Castelo nasceu o celebre \u201cGr\u00e3o Magri\u00e7o\u201d, um dos Doze da Inglaterra, imortalizado nos \u201cLus\u00edadas\u201d por Lu\u00eds de Cam\u00f5es.<\/p><p>A sua \u00e9poca \u00e1urea foi vivida durante a 2\u00ba Guerra Mundial, quando foi descoberto o precioso volfr\u00e2mio nas suas terras, que foi ent\u00e3o extra\u00edda para ajudar na constru\u00e7\u00e3o do armamento militar.<\/p><p>As paisagens de Penedono s\u00e3o fant\u00e1sticas e de fortes contrastes. Os solos s\u00e3o ocupados com grandes castanheiros, pastos e ancestrais monumentos megal\u00edticos.<\/p><p>A devo\u00e7\u00e3o das suas gentes pelos santos padroeiros exprime-se nas festas e romarias que animam as freguesias devotas.<\/p>\t\t\t\t\t\t\t\t<\/div>\n\t\t\t\t<\/div>\n\t\t\t\t<div class=\"elementor-element elementor-element-f14a568 aux-appear-watch-animation aux-fade-in-up-1 elementor-widget elementor-widget-aux_button\" data-id=\"f14a568\" data-element_type=\"widget\" data-e-type=\"widget\" data-widget_type=\"aux_button.default\">\n\t\t\t\t<div class=\"elementor-widget-container\">\n\t\t\t\t\t<a  href=\"https:\/\/www.cm-penedono.pt\/\" target=\"_blank\"   class=\"aux-button aux-medium aux-black aux-curve aux-none aux-uppercase\" ><span class=\"aux-overlay\"><\/span><span class=\"aux-text\">P\u00e1gina do Munic\u00edpio<\/span><i aria-hidden=\"true\" class=\"aux-icon auxicon auxicon-link-external\"><\/i><\/a>\t\t\t\t<\/div>\n\t\t\t\t<\/div>\n\t\t\t\t<\/div>\n\t\t\t\t\t<\/div>\n\t\t\t\t<\/div>\n\t\t<div class=\"aux-parallax-section elementor-element elementor-element-ee3ad4d e-flex e-con-boxed e-con e-parent\" data-id=\"ee3ad4d\" data-element_type=\"container\" data-e-type=\"container\">\n\t\t\t\t\t<div class=\"e-con-inner\">\n\t\t<div class=\"elementor-element elementor-element-191f2ab e-con-full e-flex e-con e-child\" data-id=\"191f2ab\" data-element_type=\"container\" data-e-type=\"container\">\n\t\t\t\t<div class=\"elementor-element elementor-element-a20c66a elementor-widget elementor-widget-spacer\" data-id=\"a20c66a\" data-element_type=\"widget\" data-e-type=\"widget\" data-widget_type=\"spacer.default\">\n\t\t\t\t<div class=\"elementor-widget-container\">\n\t\t\t\t\t\t\t<div class=\"elementor-spacer\">\n\t\t\t<div class=\"elementor-spacer-inner\"><\/div>\n\t\t<\/div>\n\t\t\t\t\t\t<\/div>\n\t\t\t\t<\/div>\n\t\t\t\t<\/div>\n\t\t\t\t\t<\/div>\n\t\t\t\t<\/div>\n\t\t<div class=\"aux-parallax-section elementor-element elementor-element-b39d562 e-flex e-con-boxed e-con e-parent\" data-id=\"b39d562\" data-element_type=\"container\" data-e-type=\"container\" data-settings=\"{&quot;background_background&quot;:&quot;classic&quot;}\">\n\t\t\t\t\t<div class=\"e-con-inner\">\n\t\t<div class=\"elementor-element elementor-element-29240dd e-con-full e-flex e-con e-child\" data-id=\"29240dd\" data-element_type=\"container\" data-e-type=\"container\">\n\t\t\t\t<div class=\"elementor-element elementor-element-704cb3d aux-appear-watch-animation aux-fade-in-up-1 elementor-widget elementor-widget-aux_modern_heading\" data-id=\"704cb3d\" data-element_type=\"widget\" data-e-type=\"widget\" data-widget_type=\"aux_modern_heading.default\">\n\t\t\t\t<div class=\"elementor-widget-container\">\n\t\t\t\t\t<section class=\"aux-widget-modern-heading\">\n            <div class=\"aux-widget-inner\"><h2 class=\"aux-modern-heading-primary\">S\u00c3O JO\u00c3O DA PESQUEIRA<\/h2><div class=\"aux-modern-heading-divider\"><\/div><\/div>\n        <\/section>\t\t\t\t<\/div>\n\t\t\t\t<\/div>\n\t\t\t\t<div class=\"elementor-element elementor-element-174e7a9 aux-appear-watch-animation aux-fade-in-up-1 elementor-widget elementor-widget-text-editor\" data-id=\"174e7a9\" data-element_type=\"widget\" data-e-type=\"widget\" data-widget_type=\"text-editor.default\">\n\t\t\t\t<div class=\"elementor-widget-container\">\n\t\t\t\t\t\t\t\t\t<p>S\u00e3o Jo\u00e3o da Pesqueira \u00e9 uma Vila do Distrito de Viseu com cerca de 2000 habitantes, localizada a cerca de 850 metros de altitude. O nome Pesqueira data do s\u00e9culo XII, e teve origem na abund\u00e2ncia de peixe nas \u00e1guas pr\u00f3ximas do enclave rochoso \u201cCach\u00e3o da Valeira\u201d.<\/p><p>A Vila tem um dos mais antigos forais portugueses, outorgado por Fernando, o Magno, Rei de Castela e Le\u00e3o.<\/p><p>Aqui domina a paisagem verde, da vinha, oliveira e amendoeira. Os miradouros d\u00e3o para paisagens soberbas do Douro com uma beleza encantadora.<\/p><p>As pra\u00e7as e ruas da vila est\u00e3o cheias de solares brasonados capelas e igrejas rom\u00e2nicas, e conheceram importantes figuras da nossa hist\u00f3ria tais como os Condes de T\u00e1vora ou o Marqu\u00eas de Pombal.<\/p>\t\t\t\t\t\t\t\t<\/div>\n\t\t\t\t<\/div>\n\t\t\t\t<div class=\"elementor-element elementor-element-8e684e4 aux-appear-watch-animation aux-fade-in-up-1 elementor-widget elementor-widget-aux_button\" data-id=\"8e684e4\" data-element_type=\"widget\" data-e-type=\"widget\" data-widget_type=\"aux_button.default\">\n\t\t\t\t<div class=\"elementor-widget-container\">\n\t\t\t\t\t<a  href=\"https:\/\/www.sjpesqueira.pt\/\" target=\"_blank\"   class=\"aux-button aux-medium aux-black aux-curve aux-none aux-uppercase\" ><span class=\"aux-overlay\"><\/span><span class=\"aux-text\">P\u00e1gina do Munic\u00edpio<\/span><i aria-hidden=\"true\" class=\"aux-icon auxicon auxicon-link-external\"><\/i><\/a>\t\t\t\t<\/div>\n\t\t\t\t<\/div>\n\t\t\t\t<\/div>\n\t\t<div class=\"elementor-element elementor-element-b36bd21 e-con-full e-flex e-con e-child\" data-id=\"b36bd21\" data-element_type=\"container\" data-e-type=\"container\">\n\t\t\t\t<div class=\"elementor-element elementor-element-9085731 aux-appear-watch-animation aux-fade-in-right-1 elementor-widget elementor-widget-aux_image\" data-id=\"9085731\" data-element_type=\"widget\" data-e-type=\"widget\" data-widget_type=\"aux_image.default\">\n\t\t\t\t<div class=\"elementor-widget-container\">\n\t\t\t\t\t<section class=\"widget-container aux-widget-image aux-alignnone aux-parent-au4682c25f\">\n    <div class=\"aux-media-hint-frame \">\n        <div class=\"aux-media-image \" >\n        \n            \n\n            \n            <img loading=\"lazy\" decoding=\"async\" width=\"440\" height=\"444\" src=\"data:image\/gif;base64,R0lGODlhAQABAIAAAAAAAP\/\/\/yH5BAEAAAAALAAAAAABAAEAAAIBRAA7\" class=\"aux-attachment aux-featured-image aux-attachment-id-396 aux-preload aux-blank\" alt=\"pesqueira_team\" data-ratio=\"0.99\" data-original-w=\"440\" data-src=\"https:\/\/beiradouro.pt\/vp\/wp-content\/uploads\/2025\/06\/pesqueira_team.jpg\" \/>            \n                <\/div>\n    <\/div>\n\n<\/section><!-- widget-container -->\t\t\t\t<\/div>\n\t\t\t\t<\/div>\n\t\t\t\t<\/div>\n\t\t\t\t\t<\/div>\n\t\t\t\t<\/div>\n\t\t<div class=\"aux-parallax-section elementor-element elementor-element-abbb2a6 e-flex e-con-boxed e-con e-parent\" data-id=\"abbb2a6\" data-element_type=\"container\" data-e-type=\"container\">\n\t\t\t\t\t<div class=\"e-con-inner\">\n\t\t<div class=\"elementor-element elementor-element-471f778 e-con-full e-flex e-con e-child\" data-id=\"471f778\" data-element_type=\"container\" data-e-type=\"container\">\n\t\t\t\t<div class=\"elementor-element elementor-element-cdbed84 elementor-widget elementor-widget-spacer\" data-id=\"cdbed84\" data-element_type=\"widget\" data-e-type=\"widget\" data-widget_type=\"spacer.default\">\n\t\t\t\t<div class=\"elementor-widget-container\">\n\t\t\t\t\t\t\t<div class=\"elementor-spacer\">\n\t\t\t<div class=\"elementor-spacer-inner\"><\/div>\n\t\t<\/div>\n\t\t\t\t\t\t<\/div>\n\t\t\t\t<\/div>\n\t\t\t\t<\/div>\n\t\t\t\t\t<\/div>\n\t\t\t\t<\/div>\n\t\t<div class=\"aux-parallax-section elementor-element elementor-element-fe46262 e-flex e-con-boxed e-con e-parent\" data-id=\"fe46262\" data-element_type=\"container\" data-e-type=\"container\" data-settings=\"{&quot;background_background&quot;:&quot;classic&quot;}\">\n\t\t\t\t\t<div class=\"e-con-inner\">\n\t\t<div class=\"elementor-element elementor-element-d10f383 e-con-full e-flex e-con e-child\" data-id=\"d10f383\" data-element_type=\"container\" data-e-type=\"container\">\n\t\t\t\t<div class=\"elementor-element elementor-element-0cb8b44 aux-appear-watch-animation aux-fade-in-right-1 elementor-widget elementor-widget-aux_image\" data-id=\"0cb8b44\" data-element_type=\"widget\" data-e-type=\"widget\" data-widget_type=\"aux_image.default\">\n\t\t\t\t<div class=\"elementor-widget-container\">\n\t\t\t\t\t<section class=\"widget-container aux-widget-image aux-alignnone aux-parent-au7326e218\">\n    <div class=\"aux-media-hint-frame \">\n        <div class=\"aux-media-image \" >\n        \n            \n\n            \n            <img loading=\"lazy\" decoding=\"async\" width=\"440\" height=\"444\" src=\"data:image\/gif;base64,R0lGODlhAQABAIAAAAAAAP\/\/\/yH5BAEAAAAALAAAAAABAAEAAAIBRAA7\" class=\"aux-attachment aux-featured-image aux-attachment-id-395 aux-preload aux-blank\" alt=\"sernancelhe\" data-ratio=\"0.99\" data-original-w=\"440\" data-src=\"https:\/\/beiradouro.pt\/vp\/wp-content\/uploads\/2025\/06\/sernancelhe_team.jpg\" \/>            \n                <\/div>\n    <\/div>\n\n<\/section><!-- widget-container -->\t\t\t\t<\/div>\n\t\t\t\t<\/div>\n\t\t\t\t<\/div>\n\t\t<div class=\"elementor-element elementor-element-c738dc3 e-con-full e-flex e-con e-child\" data-id=\"c738dc3\" data-element_type=\"container\" data-e-type=\"container\">\n\t\t\t\t<div class=\"elementor-element elementor-element-070af59 aux-appear-watch-animation aux-fade-in-up-1 elementor-widget elementor-widget-aux_modern_heading\" data-id=\"070af59\" data-element_type=\"widget\" data-e-type=\"widget\" data-widget_type=\"aux_modern_heading.default\">\n\t\t\t\t<div class=\"elementor-widget-container\">\n\t\t\t\t\t<section class=\"aux-widget-modern-heading\">\n            <div class=\"aux-widget-inner\"><h2 class=\"aux-modern-heading-primary\">SERNANCELHE\n<\/h2><div class=\"aux-modern-heading-divider\"><\/div><\/div>\n        <\/section>\t\t\t\t<\/div>\n\t\t\t\t<\/div>\n\t\t\t\t<div class=\"elementor-element elementor-element-98693cb aux-appear-watch-animation aux-fade-in-up-1 elementor-widget elementor-widget-text-editor\" data-id=\"98693cb\" data-element_type=\"widget\" data-e-type=\"widget\" data-widget_type=\"text-editor.default\">\n\t\t\t\t<div class=\"elementor-widget-container\">\n\t\t\t\t\t\t\t\t\t<p>Sernancelhe \u00e9 uma Vila do Distrito de Viseu com cerca de 1 200 habitantes, localizada aos p\u00e9s da Serra da Lapa. Terra de Aquilino Ribeiro, um dos maiores escritores portugueses do s\u00e9culo XX.<\/p><p>\u00c9 actualmente conhecida como \u201cTerra dos Mosteiros\u201d, pois os seus mosteiros, igrejas, solares e casas senhoriais provam a atrac\u00e3o a estas terras por fidalgos e senhores, monges e feriras.<\/p><p>O Santu\u00e1rio de Nossa Senhora da Lapa arrasta muitos peregrinos, aqui acontece uma Majestosa Romaria.<\/p><p>Lugar de devo\u00e7\u00e3o e culto, mas tamb\u00e9m de alegria, festa e romarias.<\/p>\t\t\t\t\t\t\t\t<\/div>\n\t\t\t\t<\/div>\n\t\t\t\t<div class=\"elementor-element elementor-element-2c02ab7 aux-appear-watch-animation aux-fade-in-up-1 elementor-widget elementor-widget-aux_button\" data-id=\"2c02ab7\" data-element_type=\"widget\" data-e-type=\"widget\" data-widget_type=\"aux_button.default\">\n\t\t\t\t<div class=\"elementor-widget-container\">\n\t\t\t\t\t<a  href=\"https:\/\/www.cm-sernancelhe.pt\/\" target=\"_blank\"   class=\"aux-button aux-medium aux-black aux-curve aux-none aux-uppercase\" ><span class=\"aux-overlay\"><\/span><span class=\"aux-text\">P\u00e1gina do Munic\u00edpio<\/span><i aria-hidden=\"true\" class=\"aux-icon auxicon auxicon-link-external\"><\/i><\/a>\t\t\t\t<\/div>\n\t\t\t\t<\/div>\n\t\t\t\t<\/div>\n\t\t\t\t\t<\/div>\n\t\t\t\t<\/div>\n\t\t<div class=\"aux-parallax-section elementor-element elementor-element-4319f01 e-flex e-con-boxed e-con e-parent\" data-id=\"4319f01\" data-element_type=\"container\" data-e-type=\"container\">\n\t\t\t\t\t<div class=\"e-con-inner\">\n\t\t<div class=\"elementor-element elementor-element-5f1b333 e-con-full e-flex e-con e-child\" data-id=\"5f1b333\" data-element_type=\"container\" data-e-type=\"container\">\n\t\t\t\t<div class=\"elementor-element elementor-element-c35b0bb elementor-widget elementor-widget-spacer\" data-id=\"c35b0bb\" data-element_type=\"widget\" data-e-type=\"widget\" data-widget_type=\"spacer.default\">\n\t\t\t\t<div class=\"elementor-widget-container\">\n\t\t\t\t\t\t\t<div class=\"elementor-spacer\">\n\t\t\t<div class=\"elementor-spacer-inner\"><\/div>\n\t\t<\/div>\n\t\t\t\t\t\t<\/div>\n\t\t\t\t<\/div>\n\t\t\t\t<\/div>\n\t\t\t\t\t<\/div>\n\t\t\t\t<\/div>\n\t\t<div class=\"aux-parallax-section elementor-element elementor-element-1289cd9 e-flex e-con-boxed e-con e-parent\" data-id=\"1289cd9\" data-element_type=\"container\" data-e-type=\"container\" data-settings=\"{&quot;background_background&quot;:&quot;classic&quot;}\">\n\t\t\t\t\t<div class=\"e-con-inner\">\n\t\t<div class=\"elementor-element elementor-element-ac7c3dd e-con-full e-flex e-con e-child\" data-id=\"ac7c3dd\" data-element_type=\"container\" data-e-type=\"container\">\n\t\t\t\t<div class=\"elementor-element elementor-element-2b43072 aux-appear-watch-animation aux-fade-in-up-1 elementor-widget elementor-widget-aux_modern_heading\" data-id=\"2b43072\" data-element_type=\"widget\" data-e-type=\"widget\" data-widget_type=\"aux_modern_heading.default\">\n\t\t\t\t<div class=\"elementor-widget-container\">\n\t\t\t\t\t<section class=\"aux-widget-modern-heading\">\n            <div class=\"aux-widget-inner\"><h2 class=\"aux-modern-heading-primary\">TABUA\u00c7O<\/h2><div class=\"aux-modern-heading-divider\"><\/div><\/div>\n        <\/section>\t\t\t\t<\/div>\n\t\t\t\t<\/div>\n\t\t\t\t<div class=\"elementor-element elementor-element-0252850 aux-appear-watch-animation aux-fade-in-up-1 elementor-widget elementor-widget-text-editor\" data-id=\"0252850\" data-element_type=\"widget\" data-e-type=\"widget\" data-widget_type=\"text-editor.default\">\n\t\t\t\t<div class=\"elementor-widget-container\">\n\t\t\t\t\t\t\t\t\t<p>Tabua\u00e7o \u00e9 uma Vila do Distrito de Viseu, com cerca de 1800 habitantes. As ra\u00edzes desta vila remontam a \u00e9pocas conturbadas de reconquista e forma\u00e7\u00e3o da nacionalidade.<\/p><p>O rio T\u00e1vora banha estas terras, que acolheram Monges de Cister; junto ao curso do rio, no per\u00edodo medieval, foram constru\u00eddos o Mosteiro e a Capela de S. Pedro das \u00c1guias.<\/p><p>\u00c9 terra de contrastes, entre a serra e o vale, de uma beleza rara as margens do rio, tudo acompanhado de muita tranquilidade e ar puro.<\/p><p>Aqui \u00e9 poss\u00edvel encontrar abundantes vest\u00edgios arqueol\u00f3gicos, casas solarengas e antigos monumentos. As suas vinhas produzem bons vinhos de mesa e Vinho do Porto de qualidade.<\/p>\t\t\t\t\t\t\t\t<\/div>\n\t\t\t\t<\/div>\n\t\t\t\t<div class=\"elementor-element elementor-element-e1a9264 aux-appear-watch-animation aux-fade-in-up-1 elementor-widget elementor-widget-aux_button\" data-id=\"e1a9264\" data-element_type=\"widget\" data-e-type=\"widget\" data-widget_type=\"aux_button.default\">\n\t\t\t\t<div class=\"elementor-widget-container\">\n\t\t\t\t\t<a  href=\"https:\/\/www.cm-tabuaco.pt\/\" target=\"_blank\"   class=\"aux-button aux-medium aux-black aux-curve aux-none aux-uppercase\" ><span class=\"aux-overlay\"><\/span><span class=\"aux-text\">P\u00e1gina do Munic\u00edpio<\/span><i aria-hidden=\"true\" class=\"aux-icon auxicon auxicon-link-external\"><\/i><\/a>\t\t\t\t<\/div>\n\t\t\t\t<\/div>\n\t\t\t\t<\/div>\n\t\t<div class=\"elementor-element elementor-element-df09a7c e-con-full e-flex e-con e-child\" data-id=\"df09a7c\" data-element_type=\"container\" data-e-type=\"container\">\n\t\t\t\t<div class=\"elementor-element elementor-element-b9000eb aux-appear-watch-animation aux-fade-in-right-1 elementor-widget elementor-widget-aux_image\" data-id=\"b9000eb\" data-element_type=\"widget\" data-e-type=\"widget\" data-widget_type=\"aux_image.default\">\n\t\t\t\t<div class=\"elementor-widget-container\">\n\t\t\t\t\t<section class=\"widget-container aux-widget-image aux-alignnone aux-parent-aub5295488\">\n    <div class=\"aux-media-hint-frame \">\n        <div class=\"aux-media-image \" >\n        \n            \n\n            \n            <img loading=\"lazy\" decoding=\"async\" width=\"440\" height=\"444\" src=\"data:image\/gif;base64,R0lGODlhAQABAIAAAAAAAP\/\/\/yH5BAEAAAAALAAAAAABAAEAAAIBRAA7\" class=\"aux-attachment aux-featured-image aux-attachment-id-394 aux-preload aux-blank\" alt=\"tabuaco_team\" data-ratio=\"0.99\" data-original-w=\"440\" data-src=\"https:\/\/beiradouro.pt\/vp\/wp-content\/uploads\/2025\/06\/tabuaco_team.jpg\" \/>            \n                <\/div>\n    <\/div>\n\n<\/section><!-- widget-container -->\t\t\t\t<\/div>\n\t\t\t\t<\/div>\n\t\t\t\t<\/div>\n\t\t\t\t\t<\/div>\n\t\t\t\t<\/div>\n\t\t<div class=\"aux-parallax-section elementor-element elementor-element-4b4265e e-flex e-con-boxed e-con e-parent\" data-id=\"4b4265e\" data-element_type=\"container\" data-e-type=\"container\">\n\t\t\t\t\t<div class=\"e-con-inner\">\n\t\t<div class=\"elementor-element elementor-element-66e516d e-con-full e-flex e-con e-child\" data-id=\"66e516d\" data-element_type=\"container\" data-e-type=\"container\">\n\t\t\t\t<div class=\"elementor-element elementor-element-12f0327 elementor-widget elementor-widget-spacer\" data-id=\"12f0327\" data-element_type=\"widget\" data-e-type=\"widget\" data-widget_type=\"spacer.default\">\n\t\t\t\t<div class=\"elementor-widget-container\">\n\t\t\t\t\t\t\t<div class=\"elementor-spacer\">\n\t\t\t<div class=\"elementor-spacer-inner\"><\/div>\n\t\t<\/div>\n\t\t\t\t\t\t<\/div>\n\t\t\t\t<\/div>\n\t\t\t\t<\/div>\n\t\t\t\t\t<\/div>\n\t\t\t\t<\/div>\n\t\t<div class=\"aux-parallax-section elementor-element elementor-element-38c4618 e-flex e-con-boxed e-con e-parent\" data-id=\"38c4618\" data-element_type=\"container\" data-e-type=\"container\" data-settings=\"{&quot;background_background&quot;:&quot;classic&quot;}\">\n\t\t\t\t\t<div class=\"e-con-inner\">\n\t\t<div class=\"elementor-element elementor-element-c9f31b3 e-con-full e-flex e-con e-child\" data-id=\"c9f31b3\" data-element_type=\"container\" data-e-type=\"container\">\n\t\t\t\t<div class=\"elementor-element elementor-element-8ccff6f aux-appear-watch-animation aux-fade-in-right-1 elementor-widget elementor-widget-aux_image\" data-id=\"8ccff6f\" data-element_type=\"widget\" data-e-type=\"widget\" data-widget_type=\"aux_image.default\">\n\t\t\t\t<div class=\"elementor-widget-container\">\n\t\t\t\t\t<section class=\"widget-container aux-widget-image aux-alignnone aux-parent-au6c1d8c40\">\n    <div class=\"aux-media-hint-frame \">\n        <div class=\"aux-media-image \" >\n        \n            \n\n            \n            <img loading=\"lazy\" decoding=\"async\" width=\"440\" height=\"444\" src=\"data:image\/gif;base64,R0lGODlhAQABAIAAAAAAAP\/\/\/yH5BAEAAAAALAAAAAABAAEAAAIBRAA7\" class=\"aux-attachment aux-featured-image aux-attachment-id-393 aux-preload aux-blank\" alt=\"tarouca_team\" data-ratio=\"0.99\" data-original-w=\"440\" data-src=\"https:\/\/beiradouro.pt\/vp\/wp-content\/uploads\/2025\/06\/tarouca_team.jpg\" \/>            \n                <\/div>\n    <\/div>\n\n<\/section><!-- widget-container -->\t\t\t\t<\/div>\n\t\t\t\t<\/div>\n\t\t\t\t<\/div>\n\t\t<div class=\"elementor-element elementor-element-b9102df e-con-full e-flex e-con e-child\" data-id=\"b9102df\" data-element_type=\"container\" data-e-type=\"container\">\n\t\t\t\t<div class=\"elementor-element elementor-element-7b64629 aux-appear-watch-animation aux-fade-in-up-1 elementor-widget elementor-widget-aux_modern_heading\" data-id=\"7b64629\" data-element_type=\"widget\" data-e-type=\"widget\" data-widget_type=\"aux_modern_heading.default\">\n\t\t\t\t<div class=\"elementor-widget-container\">\n\t\t\t\t\t<section class=\"aux-widget-modern-heading\">\n            <div class=\"aux-widget-inner\"><h2 class=\"aux-modern-heading-primary\">TAROUCA\n<\/h2><div class=\"aux-modern-heading-divider\"><\/div><\/div>\n        <\/section>\t\t\t\t<\/div>\n\t\t\t\t<\/div>\n\t\t\t\t<div class=\"elementor-element elementor-element-1a55b3b aux-appear-watch-animation aux-fade-in-up-1 elementor-widget elementor-widget-text-editor\" data-id=\"1a55b3b\" data-element_type=\"widget\" data-e-type=\"widget\" data-widget_type=\"text-editor.default\">\n\t\t\t\t<div class=\"elementor-widget-container\">\n\t\t\t\t\t\t\t\t\t<p>Tarouca \u00e9 uma pequena cidade do Distrito de Viseu, com cerca de 1 111 habitantes. Situa-se aos p\u00e9s da Serra de Santa Helena.<\/p><p>Possui Mosteiros Cistercienses (Mosteiro de S. Jo\u00e3o de Tarouca e o Mosteiro de Santa Maria de Salzedas), antigas abadias e pontes raras.<\/p><p>O rio Varosa atravessa o concelho, e em v\u00e1rios pontos \u00e9 poss\u00edvel praticar alguns desportos radicais bem como desfruta das praias fluviais em Mondim da Beira, Ucanha e V\u00e1rzea da Serra.<\/p><p>\u00c9 tamb\u00e9m para\u00edso dos amantes de desportos ao ar livre e praticantes de parapente e asa delta.<\/p><p>\u00c9 terra de vinhas donde saem alguns dos mais emblem\u00e1ticos espumantes nacionais que s\u00e3o elaborados segundo o m\u00e9todo cl\u00e1ssico. Visitar Tarouca \u00e9 uma viagem ao passado, onde abunda a tradi\u00e7\u00e3o, a arte e a cultura.<\/p>\t\t\t\t\t\t\t\t<\/div>\n\t\t\t\t<\/div>\n\t\t\t\t<div class=\"elementor-element elementor-element-afa7261 aux-appear-watch-animation aux-fade-in-up-1 elementor-widget elementor-widget-aux_button\" data-id=\"afa7261\" data-element_type=\"widget\" data-e-type=\"widget\" data-widget_type=\"aux_button.default\">\n\t\t\t\t<div class=\"elementor-widget-container\">\n\t\t\t\t\t<a  href=\"https:\/\/www.cm-tarouca.pt\/\" target=\"_blank\"   class=\"aux-button aux-medium aux-black aux-curve aux-none aux-uppercase\" ><span class=\"aux-overlay\"><\/span><span class=\"aux-text\">P\u00e1gina do Munic\u00edpio<\/span><i aria-hidden=\"true\" class=\"aux-icon auxicon auxicon-link-external\"><\/i><\/a>\t\t\t\t<\/div>\n\t\t\t\t<\/div>\n\t\t\t\t<\/div>\n\t\t\t\t\t<\/div>\n\t\t\t\t<\/div>\n\t\t\t\t<\/div>\n\t\t","protected":false},"excerpt":{"rendered":"<p>A Regi\u00e3o A Beira Douro \u2013 Associa\u00e7\u00e3o de Desenvolvimento do Vale do Douro, interv\u00e9m sobre um territ\u00f3rio alargado, inserido na vertente Sul da NUT III Douro, composto por oito concelhos. ARMAMAR \u00c9 uma vila hist\u00f3rica, de origem goda, situada a cerca de 500 metros de altitude na encosta de um monte. Na sua hist\u00f3ria consta [&hellip;]<\/p>\n","protected":false},"author":2,"featured_media":0,"parent":301,"menu_order":0,"comment_status":"closed","ping_status":"closed","template":"","meta":{"footnotes":""},"class_list":["post-327","page","type-page","status-publish","hentry"],"_links":{"self":[{"href":"https:\/\/beiradouro.pt\/vp\/wp-json\/wp\/v2\/pages\/327","targetHints":{"allow":["GET"]}}],"collection":[{"href":"https:\/\/beiradouro.pt\/vp\/wp-json\/wp\/v2\/pages"}],"about":[{"href":"https:\/\/beiradouro.pt\/vp\/wp-json\/wp\/v2\/types\/page"}],"author":[{"embeddable":true,"href":"https:\/\/beiradouro.pt\/vp\/wp-json\/wp\/v2\/users\/2"}],"replies":[{"embeddable":true,"href":"https:\/\/beiradouro.pt\/vp\/wp-json\/wp\/v2\/comments?post=327"}],"version-history":[{"count":58,"href":"https:\/\/beiradouro.pt\/vp\/wp-json\/wp\/v2\/pages\/327\/revisions"}],"predecessor-version":[{"id":959,"href":"https:\/\/beiradouro.pt\/vp\/wp-json\/wp\/v2\/pages\/327\/revisions\/959"}],"up":[{"embeddable":true,"href":"https:\/\/beiradouro.pt\/vp\/wp-json\/wp\/v2\/pages\/301"}],"wp:attachment":[{"href":"https:\/\/beiradouro.pt\/vp\/wp-json\/wp\/v2\/media?parent=327"}],"curies":[{"name":"wp","href":"https:\/\/api.w.org\/{rel}","templated":true}]}}