{"id":313,"date":"2025-06-01T14:10:52","date_gmt":"2025-06-01T14:10:52","guid":{"rendered":"https:\/\/personal.pt\/vp\/?page_id=313"},"modified":"2026-01-17T15:45:58","modified_gmt":"2026-01-17T15:45:58","slug":"orgaos-sociais","status":"publish","type":"page","link":"https:\/\/beiradouro.pt\/vp\/beira-douro\/orgaos-sociais\/","title":{"rendered":"Org\u00e3os Sociais"},"content":{"rendered":"\t\t<div data-elementor-type=\"wp-page\" data-elementor-id=\"313\" class=\"elementor elementor-313\">\n\t\t\t\t<div class=\"aux-parallax-section elementor-element elementor-element-c3413e4 e-flex e-con-boxed e-con e-parent\" data-id=\"c3413e4\" data-element_type=\"container\" data-e-type=\"container\">\n\t\t\t\t\t<div class=\"e-con-inner\">\n\t\t\t\t<div class=\"elementor-element elementor-element-895c9c2 aux-appear-watch-animation aux-fade-in-up-1 elementor-widget elementor-widget-aux_modern_heading\" data-id=\"895c9c2\" data-element_type=\"widget\" data-e-type=\"widget\" data-widget_type=\"aux_modern_heading.default\">\n\t\t\t\t<div class=\"elementor-widget-container\">\n\t\t\t\t\t<section class=\"aux-widget-modern-heading\">\n            <div class=\"aux-widget-inner\"><h2 class=\"aux-modern-heading-primary\"><\/h2><h3 class=\"aux-modern-heading-secondary\"><span class=\"aux-head-before\">Tri\u00e9nio 2025-2027<\/span><\/h3><div class=\"aux-modern-heading-divider\"><\/div><\/div>\n        <\/section>\t\t\t\t<\/div>\n\t\t\t\t<\/div>\n\t\t\t\t\t<\/div>\n\t\t\t\t<\/div>\n\t\t<div class=\"aux-parallax-section elementor-element elementor-element-ebdecd6 e-flex e-con-boxed e-con e-parent\" data-id=\"ebdecd6\" data-element_type=\"container\" data-e-type=\"container\">\n\t\t\t\t\t<div class=\"e-con-inner\">\n\t\t\t\t<div class=\"elementor-element elementor-element-7d836bd aux-appear-watch-animation aux-fade-in-up elementor-widget elementor-widget-aux_modern_heading\" data-id=\"7d836bd\" data-element_type=\"widget\" data-e-type=\"widget\" data-widget_type=\"aux_modern_heading.default\">\n\t\t\t\t<div class=\"elementor-widget-container\">\n\t\t\t\t\t<section class=\"aux-widget-modern-heading\">\n            <div class=\"aux-widget-inner\"><h2 class=\"aux-modern-heading-primary\">Direc\u00e7\u00e3o<\/h2><div class=\"aux-modern-heading-divider\"><\/div><\/div>\n        <\/section>\t\t\t\t<\/div>\n\t\t\t\t<\/div>\n\t\t\t\t\t<\/div>\n\t\t\t\t<\/div>\n\t\t<div class=\"aux-parallax-section elementor-element elementor-element-f8b2747 e-flex e-con-boxed e-con e-parent\" data-id=\"f8b2747\" data-element_type=\"container\" data-e-type=\"container\">\n\t\t\t\t\t<div class=\"e-con-inner\">\n\t\t<div class=\"elementor-element elementor-element-43c25f5 e-con-full e-flex e-con e-child\" data-id=\"43c25f5\" data-element_type=\"container\" data-e-type=\"container\">\n\t\t\t\t<div class=\"elementor-element elementor-element-2814cfb aux-appear-watch-animation aux-fade-in-right-1 elementor-widget elementor-widget-aux_staff\" data-id=\"2814cfb\" data-element_type=\"widget\" data-e-type=\"widget\" data-widget_type=\"aux_staff.default\">\n\t\t\t\t<div class=\"elementor-widget-container\">\n\t\t\t\t\t<section class=\"aux-wrap-style-simple widget-container aux-widget-staff aux-parent-au731606be\">    <div class=\"aux-staff-container aux-staff-pos-left aux-staff-text-center aux-staff-text-dark \" >\n            <div class=\"aux-staff-content\">\n                        <h4 class=\"col-title\">Rui Oliveira<\/h4>\n                        <h5 class=\"col-subtitle\">Presidente da Dire\u00e7\u00e3o<\/h5>\n                    <\/div>\n\n    <\/div>\n\n\n<\/section><!-- widget-container -->\t\t\t\t<\/div>\n\t\t\t\t<\/div>\n\t\t\t\t<\/div>\n\t\t<div class=\"elementor-element elementor-element-63a215b e-con-full e-flex e-con e-child\" data-id=\"63a215b\" data-element_type=\"container\" data-e-type=\"container\">\n\t\t\t\t<div class=\"elementor-element elementor-element-5974ad0 aux-appear-watch-animation aux-fade-in-right-1 elementor-widget elementor-widget-aux_staff\" data-id=\"5974ad0\" data-element_type=\"widget\" data-e-type=\"widget\" data-widget_type=\"aux_staff.default\">\n\t\t\t\t<div class=\"elementor-widget-container\">\n\t\t\t\t\t<section class=\"aux-wrap-style-simple widget-container aux-widget-staff aux-parent-au263ad115\">    <div class=\"aux-staff-container aux-staff-pos-left aux-staff-text-center aux-staff-text-dark \" >\n            <div class=\"aux-staff-content\">\n                        <h4 class=\"col-title\">Paulo Figueiredo<\/h4>\n                        <h5 class=\"col-subtitle\">Vice-Presidente da Direc\u00e7\u00e3o<\/h5>\n                        <div class=\"entry-content\">\n                                Munic\u00edpio de Moimenta da Beira            <\/div>\n                    <\/div>\n\n    <\/div>\n\n\n<\/section><!-- widget-container -->\t\t\t\t<\/div>\n\t\t\t\t<\/div>\n\t\t\t\t<\/div>\n\t\t<div class=\"elementor-element elementor-element-c24119c e-con-full e-flex e-con e-child\" data-id=\"c24119c\" data-element_type=\"container\" data-e-type=\"container\">\n\t\t\t\t<div class=\"elementor-element elementor-element-05ded77 aux-appear-watch-animation aux-fade-in-right-1 elementor-widget elementor-widget-aux_staff\" data-id=\"05ded77\" data-element_type=\"widget\" data-e-type=\"widget\" data-widget_type=\"aux_staff.default\">\n\t\t\t\t<div class=\"elementor-widget-container\">\n\t\t\t\t\t<section class=\"aux-wrap-style-simple widget-container aux-widget-staff aux-parent-au0728e759\">    <div class=\"aux-staff-container aux-staff-pos-left aux-staff-text-center aux-staff-text-dark \" >\n            <div class=\"aux-staff-content\">\n                        <h4 class=\"col-title\">Francisco Lopes<\/h4>\n                        <h5 class=\"col-subtitle\">Tesoureiro da Direc\u00e7\u00e3o<\/h5>\n                        <div class=\"entry-content\">\n                                Munic\u00edpio de Lamego            <\/div>\n                    <\/div>\n\n    <\/div>\n\n\n<\/section><!-- widget-container -->\t\t\t\t<\/div>\n\t\t\t\t<\/div>\n\t\t\t\t<\/div>\n\t\t<div class=\"elementor-element elementor-element-e357b28 e-con-full e-flex e-con e-child\" data-id=\"e357b28\" data-element_type=\"container\" data-e-type=\"container\">\n\t\t\t\t<div class=\"elementor-element elementor-element-4767f00 aux-appear-watch-animation aux-fade-in-right-1 elementor-widget elementor-widget-aux_staff\" data-id=\"4767f00\" data-element_type=\"widget\" data-e-type=\"widget\" data-widget_type=\"aux_staff.default\">\n\t\t\t\t<div class=\"elementor-widget-container\">\n\t\t\t\t\t<section class=\"aux-wrap-style-simple widget-container aux-widget-staff aux-parent-au1a4a3d59\">    <div class=\"aux-staff-container aux-staff-pos-left aux-staff-text-center aux-staff-text-dark \" >\n            <div class=\"aux-staff-content\">\n                        <h4 class=\"col-title\">Carlos Santos<\/h4>\n                        <h5 class=\"col-subtitle\">Secret\u00e1rio da Direc\u00e7\u00e3o<\/h5>\n                        <div class=\"entry-content\">\n                                Munic\u00edpio de Sernancelhe            <\/div>\n                    <\/div>\n\n    <\/div>\n\n\n<\/section><!-- widget-container -->\t\t\t\t<\/div>\n\t\t\t\t<\/div>\n\t\t\t\t<\/div>\n\t\t<div class=\"elementor-element elementor-element-ff474b2 e-con-full e-flex e-con e-child\" data-id=\"ff474b2\" data-element_type=\"container\" data-e-type=\"container\">\n\t\t\t\t<div class=\"elementor-element elementor-element-281aed7 aux-appear-watch-animation aux-fade-in-right-1 elementor-widget elementor-widget-aux_staff\" data-id=\"281aed7\" data-element_type=\"widget\" data-e-type=\"widget\" data-widget_type=\"aux_staff.default\">\n\t\t\t\t<div class=\"elementor-widget-container\">\n\t\t\t\t\t<section class=\"aux-wrap-style-simple widget-container aux-widget-staff aux-parent-aufd347da5\">    <div class=\"aux-staff-container aux-staff-pos-left aux-staff-text-center aux-staff-text-dark \" >\n            <div class=\"aux-staff-content\">\n                        <h4 class=\"col-title\">Jos\u00e9 Patr\u00edcio<\/h4>\n                        <h5 class=\"col-subtitle\">Vogal da Direc\u00e7\u00e3o<\/h5>\n                        <div class=\"entry-content\">\n                                Munic\u00edpio de Tabua\u00e7o            <\/div>\n                    <\/div>\n\n    <\/div>\n\n\n<\/section><!-- widget-container -->\t\t\t\t<\/div>\n\t\t\t\t<\/div>\n\t\t\t\t<\/div>\n\t\t\t\t\t<\/div>\n\t\t\t\t<\/div>\n\t\t<div class=\"aux-parallax-section elementor-element elementor-element-28d4754 e-flex e-con-boxed e-con e-parent\" data-id=\"28d4754\" data-element_type=\"container\" data-e-type=\"container\">\n\t\t\t\t\t<div class=\"e-con-inner\">\n\t\t\t\t<div class=\"elementor-element elementor-element-d8622f6 aux-appear-watch-animation aux-fade-in-up elementor-widget elementor-widget-aux_modern_heading\" data-id=\"d8622f6\" data-element_type=\"widget\" data-e-type=\"widget\" data-widget_type=\"aux_modern_heading.default\">\n\t\t\t\t<div class=\"elementor-widget-container\">\n\t\t\t\t\t<section class=\"aux-widget-modern-heading\">\n            <div class=\"aux-widget-inner\"><h2 class=\"aux-modern-heading-primary\">Mesa da Assembleia Geral<\/h2><div class=\"aux-modern-heading-divider\"><\/div><\/div>\n        <\/section>\t\t\t\t<\/div>\n\t\t\t\t<\/div>\n\t\t\t\t\t<\/div>\n\t\t\t\t<\/div>\n\t\t<div class=\"aux-parallax-section elementor-element elementor-element-ce2a03c e-flex e-con-boxed e-con e-parent\" data-id=\"ce2a03c\" data-element_type=\"container\" data-e-type=\"container\">\n\t\t\t\t\t<div class=\"e-con-inner\">\n\t\t<div class=\"elementor-element elementor-element-fc492f4 e-con-full e-flex e-con e-child\" data-id=\"fc492f4\" data-element_type=\"container\" data-e-type=\"container\">\n\t\t\t\t<div class=\"elementor-element elementor-element-ac4b04c aux-appear-watch-animation aux-fade-in-right-1 elementor-widget elementor-widget-aux_staff\" data-id=\"ac4b04c\" data-element_type=\"widget\" data-e-type=\"widget\" data-widget_type=\"aux_staff.default\">\n\t\t\t\t<div class=\"elementor-widget-container\">\n\t\t\t\t\t<section class=\"aux-wrap-style-simple widget-container aux-widget-staff aux-parent-aubbf187c2\">    <div class=\"aux-staff-container aux-staff-pos-left aux-staff-text-center aux-staff-text-dark \" >\n            <div class=\"aux-staff-content\">\n                        <h4 class=\"col-title\">S\u00f3nia Num\u00e3o<\/h4>\n                        <h5 class=\"col-subtitle\">Presidente da Mesa da Assembleia-Geral<\/h5>\n                        <div class=\"entry-content\">\n                                Munic\u00edpio de Penedono\n            <\/div>\n                    <\/div>\n\n    <\/div>\n\n\n<\/section><!-- widget-container -->\t\t\t\t<\/div>\n\t\t\t\t<\/div>\n\t\t\t\t<\/div>\n\t\t<div class=\"elementor-element elementor-element-3f942a1 e-con-full e-flex e-con e-child\" data-id=\"3f942a1\" data-element_type=\"container\" data-e-type=\"container\">\n\t\t\t\t<div class=\"elementor-element elementor-element-9ee1176 aux-appear-watch-animation aux-fade-in-right-1 elementor-widget elementor-widget-aux_staff\" data-id=\"9ee1176\" data-element_type=\"widget\" data-e-type=\"widget\" data-widget_type=\"aux_staff.default\">\n\t\t\t\t<div class=\"elementor-widget-container\">\n\t\t\t\t\t<section class=\"aux-wrap-style-simple widget-container aux-widget-staff aux-parent-aud02995e8\">    <div class=\"aux-staff-container aux-staff-pos-left aux-staff-text-center aux-staff-text-dark \" >\n            <div class=\"aux-staff-content\">\n                        <h4 class=\"col-title\">Manuel Ant\u00f3nio Cordeiro<\/h4>\n                        <h5 class=\"col-subtitle\">Vice-Presidente da Mesa da Assembleia-Geral<\/h5>\n                        <div class=\"entry-content\">\n                                Munic\u00edpio de S\u00e3o Jo\u00e3o da Pesqueira            <\/div>\n                    <\/div>\n\n    <\/div>\n\n\n<\/section><!-- widget-container -->\t\t\t\t<\/div>\n\t\t\t\t<\/div>\n\t\t\t\t<\/div>\n\t\t<div class=\"elementor-element elementor-element-04465b8 e-con-full e-flex e-con e-child\" data-id=\"04465b8\" data-element_type=\"container\" data-e-type=\"container\">\n\t\t\t\t<div class=\"elementor-element elementor-element-067f7b5 aux-appear-watch-animation aux-fade-in-right-1 elementor-widget elementor-widget-aux_staff\" data-id=\"067f7b5\" data-element_type=\"widget\" data-e-type=\"widget\" data-widget_type=\"aux_staff.default\">\n\t\t\t\t<div class=\"elementor-widget-container\">\n\t\t\t\t\t<section class=\"aux-wrap-style-simple widget-container aux-widget-staff aux-parent-au1251e519\">    <div class=\"aux-staff-container aux-staff-pos-left aux-staff-text-center aux-staff-text-dark \" >\n            <div class=\"aux-staff-content\">\n                        <h4 class=\"col-title\">Nuno Rua<\/h4>\n                        <h5 class=\"col-subtitle\">Secret\u00e1rio da Mesa da Assembleia-Geral<\/h5>\n                        <div class=\"entry-content\">\n                                R\u00e9sur, Res\u00edduos S\u00f3lidos e Urbanos            <\/div>\n                    <\/div>\n\n    <\/div>\n\n\n<\/section><!-- widget-container -->\t\t\t\t<\/div>\n\t\t\t\t<\/div>\n\t\t\t\t<\/div>\n\t\t\t\t\t<\/div>\n\t\t\t\t<\/div>\n\t\t<div class=\"aux-parallax-section elementor-element elementor-element-a164d42 e-flex e-con-boxed e-con e-parent\" data-id=\"a164d42\" data-element_type=\"container\" data-e-type=\"container\">\n\t\t\t\t\t<div class=\"e-con-inner\">\n\t\t\t\t<div class=\"elementor-element elementor-element-33b8618 aux-appear-watch-animation aux-fade-in-up elementor-widget elementor-widget-aux_modern_heading\" data-id=\"33b8618\" data-element_type=\"widget\" data-e-type=\"widget\" data-widget_type=\"aux_modern_heading.default\">\n\t\t\t\t<div class=\"elementor-widget-container\">\n\t\t\t\t\t<section class=\"aux-widget-modern-heading\">\n            <div class=\"aux-widget-inner\"><h2 class=\"aux-modern-heading-primary\">Conselho Fiscal<\/h2><div class=\"aux-modern-heading-divider\"><\/div><\/div>\n        <\/section>\t\t\t\t<\/div>\n\t\t\t\t<\/div>\n\t\t\t\t\t<\/div>\n\t\t\t\t<\/div>\n\t\t<div class=\"aux-parallax-section elementor-element elementor-element-8bd4372 e-flex e-con-boxed e-con e-parent\" data-id=\"8bd4372\" data-element_type=\"container\" data-e-type=\"container\">\n\t\t\t\t\t<div class=\"e-con-inner\">\n\t\t<div class=\"elementor-element elementor-element-ef43bc0 e-con-full e-flex e-con e-child\" data-id=\"ef43bc0\" data-element_type=\"container\" data-e-type=\"container\">\n\t\t\t\t<div class=\"elementor-element elementor-element-dfc2977 aux-appear-watch-animation aux-fade-in-right-1 elementor-widget elementor-widget-aux_staff\" data-id=\"dfc2977\" data-element_type=\"widget\" data-e-type=\"widget\" data-widget_type=\"aux_staff.default\">\n\t\t\t\t<div class=\"elementor-widget-container\">\n\t\t\t\t\t<section class=\"aux-wrap-style-simple widget-container aux-widget-staff aux-parent-au5865ee44\">    <div class=\"aux-staff-container aux-staff-pos-left aux-staff-text-center aux-staff-text-dark \" >\n            <div class=\"aux-staff-content\">\n                        <h4 class=\"col-title\">Jos\u00e9 Dami\u00e3o<\/h4>\n                        <h5 class=\"col-subtitle\">Presidente do Conselho Fiscal<\/h5>\n                        <div class=\"entry-content\">\n                                Munic\u00edpio de Tarouca\n            <\/div>\n                    <\/div>\n\n    <\/div>\n\n\n<\/section><!-- widget-container -->\t\t\t\t<\/div>\n\t\t\t\t<\/div>\n\t\t\t\t<\/div>\n\t\t<div class=\"elementor-element elementor-element-9130e14 e-con-full e-flex e-con e-child\" data-id=\"9130e14\" data-element_type=\"container\" data-e-type=\"container\">\n\t\t\t\t<div class=\"elementor-element elementor-element-ca8e2b0 aux-appear-watch-animation aux-fade-in-right-1 elementor-widget elementor-widget-aux_staff\" data-id=\"ca8e2b0\" data-element_type=\"widget\" data-e-type=\"widget\" data-widget_type=\"aux_staff.default\">\n\t\t\t\t<div class=\"elementor-widget-container\">\n\t\t\t\t\t<section class=\"aux-wrap-style-simple widget-container aux-widget-staff aux-parent-aud9873599\">    <div class=\"aux-staff-container aux-staff-pos-left aux-staff-text-center aux-staff-text-dark \" >\n            <div class=\"aux-staff-content\">\n                        <h4 class=\"col-title\">M\u00e1rcio Morais<\/h4>\n                        <h5 class=\"col-subtitle\">Vogal do Conselho Fiscal<\/h5>\n                        <div class=\"entry-content\">\n                                Munic\u00edpio de Armamar            <\/div>\n                    <\/div>\n\n    <\/div>\n\n\n<\/section><!-- widget-container -->\t\t\t\t<\/div>\n\t\t\t\t<\/div>\n\t\t\t\t<\/div>\n\t\t<div class=\"elementor-element elementor-element-e741a37 e-con-full e-flex e-con e-child\" data-id=\"e741a37\" data-element_type=\"container\" data-e-type=\"container\">\n\t\t\t\t<div class=\"elementor-element elementor-element-f104bfb aux-appear-watch-animation aux-fade-in-right-1 elementor-widget elementor-widget-aux_staff\" data-id=\"f104bfb\" data-element_type=\"widget\" data-e-type=\"widget\" data-widget_type=\"aux_staff.default\">\n\t\t\t\t<div class=\"elementor-widget-container\">\n\t\t\t\t\t<section class=\"aux-wrap-style-simple widget-container aux-widget-staff aux-parent-au54f4c722\">    <div class=\"aux-staff-container aux-staff-pos-left aux-staff-text-center aux-staff-text-dark \" >\n            <div class=\"aux-staff-content\">\n                        <h4 class=\"col-title\">Lu\u00eds Quaresma<\/h4>\n                        <h5 class=\"col-subtitle\">Vogal do Conselho Fiscal<\/h5>\n                        <div class=\"entry-content\">\n                                Naturimont - Desporto, Aventura e Turismo, Lda            <\/div>\n                    <\/div>\n\n    <\/div>\n\n\n<\/section><!-- widget-container -->\t\t\t\t<\/div>\n\t\t\t\t<\/div>\n\t\t\t\t<\/div>\n\t\t\t\t\t<\/div>\n\t\t\t\t<\/div>\n\t\t\t\t<\/div>\n\t\t","protected":false},"excerpt":{"rendered":"<p>Tri\u00e9nio 2025-2027 Direc\u00e7\u00e3o Rui Oliveira Presidente da Dire\u00e7\u00e3o Paulo Figueiredo Vice-Presidente da Direc\u00e7\u00e3o Munic\u00edpio de Moimenta da Beira Francisco Lopes Tesoureiro da Direc\u00e7\u00e3o Munic\u00edpio de Lamego Carlos Santos Secret\u00e1rio da Direc\u00e7\u00e3o Munic\u00edpio de Sernancelhe Jos\u00e9 Patr\u00edcio Vogal da Direc\u00e7\u00e3o Munic\u00edpio de Tabua\u00e7o Mesa da Assembleia Geral S\u00f3nia Num\u00e3o Presidente da Mesa da Assembleia-Geral Munic\u00edpio de [&hellip;]<\/p>\n","protected":false},"author":2,"featured_media":0,"parent":301,"menu_order":0,"comment_status":"closed","ping_status":"closed","template":"","meta":{"footnotes":""},"class_list":["post-313","page","type-page","status-publish","hentry"],"_links":{"self":[{"href":"https:\/\/beiradouro.pt\/vp\/wp-json\/wp\/v2\/pages\/313","targetHints":{"allow":["GET"]}}],"collection":[{"href":"https:\/\/beiradouro.pt\/vp\/wp-json\/wp\/v2\/pages"}],"about":[{"href":"https:\/\/beiradouro.pt\/vp\/wp-json\/wp\/v2\/types\/page"}],"author":[{"embeddable":true,"href":"https:\/\/beiradouro.pt\/vp\/wp-json\/wp\/v2\/users\/2"}],"replies":[{"embeddable":true,"href":"https:\/\/beiradouro.pt\/vp\/wp-json\/wp\/v2\/comments?post=313"}],"version-history":[{"count":37,"href":"https:\/\/beiradouro.pt\/vp\/wp-json\/wp\/v2\/pages\/313\/revisions"}],"predecessor-version":[{"id":1233,"href":"https:\/\/beiradouro.pt\/vp\/wp-json\/wp\/v2\/pages\/313\/revisions\/1233"}],"up":[{"embeddable":true,"href":"https:\/\/beiradouro.pt\/vp\/wp-json\/wp\/v2\/pages\/301"}],"wp:attachment":[{"href":"https:\/\/beiradouro.pt\/vp\/wp-json\/wp\/v2\/media?parent=313"}],"curies":[{"name":"wp","href":"https:\/\/api.w.org\/{rel}","templated":true}]}}