{"id":1251,"date":"2026-02-02T21:43:05","date_gmt":"2026-02-02T21:43:05","guid":{"rendered":"https:\/\/beiradouro.pt\/vp\/?page_id=1251"},"modified":"2026-02-02T21:52:51","modified_gmt":"2026-02-02T21:52:51","slug":"ficha-de-projeto-de","status":"publish","type":"page","link":"https:\/\/beiradouro.pt\/vp\/douro-empreendedor\/ficha-de-projeto-de\/","title":{"rendered":"Ficha de Projeto"},"content":{"rendered":"\t\t<div data-elementor-type=\"wp-page\" data-elementor-id=\"1251\" class=\"elementor elementor-1251\">\n\t\t\t\t<div class=\"aux-parallax-section elementor-element elementor-element-339e3a7 e-flex e-con-boxed e-con e-parent\" data-id=\"339e3a7\" data-element_type=\"container\" data-e-type=\"container\">\n\t\t\t\t\t<div class=\"e-con-inner\">\n\t\t\t\t<div class=\"elementor-element elementor-element-07cf496 aux-appear-watch-animation aux-fade-in-up-1 elementor-widget elementor-widget-aux_modern_heading\" data-id=\"07cf496\" data-element_type=\"widget\" data-e-type=\"widget\" data-widget_type=\"aux_modern_heading.default\">\n\t\t\t\t<div class=\"elementor-widget-container\">\n\t\t\t\t\t<section class=\"aux-widget-modern-heading\">\n            <div class=\"aux-widget-inner\"><h2 class=\"aux-modern-heading-primary\">C\u00f3digo do Projeto:\u00a0NORTE2030-FSE+02640400<\/h2><div class=\"aux-modern-heading-divider\"><\/div><\/div>\n        <\/section>\t\t\t\t<\/div>\n\t\t\t\t<\/div>\n\t\t\t\t<div class=\"elementor-element elementor-element-56414cc aux-appear-watch-animation aux-fade-in-up-1 elementor-widget elementor-widget-text-editor\" data-id=\"56414cc\" data-element_type=\"widget\" data-e-type=\"widget\" data-widget_type=\"text-editor.default\">\n\t\t\t\t<div class=\"elementor-widget-container\">\n\t\t\t\t\t\t\t\t\t<p><strong>Objetivo Principal:<\/strong><\/p><p>O presente projeto tem como objetivo o fortalecimento do empreendedorismo e a promo\u00e7\u00e3o da cria\u00e7\u00e3o de emprego sustent\u00e1vel, atrav\u00e9s da capacita\u00e7\u00e3o das entidades envolvidas, do apoio \u00e0s microempresas e do desenvolvimento de compet\u00eancias essenciais para uma gest\u00e3o eficaz de projetos.<br \/>O projeto estrutura-se nos seguintes <strong>objetivos espec\u00edficos:<\/strong><\/p><ol><li style=\"list-style-type: none;\"><ol><li>Refor\u00e7o da efici\u00eancia e efic\u00e1cia na presta\u00e7\u00e3o de servi\u00e7os de apoio ao empreendedorismo;<\/li><li>Desenvolvimento de compet\u00eancias de planeamento, gest\u00e3o, monitoriza\u00e7\u00e3o e avalia\u00e7\u00e3o de projetos;<\/li><li>Promo\u00e7\u00e3o do trabalho em rede, da coopera\u00e7\u00e3o interterritorial e da colabora\u00e7\u00e3o institucional;<\/li><li>Incentivo \u00e0 inova\u00e7\u00e3o organizacional e \u00e0 moderniza\u00e7\u00e3o de processos.<\/li><\/ol><\/li><\/ol><p><strong>Entidade Benefici\u00e1ria Coordenadora: <\/strong>ADH \u2013 Associa\u00e7\u00e3o Douro Hist\u00f3rico<\/p><p><strong>Entidades Benefici\u00e1rias Co-Promotoras: <\/strong>Beira Douro \u2013 Associa\u00e7\u00e3o de Desenvolvimento do Vale do Douro; Associa\u00e7\u00e3o de Desenvolvimento do Douro Superior; Desteque \u2013 Associa\u00e7\u00e3o para o Desenvolvimento da Terra Quente<\/p><p><strong>Data de aprova\u00e7\u00e3o:<\/strong>\u00a013\/06\/2025<\/p><p><strong>Data de In\u00edcio:<\/strong>\u00a001\/01\/2025<\/p><p><strong>Data de conclus\u00e3o:<\/strong>\u00a030\/06\/2029<\/p><p><strong>Distribui\u00e7\u00e3o Financeira por Parceiro:<\/strong><\/p><p><strong>Douro Hist\u00f3rico<\/strong>\u00a0\u2013 Investimento total: 132 457,47 \u20ac | Comparticipa\u00e7\u00e3o: 112 588,85 \u20ac<br \/><strong>Beira Douro<\/strong>\u00a0\u2013 Investimento total: 147 699,58 \u20ac | Comparticipa\u00e7\u00e3o: 125 577,65 \u20ac<br \/><strong>Douro Superior<\/strong>\u00a0\u2013 Investimento total: 70 391,83 \u20ac | Comparticipa\u00e7\u00e3o: 59 833,06 \u20ac<br \/><strong>Desteque<\/strong>\u00a0\u2013 Investimento total: 39 754,09 \u20ac | Comparticipa\u00e7\u00e3o: 33 790,98 \u20ac<\/p><p><a href=\"https:\/\/beiradouro.pt\/vp\/wp-content\/uploads\/2026\/02\/FichaOperacao_Norte2030_FSE.pdf\"><strong><u>Ficha Operacao_Norte2030_FSE+<\/u><\/strong><\/a><\/p>\t\t\t\t\t\t\t\t<\/div>\n\t\t\t\t<\/div>\n\t\t\t\t<div class=\"elementor-element elementor-element-c52ea7f elementor-widget-divider--view-line_icon elementor-view-default elementor-widget-divider--element-align-center elementor-widget elementor-widget-divider\" data-id=\"c52ea7f\" data-element_type=\"widget\" data-e-type=\"widget\" data-widget_type=\"divider.default\">\n\t\t\t\t<div class=\"elementor-widget-container\">\n\t\t\t\t\t\t\t<div class=\"elementor-divider\">\n\t\t\t<span class=\"elementor-divider-separator\">\n\t\t\t\t\t\t\t<div class=\"elementor-icon elementor-divider__element\">\n\t\t\t\t\t<i aria-hidden=\"true\" class=\"fas fa-square-full\"><\/i><\/div>\n\t\t\t\t\t\t<\/span>\n\t\t<\/div>\n\t\t\t\t\t\t<\/div>\n\t\t\t\t<\/div>\n\t\t\t\t\t<\/div>\n\t\t\t\t<\/div>\n\t\t<div class=\"aux-parallax-section elementor-element elementor-element-249cf30 e-flex e-con-boxed e-con e-parent\" data-id=\"249cf30\" data-element_type=\"container\" data-e-type=\"container\">\n\t\t\t\t\t<div class=\"e-con-inner\">\n\t\t\t\t<div class=\"elementor-element elementor-element-9aa2e43 elementor-widget elementor-widget-spacer\" data-id=\"9aa2e43\" data-element_type=\"widget\" data-e-type=\"widget\" data-widget_type=\"spacer.default\">\n\t\t\t\t<div class=\"elementor-widget-container\">\n\t\t\t\t\t\t\t<div class=\"elementor-spacer\">\n\t\t\t<div class=\"elementor-spacer-inner\"><\/div>\n\t\t<\/div>\n\t\t\t\t\t\t<\/div>\n\t\t\t\t<\/div>\n\t\t\t\t\t<\/div>\n\t\t\t\t<\/div>\n\t\t\t\t<\/div>\n\t\t","protected":false},"excerpt":{"rendered":"<p>C\u00f3digo do Projeto:\u00a0NORTE2030-FSE+02640400 Objetivo Principal: O presente projeto tem como objetivo o fortalecimento do empreendedorismo e a promo\u00e7\u00e3o da cria\u00e7\u00e3o de emprego sustent\u00e1vel, atrav\u00e9s da capacita\u00e7\u00e3o das entidades envolvidas, do apoio \u00e0s microempresas e do desenvolvimento de compet\u00eancias essenciais para uma gest\u00e3o eficaz de projetos.O projeto estrutura-se nos seguintes objetivos espec\u00edficos: Refor\u00e7o da efici\u00eancia e [&hellip;]<\/p>\n","protected":false},"author":1,"featured_media":0,"parent":569,"menu_order":0,"comment_status":"closed","ping_status":"closed","template":"","meta":{"footnotes":""},"class_list":["post-1251","page","type-page","status-publish","hentry"],"_links":{"self":[{"href":"https:\/\/beiradouro.pt\/vp\/wp-json\/wp\/v2\/pages\/1251","targetHints":{"allow":["GET"]}}],"collection":[{"href":"https:\/\/beiradouro.pt\/vp\/wp-json\/wp\/v2\/pages"}],"about":[{"href":"https:\/\/beiradouro.pt\/vp\/wp-json\/wp\/v2\/types\/page"}],"author":[{"embeddable":true,"href":"https:\/\/beiradouro.pt\/vp\/wp-json\/wp\/v2\/users\/1"}],"replies":[{"embeddable":true,"href":"https:\/\/beiradouro.pt\/vp\/wp-json\/wp\/v2\/comments?post=1251"}],"version-history":[{"count":12,"href":"https:\/\/beiradouro.pt\/vp\/wp-json\/wp\/v2\/pages\/1251\/revisions"}],"predecessor-version":[{"id":1265,"href":"https:\/\/beiradouro.pt\/vp\/wp-json\/wp\/v2\/pages\/1251\/revisions\/1265"}],"up":[{"embeddable":true,"href":"https:\/\/beiradouro.pt\/vp\/wp-json\/wp\/v2\/pages\/569"}],"wp:attachment":[{"href":"https:\/\/beiradouro.pt\/vp\/wp-json\/wp\/v2\/media?parent=1251"}],"curies":[{"name":"wp","href":"https:\/\/api.w.org\/{rel}","templated":true}]}}