{"id":112,"date":"2025-05-26T06:27:17","date_gmt":"2025-05-26T06:27:17","guid":{"rendered":"https:\/\/personal.pt\/vp\/home\/"},"modified":"2025-06-11T02:07:36","modified_gmt":"2025-06-11T02:07:36","slug":"inicio","status":"publish","type":"page","link":"https:\/\/beiradouro.pt\/vp\/","title":{"rendered":"In\u00edcio"},"content":{"rendered":"\t\t<div data-elementor-type=\"wp-page\" data-elementor-id=\"112\" class=\"elementor elementor-112\">\n\t\t\t\t<div class=\"aux-parallax-section elementor-element elementor-element-7b4cd86 e-con-full e-flex e-con e-parent\" data-id=\"7b4cd86\" data-element_type=\"container\" data-e-type=\"container\">\n\t\t<div class=\"elementor-element elementor-element-c039467 e-flex e-con-boxed e-con e-child\" data-id=\"c039467\" data-element_type=\"container\" data-e-type=\"container\">\n\t\t\t\t\t<div class=\"e-con-inner\">\n\t\t\t\t<div class=\"elementor-element elementor-element-bd58249 elementor-widget-tablet__width-auto elementor-widget elementor-widget-aux_image\" data-id=\"bd58249\" data-element_type=\"widget\" data-e-type=\"widget\" data-widget_type=\"aux_image.default\">\n\t\t\t\t<div class=\"elementor-widget-container\">\n\t\t\t\t\t<section class=\"widget-container aux-widget-image aux-alignnone aux-parent-au644233d7\">\n    <div class=\"aux-media-hint-frame \">\n        <div class=\"aux-media-image \" >\n        \n            \n\n            \n            <img fetchpriority=\"high\" decoding=\"async\" width=\"226\" height=\"226\" src=\"https:\/\/beiradouro.pt\/vp\/wp-content\/uploads\/2025\/06\/Group-44.svg\" class=\"attachment-full size-full\" alt=\"\" \/>            \n                <\/div>\n    <\/div>\n\n<\/section><!-- widget-container -->\t\t\t\t<\/div>\n\t\t\t\t<\/div>\n\t\t\t\t<div class=\"elementor-element elementor-element-1f224c7 aux-appear-watch-animation aux-scale-down-1 elementor-widget elementor-widget-aux_image\" data-id=\"1f224c7\" data-element_type=\"widget\" data-e-type=\"widget\" data-widget_type=\"aux_image.default\">\n\t\t\t\t<div class=\"elementor-widget-container\">\n\t\t\t\t\t<section class=\"widget-container aux-widget-image aux-alignnone aux-parent-au06fe1fc0\">\n    <div class=\"aux-media-hint-frame \">\n        <div class=\"aux-media-image \" >\n        \n            \n\n            \n            <img decoding=\"async\" width=\"1920\" height=\"600\" src=\"data:image\/gif;base64,R0lGODlhAQABAIAAAAAAAP\/\/\/yH5BAEAAAAALAAAAAABAAEAAAIBRAA7\" class=\"aux-attachment aux-featured-image aux-attachment-id-666 aux-preload aux-blank\" alt=\"beiradouro_entrada\" data-ratio=\"3.2\" data-original-w=\"1920\" data-src=\"https:\/\/beiradouro.pt\/vp\/wp-content\/uploads\/2025\/06\/beiradouro_entrada_6.png\" \/>            \n                <\/div>\n    <\/div>\n\n<\/section><!-- widget-container -->\t\t\t\t<\/div>\n\t\t\t\t<\/div>\n\t\t<div class=\"elementor-element elementor-element-6a2d37f e-con-full e-flex e-con e-child\" data-id=\"6a2d37f\" data-element_type=\"container\" data-e-type=\"container\">\n\t\t<div class=\"elementor-element elementor-element-9bdf42f e-con-full e-flex e-con e-child\" data-id=\"9bdf42f\" data-element_type=\"container\" data-e-type=\"container\">\n\t\t\t\t<div class=\"elementor-element elementor-element-ec9d643 aux-appear-watch-animation aux-fade-in-up-2 elementor-widget elementor-widget-aux_modern_heading\" data-id=\"ec9d643\" data-element_type=\"widget\" data-e-type=\"widget\" data-widget_type=\"aux_modern_heading.default\">\n\t\t\t\t<div class=\"elementor-widget-container\">\n\t\t\t\t\t<section class=\"aux-widget-modern-heading\">\n            <div class=\"aux-widget-inner\"><h6 class=\"aux-modern-heading-primary\">Associa\u00e7\u00e3o de Desenvolvimento<br>\ndo Vale do Douro<\/h6><h6 class=\"aux-modern-heading-secondary\"><span class=\"aux-head-before\">Beira Douro<\/span><\/h6><div class=\"aux-modern-heading-description\"><p>A Beira Douro foi criada em 8 de maio de 1995, com o objetivo de promover o desenvolvimento integral e integrado das popula\u00e7\u00f5es abrangidas na sua \u00e1rea de interven\u00e7\u00e3o social, o Douro Sul e os concelhos que o comp\u00f5em.<\/p><\/div><\/div>\n        <\/section>\t\t\t\t<\/div>\n\t\t\t\t<\/div>\n\t\t\t\t<div class=\"elementor-element elementor-element-a7887b2 aux-appear-watch-animation aux-fade-in-up-1 elementor-widget elementor-widget-aux_modern_button\" data-id=\"a7887b2\" data-element_type=\"widget\" data-e-type=\"widget\" data-widget_type=\"aux_modern_button.default\">\n\t\t\t\t<div class=\"elementor-widget-container\">\n\t\t\t\t\t    <div class=\"aux-modern-button-wrapper aux-modern-button-align-left\" >\n                    <a class=\"aux-modern-button aux-black aux-modern-button-md aux-modern-button-normal aux-modern-button-default aux-icon-\" href=\"https:\/\/beiradouro.pt\/vp\/beira-douro\/quem-somos\/\">\n                <div class=\"aux-overlay\"><\/div>\n                                    <div class=\"aux-icon \">\n                                            <\/div>\n                                <div class=\"aux-text\">\n<span class=\"aux-text-before\">Saber Mais...<\/span>                <\/div>\n            <\/a>\n            \n    <\/div>\n\n    \t\t\t\t<\/div>\n\t\t\t\t<\/div>\n\t\t\t\t<\/div>\n\t\t\t\t<\/div>\n\t\t\t\t\t<\/div>\n\t\t\t\t<\/div>\n\t\t\t\t<\/div>\n\t\t<div class=\"aux-parallax-section elementor-element elementor-element-1aceacf e-flex e-con-boxed e-con e-parent\" data-id=\"1aceacf\" data-element_type=\"container\" data-e-type=\"container\">\n\t\t\t\t\t<div class=\"e-con-inner\">\n\t\t\t\t<div class=\"elementor-element elementor-element-15a9a57 aux-appear-watch-animation aux-fade-in-up-1 elementor-widget elementor-widget-aux_modern_heading\" data-id=\"15a9a57\" data-element_type=\"widget\" data-e-type=\"widget\" data-widget_type=\"aux_modern_heading.default\">\n\t\t\t\t<div class=\"elementor-widget-container\">\n\t\t\t\t\t<section class=\"aux-widget-modern-heading\">\n            <div class=\"aux-widget-inner\"><h2 class=\"aux-modern-heading-primary\">\u00daltimas novidades da Beira Douro<\/h2><h3 class=\"aux-modern-heading-secondary\"><span class=\"aux-head-before\">Not\u00edcias<\/span><\/h3><\/div>\n        <\/section>\t\t\t\t<\/div>\n\t\t\t\t<\/div>\n\t\t\t\t<div class=\"elementor-element elementor-element-32dc27d aux-appear-watch-animation aux-fade-in-up-2 elementor-widget elementor-widget-aux_recent_posts\" data-id=\"32dc27d\" data-element_type=\"widget\" data-e-type=\"widget\" data-settings=\"{&quot;columns&quot;:&quot;4&quot;,&quot;columns_tablet&quot;:&quot;inherit&quot;,&quot;columns_mobile&quot;:&quot;1&quot;}\" data-widget_type=\"aux_recent_posts.default\">\n\t\t\t\t<div class=\"elementor-widget-container\">\n\t\t\t\t\t<section class=\"widget-container aux-widget-recent-posts aux-parent-au4f1c3c86\"><div data-element-id=\"au4f1c3c86\" class=\"aux-match-height aux-row aux-de-col4 aux-tb-col4 aux-mb-col1 aux-total-4 aux-grid-carousel-modern-layout aux-ajax-view  \"><div class=\"aux-col post-1299\">\n                        <article class=\"post column-entry post-1299 type-post status-publish format-standard has-post-thumbnail hentry category-noticias\">\n                                                        <div class=\"entry-media\"><div class=\"aux-media-frame aux-media-image aux-image-mask\"><a href=\"https:\/\/beiradouro.pt\/vp\/2026\/03\/24\/projeto-a-que-cheira-o-douro-reconhecido-a-nivel-europeu\/\"><img decoding=\"async\" width=\"470\" height=\"318\" src=\"data:image\/gif;base64,R0lGODlhAQABAIAAAAAAAP\/\/\/yH5BAEAAAAALAAAAAABAAEAAAIBRAA7\" class=\"aux-attachment aux-featured-image attachment-470x318 aux-attachment-id-1300  aux-preload aux-blank\" alt=\"Tomate cora\u00e7\u00e3o Boi\" data-ratio=\"1.33\" data-original-w=\"492\" sizes=\"auto\" data-srcset=\"https:\/\/beiradouro.pt\/vp\/wp-content\/uploads\/2026\/03\/Tomate-coracao-Boi-150x113.jpg 150w,https:\/\/beiradouro.pt\/vp\/wp-content\/uploads\/2026\/03\/Tomate-coracao-Boi-300x225.jpg 300w,https:\/\/beiradouro.pt\/vp\/wp-content\/uploads\/2026\/03\/Tomate-coracao-Boi-470x353.jpg 470w,https:\/\/beiradouro.pt\/vp\/wp-content\/uploads\/2026\/03\/Tomate-coracao-Boi-482x361.jpg 482w\" data-src=\"https:\/\/beiradouro.pt\/vp\/wp-content\/uploads\/2026\/03\/Tomate-coracao-Boi-470x353.jpg\" \/><\/a><\/div><\/div>\n                            \n                            <div class=\"entry-main\">\n                                                        \n                                <header class=\"entry-header\">\n                                \n                                    <h4 class=\"entry-title\">\n                                        <a href=\"https:\/\/beiradouro.pt\/vp\/2026\/03\/24\/projeto-a-que-cheira-o-douro-reconhecido-a-nivel-europeu\/\">\n                                            Projeto &#8220;A que cheira o Douro&#8221; reconhecido a n\u00edvel europeu.                                        <\/a>\n                                    <\/h4>\n                                                                    <div class=\"entry-format\">\n                                        <a href=\"https:\/\/beiradouro.pt\/vp\/2026\/03\/24\/projeto-a-que-cheira-o-douro-reconhecido-a-nivel-europeu\/\">\n                                            <div class=\"post-format format-\"> <\/div>\n                                        <\/a>\n                                    <\/div>\n                                <\/header>\n                            \n                                                            <div class=\"entry-content\">\n                                                                            <p>\nO projeto \"A que cheira o Douro\" desenvolvido em parceria pelos GAL Beira Douro, Douro Hist\u00f3rico, e Douro Superior, foi reconhecido e partilhado pela EUCAP NET ...<\/p><div class=\"clear\"><\/div>                                <\/div>\n                                                                                        <footer class=\"entry-meta aux-after-content\">\n                                                                        <div class=\"readmore\">\n                                        <a href=\"https:\/\/beiradouro.pt\/vp\/2026\/03\/24\/projeto-a-que-cheira-o-douro-reconhecido-a-nivel-europeu\/\" class=\"aux-read-more\"><span class=\"aux-read-more-text\">Read More<\/span><\/a>\n                                    <\/div>\n                                                                    <\/footer>\n                            \n                            <\/div>\n\n                        <\/article>\n<\/div><div class=\"aux-col post-1283\">\n                        <article class=\"post column-entry post-1283 type-post status-publish format-standard has-post-thumbnail hentry category-noticias\">\n                                                        <div class=\"entry-media\"><div class=\"aux-media-frame aux-media-image aux-image-mask\"><a href=\"https:\/\/beiradouro.pt\/vp\/2026\/03\/24\/sessao-de-boas-praticas-inovacoes-no-turismo-e-enoturismo\/\"><img loading=\"lazy\" decoding=\"async\" width=\"470\" height=\"352\" src=\"data:image\/gif;base64,R0lGODlhAQABAIAAAAAAAP\/\/\/yH5BAEAAAAALAAAAAABAAEAAAIBRAA7\" class=\"aux-attachment aux-featured-image attachment-470x352.5 aux-attachment-id-1227  aux-preload aux-blank\" alt=\"Douro Empreendedor1\" data-ratio=\"1.33\" data-original-w=\"970\" sizes=\"auto\" data-srcset=\"https:\/\/beiradouro.pt\/vp\/wp-content\/uploads\/2025\/12\/Douro-Empreendedor1-150x113.png 150w,https:\/\/beiradouro.pt\/vp\/wp-content\/uploads\/2025\/12\/Douro-Empreendedor1-300x225.png 300w,https:\/\/beiradouro.pt\/vp\/wp-content\/uploads\/2025\/12\/Douro-Empreendedor1-768x576.png 768w,https:\/\/beiradouro.pt\/vp\/wp-content\/uploads\/2025\/12\/Douro-Empreendedor1-470x353.png 470w,https:\/\/beiradouro.pt\/vp\/wp-content\/uploads\/2025\/12\/Douro-Empreendedor1-960x720.png 960w\" data-src=\"https:\/\/beiradouro.pt\/vp\/wp-content\/uploads\/2025\/12\/Douro-Empreendedor1-470x353.png\" \/><\/a><\/div><\/div>\n                            \n                            <div class=\"entry-main\">\n                                                        \n                                <header class=\"entry-header\">\n                                \n                                    <h4 class=\"entry-title\">\n                                        <a href=\"https:\/\/beiradouro.pt\/vp\/2026\/03\/24\/sessao-de-boas-praticas-inovacoes-no-turismo-e-enoturismo\/\">\n                                            Sess\u00e3o de Boas Pr\u00e1ticas \u201cInova\u00e7\u00f5es no Turismo e Enoturismo\u201d                                        <\/a>\n                                    <\/h4>\n                                                                    <div class=\"entry-format\">\n                                        <a href=\"https:\/\/beiradouro.pt\/vp\/2026\/03\/24\/sessao-de-boas-praticas-inovacoes-no-turismo-e-enoturismo\/\">\n                                            <div class=\"post-format format-\"> <\/div>\n                                        <\/a>\n                                    <\/div>\n                                <\/header>\n                            \n                                                            <div class=\"entry-content\">\n                                                                            <p>\nRealizou-se no passado dia 17 de mar\u00e7o, a Sess\u00e3o de Boas Pr\u00e1ticas \"Inova\u00e7\u00f5es no Turismo e Enoturismo\", dinamizado pela\u00a0Beira Douro - Associa\u00e7\u00e3o de Desenvolvime ...<\/p><div class=\"clear\"><\/div>                                <\/div>\n                                                                                        <footer class=\"entry-meta aux-after-content\">\n                                                                        <div class=\"readmore\">\n                                        <a href=\"https:\/\/beiradouro.pt\/vp\/2026\/03\/24\/sessao-de-boas-praticas-inovacoes-no-turismo-e-enoturismo\/\" class=\"aux-read-more\"><span class=\"aux-read-more-text\">Read More<\/span><\/a>\n                                    <\/div>\n                                                                    <\/footer>\n                            \n                            <\/div>\n\n                        <\/article>\n<\/div><div class=\"aux-col post-1302\">\n                        <article class=\"post column-entry post-1302 type-post status-publish format-standard has-post-thumbnail hentry category-noticias\">\n                                                        <div class=\"entry-media\"><div class=\"aux-media-frame aux-media-image aux-image-mask\"><a href=\"https:\/\/beiradouro.pt\/vp\/2026\/03\/06\/intercambio-de-experiencias-leader-segovia-espanha\/\"><img loading=\"lazy\" decoding=\"async\" width=\"470\" height=\"352\" src=\"data:image\/gif;base64,R0lGODlhAQABAIAAAAAAAP\/\/\/yH5BAEAAAAALAAAAAABAAEAAAIBRAA7\" class=\"aux-attachment aux-featured-image attachment-470x352.5 aux-attachment-id-1303  aux-preload aux-blank\" alt=\"Logo LEADER1\" data-ratio=\"1.33\" data-original-w=\"1600\" sizes=\"auto\" data-srcset=\"https:\/\/beiradouro.pt\/vp\/wp-content\/uploads\/2026\/03\/Logo-LEADER1-150x113.jpg 150w,https:\/\/beiradouro.pt\/vp\/wp-content\/uploads\/2026\/03\/Logo-LEADER1-300x225.jpg 300w,https:\/\/beiradouro.pt\/vp\/wp-content\/uploads\/2026\/03\/Logo-LEADER1-768x576.jpg 768w,https:\/\/beiradouro.pt\/vp\/wp-content\/uploads\/2026\/03\/Logo-LEADER1-1024x768.jpg 1024w,https:\/\/beiradouro.pt\/vp\/wp-content\/uploads\/2026\/03\/Logo-LEADER1-470x353.jpg 470w,https:\/\/beiradouro.pt\/vp\/wp-content\/uploads\/2026\/03\/Logo-LEADER1-1590x1192.jpg 1590w\" data-src=\"https:\/\/beiradouro.pt\/vp\/wp-content\/uploads\/2026\/03\/Logo-LEADER1-470x353.jpg\" \/><\/a><\/div><\/div>\n                            \n                            <div class=\"entry-main\">\n                                                        \n                                <header class=\"entry-header\">\n                                \n                                    <h4 class=\"entry-title\">\n                                        <a href=\"https:\/\/beiradouro.pt\/vp\/2026\/03\/06\/intercambio-de-experiencias-leader-segovia-espanha\/\">\n                                            INTERC\u00c2MBIO DE EXPERI\u00caNCIAS LEADER &#8211; Seg\u00f3via, Espanha .                                        <\/a>\n                                    <\/h4>\n                                                                    <div class=\"entry-format\">\n                                        <a href=\"https:\/\/beiradouro.pt\/vp\/2026\/03\/06\/intercambio-de-experiencias-leader-segovia-espanha\/\">\n                                            <div class=\"post-format format-\"> <\/div>\n                                        <\/a>\n                                    <\/div>\n                                <\/header>\n                            \n                                                            <div class=\"entry-content\">\n                                                                            <p>\nA Beira Douro esteve presente no passado dia 03 de mar\u00e7o de 2026, no encontro internacional de coopera\u00e7\u00e3o LEADER organizada pela Red PAC e pelo Ministerio de A ...<\/p><div class=\"clear\"><\/div>                                <\/div>\n                                                                                        <footer class=\"entry-meta aux-after-content\">\n                                                                        <div class=\"readmore\">\n                                        <a href=\"https:\/\/beiradouro.pt\/vp\/2026\/03\/06\/intercambio-de-experiencias-leader-segovia-espanha\/\" class=\"aux-read-more\"><span class=\"aux-read-more-text\">Read More<\/span><\/a>\n                                    <\/div>\n                                                                    <\/footer>\n                            \n                            <\/div>\n\n                        <\/article>\n<\/div><div class=\"aux-col post-1237\">\n                        <article class=\"post column-entry post-1237 type-post status-publish format-standard has-post-thumbnail hentry category-noticias\">\n                                                        <div class=\"entry-media\"><div class=\"aux-media-frame aux-media-image aux-image-mask\"><a href=\"https:\/\/beiradouro.pt\/vp\/2026\/01\/29\/acao-de-formacao-planeamento-de-pequenos-negocios\/\"><img loading=\"lazy\" decoding=\"async\" width=\"470\" height=\"352\" src=\"data:image\/gif;base64,R0lGODlhAQABAIAAAAAAAP\/\/\/yH5BAEAAAAALAAAAAABAAEAAAIBRAA7\" class=\"aux-attachment aux-featured-image attachment-470x352.5 aux-attachment-id-1227  aux-preload aux-blank\" alt=\"Douro Empreendedor1\" data-ratio=\"1.33\" data-original-w=\"970\" sizes=\"auto\" data-srcset=\"https:\/\/beiradouro.pt\/vp\/wp-content\/uploads\/2025\/12\/Douro-Empreendedor1-150x113.png 150w,https:\/\/beiradouro.pt\/vp\/wp-content\/uploads\/2025\/12\/Douro-Empreendedor1-300x225.png 300w,https:\/\/beiradouro.pt\/vp\/wp-content\/uploads\/2025\/12\/Douro-Empreendedor1-768x576.png 768w,https:\/\/beiradouro.pt\/vp\/wp-content\/uploads\/2025\/12\/Douro-Empreendedor1-470x353.png 470w,https:\/\/beiradouro.pt\/vp\/wp-content\/uploads\/2025\/12\/Douro-Empreendedor1-960x720.png 960w\" data-src=\"https:\/\/beiradouro.pt\/vp\/wp-content\/uploads\/2025\/12\/Douro-Empreendedor1-470x353.png\" \/><\/a><\/div><\/div>\n                            \n                            <div class=\"entry-main\">\n                                                        \n                                <header class=\"entry-header\">\n                                \n                                    <h4 class=\"entry-title\">\n                                        <a href=\"https:\/\/beiradouro.pt\/vp\/2026\/01\/29\/acao-de-formacao-planeamento-de-pequenos-negocios\/\">\n                                            A\u00e7\u00e3o de Forma\u00e7\u00e3o &#8211; Planeamento de Pequenos Neg\u00f3cios                                        <\/a>\n                                    <\/h4>\n                                                                    <div class=\"entry-format\">\n                                        <a href=\"https:\/\/beiradouro.pt\/vp\/2026\/01\/29\/acao-de-formacao-planeamento-de-pequenos-negocios\/\">\n                                            <div class=\"post-format format-\"> <\/div>\n                                        <\/a>\n                                    <\/div>\n                                <\/header>\n                            \n                                                            <div class=\"entry-content\">\n                                                                            <p>\nNo pr\u00f3ximo dia&nbsp;11 de fevereiro, \u00e0s 10h, realiza-se a a\u00e7\u00e3o de forma\u00e7\u00e3o online&nbsp;\u201cPlaneamento de Pequenos Neg\u00f3cios\u201d, dinamizado pela&nbsp;Douro&nbsp;Supe ...<\/p><div class=\"clear\"><\/div>                                <\/div>\n                                                                                        <footer class=\"entry-meta aux-after-content\">\n                                                                        <div class=\"readmore\">\n                                        <a href=\"https:\/\/beiradouro.pt\/vp\/2026\/01\/29\/acao-de-formacao-planeamento-de-pequenos-negocios\/\" class=\"aux-read-more\"><span class=\"aux-read-more-text\">Read More<\/span><\/a>\n                                    <\/div>\n                                                                    <\/footer>\n                            \n                            <\/div>\n\n                        <\/article>\n<\/div><\/div><\/section><!-- widget-container -->\t\t\t\t<\/div>\n\t\t\t\t<\/div>\n\t\t\t\t\t<\/div>\n\t\t\t\t<\/div>\n\t\t<div class=\"aux-parallax-section elementor-element elementor-element-4becd60 e-flex e-con-boxed e-con e-parent\" data-id=\"4becd60\" data-element_type=\"container\" data-e-type=\"container\">\n\t\t\t\t\t<div class=\"e-con-inner\">\n\t\t\t\t<div class=\"elementor-element elementor-element-3dbb2b9 elementor-widget elementor-widget-spacer\" data-id=\"3dbb2b9\" data-element_type=\"widget\" data-e-type=\"widget\" data-widget_type=\"spacer.default\">\n\t\t\t\t<div class=\"elementor-widget-container\">\n\t\t\t\t\t\t\t<div class=\"elementor-spacer\">\n\t\t\t<div class=\"elementor-spacer-inner\"><\/div>\n\t\t<\/div>\n\t\t\t\t\t\t<\/div>\n\t\t\t\t<\/div>\n\t\t\t\t\t<\/div>\n\t\t\t\t<\/div>\n\t\t<div class=\"aux-parallax-section elementor-element elementor-element-40bc0a8 e-flex e-con-boxed e-con e-parent\" data-id=\"40bc0a8\" data-element_type=\"container\" data-e-type=\"container\">\n\t\t\t\t\t<div class=\"e-con-inner\">\n\t\t\t\t<div class=\"elementor-element elementor-element-537dbb0 aux-appear-watch-animation aux-fade-in-up-1 elementor-widget elementor-widget-aux_modern_heading\" data-id=\"537dbb0\" data-element_type=\"widget\" data-e-type=\"widget\" data-widget_type=\"aux_modern_heading.default\">\n\t\t\t\t<div class=\"elementor-widget-container\">\n\t\t\t\t\t<section class=\"aux-widget-modern-heading\">\n            <div class=\"aux-widget-inner\"><h2 class=\"aux-modern-heading-primary\">Territ\u00f3rio<\/h2><h3 class=\"aux-modern-heading-secondary\"><span class=\"aux-head-before\">A Regi\u00e3o<\/span><\/h3><\/div>\n        <\/section>\t\t\t\t<\/div>\n\t\t\t\t<\/div>\n\t\t\t\t<div class=\"elementor-element elementor-element-ad2d417 aux-appear-watch-animation aux-fade-in-up-2 elementor-widget elementor-widget-aux_recent_posts\" data-id=\"ad2d417\" data-element_type=\"widget\" data-e-type=\"widget\" data-settings=\"{&quot;columns&quot;:&quot;4&quot;,&quot;columns_tablet&quot;:&quot;inherit&quot;,&quot;columns_mobile&quot;:&quot;1&quot;}\" data-widget_type=\"aux_recent_posts.default\">\n\t\t\t\t<div class=\"elementor-widget-container\">\n\t\t\t\t\t<section class=\"widget-container aux-widget-recent-posts aux-parent-aua95a224e\"><div data-element-id=\"aua95a224e\" class=\"aux-match-height aux-row aux-de-col4 aux-tb-col4 aux-mb-col1 aux-total-8 aux-grid-carousel-modern-layout aux-ajax-view  \"><div class=\"aux-col post-890\">\n                        <article class=\"post column-entry post-890 type-post status-publish format-standard has-post-thumbnail hentry category-territorio\">\n                                                        <div class=\"entry-media\"><div class=\"aux-media-frame aux-media-image aux-image-mask\"><a href=\"https:\/\/beiradouro.pt\/vp\/2025\/06\/07\/tabuaco\/\"><img loading=\"lazy\" decoding=\"async\" width=\"440\" height=\"352\" src=\"data:image\/gif;base64,R0lGODlhAQABAIAAAAAAAP\/\/\/yH5BAEAAAAALAAAAAABAAEAAAIBRAA7\" class=\"aux-attachment aux-featured-image attachment-440x352.5 aux-attachment-id-394  aux-preload aux-blank\" alt=\"tabuaco_team\" data-ratio=\"1.33\" data-original-w=\"440\" sizes=\"auto\" data-srcset=\"https:\/\/beiradouro.pt\/vp\/wp-content\/uploads\/2025\/06\/tabuaco_team-150x113.jpg 150w,https:\/\/beiradouro.pt\/vp\/wp-content\/uploads\/2025\/06\/tabuaco_team-300x225.jpg 300w,https:\/\/beiradouro.pt\/vp\/wp-content\/uploads\/2025\/06\/tabuaco_team-470x353.jpg 440w,https:\/\/beiradouro.pt\/vp\/wp-content\/uploads\/2025\/06\/tabuaco_team-430x322.jpg 430w\" data-src=\"https:\/\/beiradouro.pt\/vp\/wp-content\/uploads\/2025\/06\/tabuaco_team-470x353.jpg\" \/><\/a><\/div><\/div>\n                            \n                            <div class=\"entry-main\">\n                                                        \n                                <header class=\"entry-header\">\n                                \n                                    <h4 class=\"entry-title\">\n                                        <a href=\"https:\/\/beiradouro.pt\/vp\/2025\/06\/07\/tabuaco\/\">\n                                            TABUA\u00c7O                                        <\/a>\n                                    <\/h4>\n                                                                    <div class=\"entry-format\">\n                                        <a href=\"https:\/\/beiradouro.pt\/vp\/2025\/06\/07\/tabuaco\/\">\n                                            <div class=\"post-format format-\"> <\/div>\n                                        <\/a>\n                                    <\/div>\n                                <\/header>\n                            \n                                                            <div class=\"entry-content\">\n                                                                            <p>\nTabua\u00e7o \u00e9 uma Vila do Distrito de Viseu, com cerca de 1800 habitantes. As ra\u00edzes desta vila remontam a \u00e9pocas conturbadas de reconquista e forma\u00e7\u00e3o da nacional ...<\/p><div class=\"clear\"><\/div>                                <\/div>\n                                                                                        <footer class=\"entry-meta aux-after-content\">\n                                                                        <div class=\"readmore\">\n                                        <a href=\"https:\/\/beiradouro.pt\/vp\/2025\/06\/07\/tabuaco\/\" class=\"aux-read-more\"><span class=\"aux-read-more-text\">Read More<\/span><\/a>\n                                    <\/div>\n                                                                    <\/footer>\n                            \n                            <\/div>\n\n                        <\/article>\n<\/div><div class=\"aux-col post-893\">\n                        <article class=\"post column-entry post-893 type-post status-publish format-standard has-post-thumbnail hentry category-territorio\">\n                                                        <div class=\"entry-media\"><div class=\"aux-media-frame aux-media-image aux-image-mask\"><a href=\"https:\/\/beiradouro.pt\/vp\/2025\/06\/07\/tarouca\/\"><img loading=\"lazy\" decoding=\"async\" width=\"440\" height=\"352\" src=\"data:image\/gif;base64,R0lGODlhAQABAIAAAAAAAP\/\/\/yH5BAEAAAAALAAAAAABAAEAAAIBRAA7\" class=\"aux-attachment aux-featured-image attachment-440x352.5 aux-attachment-id-393  aux-preload aux-blank\" alt=\"tarouca_team\" data-ratio=\"1.33\" data-original-w=\"440\" sizes=\"auto\" data-srcset=\"https:\/\/beiradouro.pt\/vp\/wp-content\/uploads\/2025\/06\/tarouca_team-150x113.jpg 150w,https:\/\/beiradouro.pt\/vp\/wp-content\/uploads\/2025\/06\/tarouca_team-300x225.jpg 300w,https:\/\/beiradouro.pt\/vp\/wp-content\/uploads\/2025\/06\/tarouca_team-470x353.jpg 440w,https:\/\/beiradouro.pt\/vp\/wp-content\/uploads\/2025\/06\/tarouca_team-430x322.jpg 430w\" data-src=\"https:\/\/beiradouro.pt\/vp\/wp-content\/uploads\/2025\/06\/tarouca_team-470x353.jpg\" \/><\/a><\/div><\/div>\n                            \n                            <div class=\"entry-main\">\n                                                        \n                                <header class=\"entry-header\">\n                                \n                                    <h4 class=\"entry-title\">\n                                        <a href=\"https:\/\/beiradouro.pt\/vp\/2025\/06\/07\/tarouca\/\">\n                                            TAROUCA                                        <\/a>\n                                    <\/h4>\n                                                                    <div class=\"entry-format\">\n                                        <a href=\"https:\/\/beiradouro.pt\/vp\/2025\/06\/07\/tarouca\/\">\n                                            <div class=\"post-format format-\"> <\/div>\n                                        <\/a>\n                                    <\/div>\n                                <\/header>\n                            \n                                                            <div class=\"entry-content\">\n                                                                            <p>\nTarouca \u00e9 uma pequena cidade do Distrito de Viseu, com cerca de 1 111 habitantes. Situa-se aos p\u00e9s da Serra de Santa Helena.\n\n\n\nPossui Mosteiros Cistercienses  ...<\/p><div class=\"clear\"><\/div>                                <\/div>\n                                                                                        <footer class=\"entry-meta aux-after-content\">\n                                                                        <div class=\"readmore\">\n                                        <a href=\"https:\/\/beiradouro.pt\/vp\/2025\/06\/07\/tarouca\/\" class=\"aux-read-more\"><span class=\"aux-read-more-text\">Read More<\/span><\/a>\n                                    <\/div>\n                                                                    <\/footer>\n                            \n                            <\/div>\n\n                        <\/article>\n<\/div><div class=\"aux-col post-888\">\n                        <article class=\"post column-entry post-888 type-post status-publish format-standard has-post-thumbnail hentry category-territorio\">\n                                                        <div class=\"entry-media\"><div class=\"aux-media-frame aux-media-image aux-image-mask\"><a href=\"https:\/\/beiradouro.pt\/vp\/2025\/06\/07\/sernancelhe\/\"><img loading=\"lazy\" decoding=\"async\" width=\"440\" height=\"352\" src=\"data:image\/gif;base64,R0lGODlhAQABAIAAAAAAAP\/\/\/yH5BAEAAAAALAAAAAABAAEAAAIBRAA7\" class=\"aux-attachment aux-featured-image attachment-440x352.5 aux-attachment-id-395  aux-preload aux-blank\" alt=\"sernancelhe\" data-ratio=\"1.33\" data-original-w=\"440\" sizes=\"auto\" data-srcset=\"https:\/\/beiradouro.pt\/vp\/wp-content\/uploads\/2025\/06\/sernancelhe_team-150x113.jpg 150w,https:\/\/beiradouro.pt\/vp\/wp-content\/uploads\/2025\/06\/sernancelhe_team-300x225.jpg 300w,https:\/\/beiradouro.pt\/vp\/wp-content\/uploads\/2025\/06\/sernancelhe_team-470x353.jpg 440w,https:\/\/beiradouro.pt\/vp\/wp-content\/uploads\/2025\/06\/sernancelhe_team-430x322.jpg 430w\" data-src=\"https:\/\/beiradouro.pt\/vp\/wp-content\/uploads\/2025\/06\/sernancelhe_team-470x353.jpg\" \/><\/a><\/div><\/div>\n                            \n                            <div class=\"entry-main\">\n                                                        \n                                <header class=\"entry-header\">\n                                \n                                    <h4 class=\"entry-title\">\n                                        <a href=\"https:\/\/beiradouro.pt\/vp\/2025\/06\/07\/sernancelhe\/\">\n                                            SERNANCELHE                                        <\/a>\n                                    <\/h4>\n                                                                    <div class=\"entry-format\">\n                                        <a href=\"https:\/\/beiradouro.pt\/vp\/2025\/06\/07\/sernancelhe\/\">\n                                            <div class=\"post-format format-\"> <\/div>\n                                        <\/a>\n                                    <\/div>\n                                <\/header>\n                            \n                                                            <div class=\"entry-content\">\n                                                                            <p>\nSernancelhe \u00e9 uma Vila do Distrito de Viseu com cerca de 1 200 habitantes, localizada aos p\u00e9s da Serra da Lapa. Terra de Aquilino Ribeiro, um dos maiores escri ...<\/p><div class=\"clear\"><\/div>                                <\/div>\n                                                                                        <footer class=\"entry-meta aux-after-content\">\n                                                                        <div class=\"readmore\">\n                                        <a href=\"https:\/\/beiradouro.pt\/vp\/2025\/06\/07\/sernancelhe\/\" class=\"aux-read-more\"><span class=\"aux-read-more-text\">Read More<\/span><\/a>\n                                    <\/div>\n                                                                    <\/footer>\n                            \n                            <\/div>\n\n                        <\/article>\n<\/div><div class=\"aux-col post-886\">\n                        <article class=\"post column-entry post-886 type-post status-publish format-standard has-post-thumbnail hentry category-territorio\">\n                                                        <div class=\"entry-media\"><div class=\"aux-media-frame aux-media-image aux-image-mask\"><a href=\"https:\/\/beiradouro.pt\/vp\/2025\/06\/07\/sao-joao-da-pesqueira\/\"><img loading=\"lazy\" decoding=\"async\" width=\"440\" height=\"352\" src=\"data:image\/gif;base64,R0lGODlhAQABAIAAAAAAAP\/\/\/yH5BAEAAAAALAAAAAABAAEAAAIBRAA7\" class=\"aux-attachment aux-featured-image attachment-440x352.5 aux-attachment-id-401  aux-preload aux-blank\" alt=\"Armamar\" data-ratio=\"1.33\" data-original-w=\"440\" sizes=\"auto\" data-srcset=\"https:\/\/beiradouro.pt\/vp\/wp-content\/uploads\/2025\/06\/armamar_team-150x113.jpg 150w,https:\/\/beiradouro.pt\/vp\/wp-content\/uploads\/2025\/06\/armamar_team-300x225.jpg 300w,https:\/\/beiradouro.pt\/vp\/wp-content\/uploads\/2025\/06\/armamar_team-470x353.jpg 440w,https:\/\/beiradouro.pt\/vp\/wp-content\/uploads\/2025\/06\/armamar_team-430x322.jpg 430w\" data-src=\"https:\/\/beiradouro.pt\/vp\/wp-content\/uploads\/2025\/06\/armamar_team-470x353.jpg\" \/><\/a><\/div><\/div>\n                            \n                            <div class=\"entry-main\">\n                                                        \n                                <header class=\"entry-header\">\n                                \n                                    <h4 class=\"entry-title\">\n                                        <a href=\"https:\/\/beiradouro.pt\/vp\/2025\/06\/07\/sao-joao-da-pesqueira\/\">\n                                            S\u00c3O JO\u00c3O DA PESQUEIRA                                        <\/a>\n                                    <\/h4>\n                                                                    <div class=\"entry-format\">\n                                        <a href=\"https:\/\/beiradouro.pt\/vp\/2025\/06\/07\/sao-joao-da-pesqueira\/\">\n                                            <div class=\"post-format format-\"> <\/div>\n                                        <\/a>\n                                    <\/div>\n                                <\/header>\n                            \n                                                            <div class=\"entry-content\">\n                                                                            <p>\nS\u00e3o Jo\u00e3o da Pesqueira \u00e9 uma Vila do Distrito de Viseu com cerca de 2000 habitantes, localizada a cerca de 850 metros de altitude. O nome Pesqueira data do s\u00e9cu ...<\/p><div class=\"clear\"><\/div>                                <\/div>\n                                                                                        <footer class=\"entry-meta aux-after-content\">\n                                                                        <div class=\"readmore\">\n                                        <a href=\"https:\/\/beiradouro.pt\/vp\/2025\/06\/07\/sao-joao-da-pesqueira\/\" class=\"aux-read-more\"><span class=\"aux-read-more-text\">Read More<\/span><\/a>\n                                    <\/div>\n                                                                    <\/footer>\n                            \n                            <\/div>\n\n                        <\/article>\n<\/div><div class=\"aux-col post-884\">\n                        <article class=\"post column-entry post-884 type-post status-publish format-standard has-post-thumbnail hentry category-territorio\">\n                                                        <div class=\"entry-media\"><div class=\"aux-media-frame aux-media-image aux-image-mask\"><a href=\"https:\/\/beiradouro.pt\/vp\/2025\/06\/07\/penedono\/\"><img loading=\"lazy\" decoding=\"async\" width=\"440\" height=\"352\" src=\"data:image\/gif;base64,R0lGODlhAQABAIAAAAAAAP\/\/\/yH5BAEAAAAALAAAAAABAAEAAAIBRAA7\" class=\"aux-attachment aux-featured-image attachment-440x352.5 aux-attachment-id-397  aux-preload aux-blank\" alt=\"penedono_team\" data-ratio=\"1.33\" data-original-w=\"440\" sizes=\"auto\" data-srcset=\"https:\/\/beiradouro.pt\/vp\/wp-content\/uploads\/2025\/06\/penedono_team-150x113.jpg 150w,https:\/\/beiradouro.pt\/vp\/wp-content\/uploads\/2025\/06\/penedono_team-300x225.jpg 300w,https:\/\/beiradouro.pt\/vp\/wp-content\/uploads\/2025\/06\/penedono_team-470x353.jpg 440w,https:\/\/beiradouro.pt\/vp\/wp-content\/uploads\/2025\/06\/penedono_team-430x322.jpg 430w\" data-src=\"https:\/\/beiradouro.pt\/vp\/wp-content\/uploads\/2025\/06\/penedono_team-470x353.jpg\" \/><\/a><\/div><\/div>\n                            \n                            <div class=\"entry-main\">\n                                                        \n                                <header class=\"entry-header\">\n                                \n                                    <h4 class=\"entry-title\">\n                                        <a href=\"https:\/\/beiradouro.pt\/vp\/2025\/06\/07\/penedono\/\">\n                                            PENEDONO                                        <\/a>\n                                    <\/h4>\n                                                                    <div class=\"entry-format\">\n                                        <a href=\"https:\/\/beiradouro.pt\/vp\/2025\/06\/07\/penedono\/\">\n                                            <div class=\"post-format format-\"> <\/div>\n                                        <\/a>\n                                    <\/div>\n                                <\/header>\n                            \n                                                            <div class=\"entry-content\">\n                                                                            <p>\nPenedono \u00e9 uma Vila do distrito de Viseu, com cerca de 1 100 habitantes. Domina a Vila o seu Castelo Medieval do s\u00e9culo XI. Reza a hist\u00f3ria que nesse mesmo Cas ...<\/p><div class=\"clear\"><\/div>                                <\/div>\n                                                                                        <footer class=\"entry-meta aux-after-content\">\n                                                                        <div class=\"readmore\">\n                                        <a href=\"https:\/\/beiradouro.pt\/vp\/2025\/06\/07\/penedono\/\" class=\"aux-read-more\"><span class=\"aux-read-more-text\">Read More<\/span><\/a>\n                                    <\/div>\n                                                                    <\/footer>\n                            \n                            <\/div>\n\n                        <\/article>\n<\/div><div class=\"aux-col post-882\">\n                        <article class=\"post column-entry post-882 type-post status-publish format-standard has-post-thumbnail hentry category-territorio\">\n                                                        <div class=\"entry-media\"><div class=\"aux-media-frame aux-media-image aux-image-mask\"><a href=\"https:\/\/beiradouro.pt\/vp\/2025\/06\/07\/moimenta-da-beira\/\"><img loading=\"lazy\" decoding=\"async\" width=\"440\" height=\"352\" src=\"data:image\/gif;base64,R0lGODlhAQABAIAAAAAAAP\/\/\/yH5BAEAAAAALAAAAAABAAEAAAIBRAA7\" class=\"aux-attachment aux-featured-image attachment-440x352.5 aux-attachment-id-398  aux-preload aux-blank\" alt=\"moimenta_team\" data-ratio=\"1.33\" data-original-w=\"440\" sizes=\"auto\" data-srcset=\"https:\/\/beiradouro.pt\/vp\/wp-content\/uploads\/2025\/06\/moimenta_team-150x113.jpg 150w,https:\/\/beiradouro.pt\/vp\/wp-content\/uploads\/2025\/06\/moimenta_team-300x225.jpg 300w,https:\/\/beiradouro.pt\/vp\/wp-content\/uploads\/2025\/06\/moimenta_team-470x353.jpg 440w,https:\/\/beiradouro.pt\/vp\/wp-content\/uploads\/2025\/06\/moimenta_team-430x322.jpg 430w\" data-src=\"https:\/\/beiradouro.pt\/vp\/wp-content\/uploads\/2025\/06\/moimenta_team-470x353.jpg\" \/><\/a><\/div><\/div>\n                            \n                            <div class=\"entry-main\">\n                                                        \n                                <header class=\"entry-header\">\n                                \n                                    <h4 class=\"entry-title\">\n                                        <a href=\"https:\/\/beiradouro.pt\/vp\/2025\/06\/07\/moimenta-da-beira\/\">\n                                            MOIMENTA DA BEIRA                                        <\/a>\n                                    <\/h4>\n                                                                    <div class=\"entry-format\">\n                                        <a href=\"https:\/\/beiradouro.pt\/vp\/2025\/06\/07\/moimenta-da-beira\/\">\n                                            <div class=\"post-format format-\"> <\/div>\n                                        <\/a>\n                                    <\/div>\n                                <\/header>\n                            \n                                                            <div class=\"entry-content\">\n                                                                            <p>\n\u00c9 uma Vila do Distrito de Viseu. A Vila de Moimenta da Beira ter\u00e1 sido formada no s\u00e9culo XIII, por Egas Moniz, depois do repovoamento, feito pelo Conde D. Henr ...<\/p><div class=\"clear\"><\/div>                                <\/div>\n                                                                                        <footer class=\"entry-meta aux-after-content\">\n                                                                        <div class=\"readmore\">\n                                        <a href=\"https:\/\/beiradouro.pt\/vp\/2025\/06\/07\/moimenta-da-beira\/\" class=\"aux-read-more\"><span class=\"aux-read-more-text\">Read More<\/span><\/a>\n                                    <\/div>\n                                                                    <\/footer>\n                            \n                            <\/div>\n\n                        <\/article>\n<\/div><div class=\"aux-col post-880\">\n                        <article class=\"post column-entry post-880 type-post status-publish format-standard has-post-thumbnail hentry category-territorio\">\n                                                        <div class=\"entry-media\"><div class=\"aux-media-frame aux-media-image aux-image-mask\"><a href=\"https:\/\/beiradouro.pt\/vp\/2025\/06\/07\/lamego\/\"><img loading=\"lazy\" decoding=\"async\" width=\"440\" height=\"352\" src=\"data:image\/gif;base64,R0lGODlhAQABAIAAAAAAAP\/\/\/yH5BAEAAAAALAAAAAABAAEAAAIBRAA7\" class=\"aux-attachment aux-featured-image attachment-440x352.5 aux-attachment-id-400  aux-preload aux-blank\" alt=\"Lamego\" data-ratio=\"1.33\" data-original-w=\"440\" sizes=\"auto\" data-srcset=\"https:\/\/beiradouro.pt\/vp\/wp-content\/uploads\/2025\/06\/lamego_team-150x113.jpg 150w,https:\/\/beiradouro.pt\/vp\/wp-content\/uploads\/2025\/06\/lamego_team-300x225.jpg 300w,https:\/\/beiradouro.pt\/vp\/wp-content\/uploads\/2025\/06\/lamego_team-470x353.jpg 440w,https:\/\/beiradouro.pt\/vp\/wp-content\/uploads\/2025\/06\/lamego_team-430x322.jpg 430w\" data-src=\"https:\/\/beiradouro.pt\/vp\/wp-content\/uploads\/2025\/06\/lamego_team-470x353.jpg\" \/><\/a><\/div><\/div>\n                            \n                            <div class=\"entry-main\">\n                                                        \n                                <header class=\"entry-header\">\n                                \n                                    <h4 class=\"entry-title\">\n                                        <a href=\"https:\/\/beiradouro.pt\/vp\/2025\/06\/07\/lamego\/\">\n                                            LAMEGO                                        <\/a>\n                                    <\/h4>\n                                                                    <div class=\"entry-format\">\n                                        <a href=\"https:\/\/beiradouro.pt\/vp\/2025\/06\/07\/lamego\/\">\n                                            <div class=\"post-format format-\"> <\/div>\n                                        <\/a>\n                                    <\/div>\n                                <\/header>\n                            \n                                                            <div class=\"entry-content\">\n                                                                            <p>\nLamego \u00e9 uma cidade do Distrito de Viseu, com cerca de 10 796 habitantes. Foi uma das primeiras cidades a tornar-se sede de Bispado.\n\n\n\n\u00c9 uma cidade hist\u00f3rica  ...<\/p><div class=\"clear\"><\/div>                                <\/div>\n                                                                                        <footer class=\"entry-meta aux-after-content\">\n                                                                        <div class=\"readmore\">\n                                        <a href=\"https:\/\/beiradouro.pt\/vp\/2025\/06\/07\/lamego\/\" class=\"aux-read-more\"><span class=\"aux-read-more-text\">Read More<\/span><\/a>\n                                    <\/div>\n                                                                    <\/footer>\n                            \n                            <\/div>\n\n                        <\/article>\n<\/div><div class=\"aux-col post-870\">\n                        <article class=\"post column-entry post-870 type-post status-publish format-standard has-post-thumbnail hentry category-territorio\">\n                                                        <div class=\"entry-media\"><div class=\"aux-media-frame aux-media-image aux-image-mask\"><a href=\"https:\/\/beiradouro.pt\/vp\/2025\/06\/07\/armamar\/\"><img loading=\"lazy\" decoding=\"async\" width=\"440\" height=\"352\" src=\"data:image\/gif;base64,R0lGODlhAQABAIAAAAAAAP\/\/\/yH5BAEAAAAALAAAAAABAAEAAAIBRAA7\" class=\"aux-attachment aux-featured-image attachment-440x352.5 aux-attachment-id-401  aux-preload aux-blank\" alt=\"Armamar\" data-ratio=\"1.33\" data-original-w=\"440\" sizes=\"auto\" data-srcset=\"https:\/\/beiradouro.pt\/vp\/wp-content\/uploads\/2025\/06\/armamar_team-150x113.jpg 150w,https:\/\/beiradouro.pt\/vp\/wp-content\/uploads\/2025\/06\/armamar_team-300x225.jpg 300w,https:\/\/beiradouro.pt\/vp\/wp-content\/uploads\/2025\/06\/armamar_team-470x353.jpg 440w,https:\/\/beiradouro.pt\/vp\/wp-content\/uploads\/2025\/06\/armamar_team-430x322.jpg 430w\" data-src=\"https:\/\/beiradouro.pt\/vp\/wp-content\/uploads\/2025\/06\/armamar_team-470x353.jpg\" \/><\/a><\/div><\/div>\n                            \n                            <div class=\"entry-main\">\n                                                        \n                                <header class=\"entry-header\">\n                                \n                                    <h4 class=\"entry-title\">\n                                        <a href=\"https:\/\/beiradouro.pt\/vp\/2025\/06\/07\/armamar\/\">\n                                            ARMAMAR                                        <\/a>\n                                    <\/h4>\n                                                                    <div class=\"entry-format\">\n                                        <a href=\"https:\/\/beiradouro.pt\/vp\/2025\/06\/07\/armamar\/\">\n                                            <div class=\"post-format format-\"> <\/div>\n                                        <\/a>\n                                    <\/div>\n                                <\/header>\n                            \n                                                            <div class=\"entry-content\">\n                                                                            <p>\n\u00c9 uma vila hist\u00f3rica, de origem goda, situada a cerca de 500 metros de altitude na encosta de um monte. Na sua hist\u00f3ria consta a passagem de D. Afonso Henrique ...<\/p><div class=\"clear\"><\/div>                                <\/div>\n                                                                                        <footer class=\"entry-meta aux-after-content\">\n                                                                        <div class=\"readmore\">\n                                        <a href=\"https:\/\/beiradouro.pt\/vp\/2025\/06\/07\/armamar\/\" class=\"aux-read-more\"><span class=\"aux-read-more-text\">Read More<\/span><\/a>\n                                    <\/div>\n                                                                    <\/footer>\n                            \n                            <\/div>\n\n                        <\/article>\n<\/div><\/div><\/section><!-- widget-container -->\t\t\t\t<\/div>\n\t\t\t\t<\/div>\n\t\t\t\t\t<\/div>\n\t\t\t\t<\/div>\n\t\t<div class=\"aux-parallax-section elementor-element elementor-element-89f7fa8 e-flex e-con-boxed e-con e-parent\" data-id=\"89f7fa8\" data-element_type=\"container\" data-e-type=\"container\">\n\t\t\t\t\t<div class=\"e-con-inner\">\n\t\t\t\t<div class=\"elementor-element elementor-element-3744adb elementor-widget elementor-widget-spacer\" data-id=\"3744adb\" data-element_type=\"widget\" data-e-type=\"widget\" data-widget_type=\"spacer.default\">\n\t\t\t\t<div class=\"elementor-widget-container\">\n\t\t\t\t\t\t\t<div class=\"elementor-spacer\">\n\t\t\t<div class=\"elementor-spacer-inner\"><\/div>\n\t\t<\/div>\n\t\t\t\t\t\t<\/div>\n\t\t\t\t<\/div>\n\t\t\t\t\t<\/div>\n\t\t\t\t<\/div>\n\t\t\t\t<\/div>\n\t\t","protected":false},"excerpt":{"rendered":"<p>Associa\u00e7\u00e3o de Desenvolvimento do Vale do Douro Beira Douro A Beira Douro foi criada em 8 de maio de 1995, com o objetivo de promover o desenvolvimento integral e integrado das popula\u00e7\u00f5es abrangidas na sua \u00e1rea de interven\u00e7\u00e3o social, o Douro Sul e os concelhos que o comp\u00f5em. Saber Mais&#8230; \u00daltimas novidades da Beira Douro [&hellip;]<\/p>\n","protected":false},"author":2,"featured_media":0,"parent":0,"menu_order":0,"comment_status":"closed","ping_status":"closed","template":"templates\/page-builder-content.php","meta":{"footnotes":""},"class_list":["post-112","page","type-page","status-publish","hentry"],"_links":{"self":[{"href":"https:\/\/beiradouro.pt\/vp\/wp-json\/wp\/v2\/pages\/112","targetHints":{"allow":["GET"]}}],"collection":[{"href":"https:\/\/beiradouro.pt\/vp\/wp-json\/wp\/v2\/pages"}],"about":[{"href":"https:\/\/beiradouro.pt\/vp\/wp-json\/wp\/v2\/types\/page"}],"author":[{"embeddable":true,"href":"https:\/\/beiradouro.pt\/vp\/wp-json\/wp\/v2\/users\/2"}],"replies":[{"embeddable":true,"href":"https:\/\/beiradouro.pt\/vp\/wp-json\/wp\/v2\/comments?post=112"}],"version-history":[{"count":115,"href":"https:\/\/beiradouro.pt\/vp\/wp-json\/wp\/v2\/pages\/112\/revisions"}],"predecessor-version":[{"id":924,"href":"https:\/\/beiradouro.pt\/vp\/wp-json\/wp\/v2\/pages\/112\/revisions\/924"}],"wp:attachment":[{"href":"https:\/\/beiradouro.pt\/vp\/wp-json\/wp\/v2\/media?parent=112"}],"curies":[{"name":"wp","href":"https:\/\/api.w.org\/{rel}","templated":true}]}}